{"id":8,"date":"2024-11-15T12:53:20","date_gmt":"2024-11-15T12:53:20","guid":{"rendered":"https:\/\/www.wortapotheke.at\/?page_id=8"},"modified":"2026-09-02T17:07:24","modified_gmt":"2026-09-02T15:07:24","slug":"elementor-8","status":"publish","type":"page","link":"https:\/\/www.wortapotheke.at\/","title":{"rendered":"Wortapotheke"},"content":{"rendered":"<p class=\"attachment\"><a href='https:\/\/www.wortapotheke.at\/wp-content\/uploads\/2026\/09\/Kulturlogo42.jpg'><img fetchpriority=\"high\" decoding=\"async\" width=\"300\" height=\"187\" src=\"https:\/\/www.wortapotheke.at\/wp-content\/uploads\/2026\/09\/Kulturlogo42-300x187.jpg\" class=\"attachment-medium size-medium\" alt=\"\" srcset=\"https:\/\/www.wortapotheke.at\/wp-content\/uploads\/2026\/09\/Kulturlogo42-300x187.jpg 300w, https:\/\/www.wortapotheke.at\/wp-content\/uploads\/2026\/09\/Kulturlogo42.jpg 609w\" sizes=\"(max-width: 300px) 100vw, 300px\" \/><\/a><\/p>\n\t\t<div data-elementor-type=\"wp-page\" data-elementor-id=\"8\" class=\"elementor elementor-8\" data-elementor-post-type=\"page\">\n\t\t\t\t<div class=\"elementor-element elementor-element-12ef21ba e-con-full e-flex e-con e-parent\" data-id=\"12ef21ba\" data-element_type=\"container\" data-e-type=\"container\" data-settings=\"{&quot;background_background&quot;:&quot;classic&quot;,&quot;sticky&quot;:&quot;top&quot;,&quot;sticky_on&quot;:[&quot;desktop&quot;,&quot;tablet_extra&quot;,&quot;tablet&quot;,&quot;mobile_extra&quot;,&quot;mobile&quot;],&quot;sticky_offset&quot;:0,&quot;sticky_effects_offset&quot;:0,&quot;sticky_anchor_link_offset&quot;:0}\">\n\t\t\t\t<div class=\"elementor-element elementor-element-4dff9503 elementor-widget-mobile__width-initial elementor-widget elementor-widget-image\" data-id=\"4dff9503\" data-element_type=\"widget\" data-e-type=\"widget\" data-widget_type=\"image.default\">\n\t\t\t\t<div class=\"elementor-widget-container\">\n\t\t\t\t\t\t\t\t\t\t\t\t\t\t\t\t<a href=\"https:\/\/www.wortapotheke.at\">\n\t\t\t\t\t\t\t<img decoding=\"async\" width=\"300\" height=\"93\" src=\"https:\/\/www.wortapotheke.at\/wp-content\/uploads\/2024\/11\/WORT.APOTHEKE_Komplett-300x93.png\" class=\"attachment-medium size-medium wp-image-31\" alt=\"\" srcset=\"https:\/\/www.wortapotheke.at\/wp-content\/uploads\/2024\/11\/WORT.APOTHEKE_Komplett-300x93.png 300w, https:\/\/www.wortapotheke.at\/wp-content\/uploads\/2024\/11\/WORT.APOTHEKE_Komplett-768x239.png 768w, https:\/\/www.wortapotheke.at\/wp-content\/uploads\/2024\/11\/WORT.APOTHEKE_Komplett.png 859w\" sizes=\"(max-width: 300px) 100vw, 300px\" \/>\t\t\t\t\t\t\t\t<\/a>\n\t\t\t\t\t\t\t\t\t\t\t\t\t\t\t<\/div>\n\t\t\t\t<\/div>\n\t\t\t\t<div class=\"elementor-element elementor-element-23127d30 elementor-nav-menu__text-align-center elementor-nav-menu--dropdown-mobile_extra elementor-nav-menu--stretch elementor-nav-menu--toggle elementor-nav-menu--burger elementor-widget elementor-widget-nav-menu\" data-id=\"23127d30\" data-element_type=\"widget\" data-e-type=\"widget\" data-settings=\"{&quot;full_width&quot;:&quot;stretch&quot;,&quot;layout&quot;:&quot;horizontal&quot;,&quot;submenu_icon&quot;:{&quot;value&quot;:&quot;&lt;svg aria-hidden=\\&quot;true\\&quot; class=\\&quot;e-font-icon-svg e-fas-caret-down\\&quot; viewBox=\\&quot;0 0 320 512\\&quot; xmlns=\\&quot;http:\\\/\\\/www.w3.org\\\/2000\\\/svg\\&quot;&gt;&lt;path d=\\&quot;M31.3 192h257.3c17.8 0 26.7 21.5 14.1 34.1L174.1 354.8c-7.8 7.8-20.5 7.8-28.3 0L17.2 226.1C4.6 213.5 13.5 192 31.3 192z\\&quot;&gt;&lt;\\\/path&gt;&lt;\\\/svg&gt;&quot;,&quot;library&quot;:&quot;fa-solid&quot;},&quot;toggle&quot;:&quot;burger&quot;}\" data-widget_type=\"nav-menu.default\">\n\t\t\t\t<div class=\"elementor-widget-container\">\n\t\t\t\t\t\t\t\t<nav aria-label=\"WA-Menue\" class=\"elementor-nav-menu--main elementor-nav-menu__container elementor-nav-menu--layout-horizontal e--pointer-underline e--animation-fade\">\n\t\t\t\t<ul id=\"menu-1-23127d30\" class=\"elementor-nav-menu\"><li class=\"menu-item menu-item-type-post_type menu-item-object-page menu-item-home menu-item-253\"><a href=\"https:\/\/www.wortapotheke.at\/\" class=\"elementor-item\">START<\/a><\/li>\n<li class=\"menu-item menu-item-type-custom menu-item-object-custom menu-item-846\"><a href=\"https:\/\/wortapotheke.at\/#news\" class=\"elementor-item elementor-item-anchor\">TERMINE<\/a><\/li>\n<li class=\"menu-item menu-item-type-post_type menu-item-object-page menu-item-has-children menu-item-1836\"><a href=\"https:\/\/www.wortapotheke.at\/index.php\/literacy\/\" class=\"elementor-item\">\u00dcber uns<span class=\"sub-arrow\"><svg aria-hidden=\"true\" class=\"e-font-icon-svg e-fas-caret-down\" viewBox=\"0 0 320 512\" xmlns=\"http:\/\/www.w3.org\/2000\/svg\"><path d=\"M31.3 192h257.3c17.8 0 26.7 21.5 14.1 34.1L174.1 354.8c-7.8 7.8-20.5 7.8-28.3 0L17.2 226.1C4.6 213.5 13.5 192 31.3 192z\"><\/path><\/svg><\/span><\/a>\n<ul class=\"sub-menu elementor-nav-menu--dropdown\">\n\t<li class=\"menu-item menu-item-type-custom menu-item-object-custom menu-item-2067\"><a href=\"https:\/\/www.wortapotheke.at\/index.php\/literacy\/\" class=\"elementor-sub-item\">zentrum.literacy<\/a><\/li>\n\t<li class=\"menu-item menu-item-type-post_type menu-item-object-page menu-item-2008\"><a href=\"https:\/\/www.wortapotheke.at\/index.php\/annette\/\" class=\"elementor-sub-item\">Annette<\/a><\/li>\n\t<li class=\"menu-item menu-item-type-custom menu-item-object-custom menu-item-2065\"><a href=\"https:\/\/brigitte-weninger.at\" class=\"elementor-sub-item\">Brigitte<\/a><\/li>\n\t<li class=\"menu-item menu-item-type-custom menu-item-object-custom menu-item-2066\"><a href=\"https:\/\/www.wortapotheke.at\/index.php\/tom\/\" class=\"elementor-sub-item\">Tom<\/a><\/li>\n<\/ul>\n<\/li>\n<li class=\"menu-item menu-item-type-post_type menu-item-object-page current_page_parent menu-item-2809\"><a href=\"https:\/\/www.wortapotheke.at\/index.php\/singlepost\/\" class=\"elementor-item\">Archiv<\/a><\/li>\n<\/ul>\t\t\t<\/nav>\n\t\t\t\t\t<div class=\"elementor-menu-toggle\" role=\"button\" tabindex=\"0\" aria-label=\"Men\u00fc Umschalter\" aria-expanded=\"false\">\n\t\t\t<svg aria-hidden=\"true\" role=\"presentation\" class=\"elementor-menu-toggle__icon--open e-font-icon-svg e-eicon-menu-bar\" viewBox=\"0 0 1000 1000\" xmlns=\"http:\/\/www.w3.org\/2000\/svg\"><path d=\"M104 333H896C929 333 958 304 958 271S929 208 896 208H104C71 208 42 237 42 271S71 333 104 333ZM104 583H896C929 583 958 554 958 521S929 458 896 458H104C71 458 42 487 42 521S71 583 104 583ZM104 833H896C929 833 958 804 958 771S929 708 896 708H104C71 708 42 737 42 771S71 833 104 833Z\"><\/path><\/svg><svg aria-hidden=\"true\" role=\"presentation\" class=\"elementor-menu-toggle__icon--close e-font-icon-svg e-eicon-close\" viewBox=\"0 0 1000 1000\" xmlns=\"http:\/\/www.w3.org\/2000\/svg\"><path d=\"M742 167L500 408 258 167C246 154 233 150 217 150 196 150 179 158 167 167 154 179 150 196 150 212 150 229 154 242 171 254L408 500 167 742C138 771 138 800 167 829 196 858 225 858 254 829L496 587 738 829C750 842 767 846 783 846 800 846 817 842 829 829 842 817 846 804 846 783 846 767 842 750 829 737L588 500 833 258C863 229 863 200 833 171 804 137 775 137 742 167Z\"><\/path><\/svg>\t\t<\/div>\n\t\t\t\t\t<nav class=\"elementor-nav-menu--dropdown elementor-nav-menu__container\" aria-hidden=\"true\">\n\t\t\t\t<ul id=\"menu-2-23127d30\" class=\"elementor-nav-menu\"><li class=\"menu-item menu-item-type-post_type menu-item-object-page menu-item-home menu-item-253\"><a href=\"https:\/\/www.wortapotheke.at\/\" class=\"elementor-item\" tabindex=\"-1\">START<\/a><\/li>\n<li class=\"menu-item menu-item-type-custom menu-item-object-custom menu-item-846\"><a href=\"https:\/\/wortapotheke.at\/#news\" class=\"elementor-item elementor-item-anchor\" tabindex=\"-1\">TERMINE<\/a><\/li>\n<li class=\"menu-item menu-item-type-post_type menu-item-object-page menu-item-has-children menu-item-1836\"><a href=\"https:\/\/www.wortapotheke.at\/index.php\/literacy\/\" class=\"elementor-item\" tabindex=\"-1\">\u00dcber uns<span class=\"sub-arrow\"><svg aria-hidden=\"true\" class=\"e-font-icon-svg e-fas-caret-down\" viewBox=\"0 0 320 512\" xmlns=\"http:\/\/www.w3.org\/2000\/svg\"><path d=\"M31.3 192h257.3c17.8 0 26.7 21.5 14.1 34.1L174.1 354.8c-7.8 7.8-20.5 7.8-28.3 0L17.2 226.1C4.6 213.5 13.5 192 31.3 192z\"><\/path><\/svg><\/span><\/a>\n<ul class=\"sub-menu elementor-nav-menu--dropdown\">\n\t<li class=\"menu-item menu-item-type-custom menu-item-object-custom menu-item-2067\"><a href=\"https:\/\/www.wortapotheke.at\/index.php\/literacy\/\" class=\"elementor-sub-item\" tabindex=\"-1\">zentrum.literacy<\/a><\/li>\n\t<li class=\"menu-item menu-item-type-post_type menu-item-object-page menu-item-2008\"><a href=\"https:\/\/www.wortapotheke.at\/index.php\/annette\/\" class=\"elementor-sub-item\" tabindex=\"-1\">Annette<\/a><\/li>\n\t<li class=\"menu-item menu-item-type-custom menu-item-object-custom menu-item-2065\"><a href=\"https:\/\/brigitte-weninger.at\" class=\"elementor-sub-item\" tabindex=\"-1\">Brigitte<\/a><\/li>\n\t<li class=\"menu-item menu-item-type-custom menu-item-object-custom menu-item-2066\"><a href=\"https:\/\/www.wortapotheke.at\/index.php\/tom\/\" class=\"elementor-sub-item\" tabindex=\"-1\">Tom<\/a><\/li>\n<\/ul>\n<\/li>\n<li class=\"menu-item menu-item-type-post_type menu-item-object-page current_page_parent menu-item-2809\"><a href=\"https:\/\/www.wortapotheke.at\/index.php\/singlepost\/\" class=\"elementor-item\" tabindex=\"-1\">Archiv<\/a><\/li>\n<\/ul>\t\t\t<\/nav>\n\t\t\t\t\t\t<\/div>\n\t\t\t\t<\/div>\n\t\t\t\t<\/div>\n\t\t<div class=\"elementor-element elementor-element-17e11ec e-flex e-con-boxed elementor-invisible e-con e-parent\" data-id=\"17e11ec\" data-element_type=\"container\" data-e-type=\"container\" data-settings=\"{&quot;background_background&quot;:&quot;classic&quot;,&quot;animation&quot;:&quot;fadeIn&quot;}\">\n\t\t\t\t\t<div class=\"e-con-inner\">\n\t\t<div class=\"elementor-element elementor-element-9cad082 e-flex e-con-boxed e-con e-child\" data-id=\"9cad082\" data-element_type=\"container\" data-e-type=\"container\" data-settings=\"{&quot;animation&quot;:&quot;none&quot;}\">\n\t\t\t\t\t<div class=\"e-con-inner\">\n\t\t\t\t<div class=\"elementor-element elementor-element-6c43345 elementor-invisible elementor-widget elementor-widget-image\" data-id=\"6c43345\" data-element_type=\"widget\" data-e-type=\"widget\" data-settings=\"{&quot;_animation&quot;:&quot;fadeIn&quot;}\" data-widget_type=\"image.default\">\n\t\t\t\t<div class=\"elementor-widget-container\">\n\t\t\t\t\t\t\t\t\t\t\t\t\t\t\t\t<a href=\"#text\">\n\t\t\t\t\t\t\t<img decoding=\"async\" width=\"859\" height=\"267\" src=\"https:\/\/www.wortapotheke.at\/wp-content\/uploads\/2024\/11\/WORT.APOTHEKE_Komplett.png\" class=\"attachment-full size-full wp-image-31\" alt=\"\" srcset=\"https:\/\/www.wortapotheke.at\/wp-content\/uploads\/2024\/11\/WORT.APOTHEKE_Komplett.png 859w, https:\/\/www.wortapotheke.at\/wp-content\/uploads\/2024\/11\/WORT.APOTHEKE_Komplett-300x93.png 300w, https:\/\/www.wortapotheke.at\/wp-content\/uploads\/2024\/11\/WORT.APOTHEKE_Komplett-768x239.png 768w\" sizes=\"(max-width: 859px) 100vw, 859px\" \/>\t\t\t\t\t\t\t\t<\/a>\n\t\t\t\t\t\t\t\t\t\t\t\t\t\t\t<\/div>\n\t\t\t\t<\/div>\n\t\t\t\t<div class=\"elementor-element elementor-element-e5fd1bb animated-slow elementor-invisible elementor-widget elementor-widget-image\" data-id=\"e5fd1bb\" data-element_type=\"widget\" data-e-type=\"widget\" data-settings=\"{&quot;_animation&quot;:&quot;fadeInLeft&quot;,&quot;motion_fx_motion_fx_mouse&quot;:&quot;yes&quot;,&quot;motion_fx_mouseTrack_effect&quot;:&quot;yes&quot;,&quot;motion_fx_mouseTrack_direction&quot;:&quot;negative&quot;,&quot;motion_fx_mouseTrack_speed&quot;:{&quot;unit&quot;:&quot;px&quot;,&quot;size&quot;:0.6,&quot;sizes&quot;:[]}}\" data-widget_type=\"image.default\">\n\t\t\t\t<div class=\"elementor-widget-container\">\n\t\t\t\t\t\t\t\t\t\t\t\t\t\t\t\t<a href=\"#text\">\n\t\t\t\t\t\t\t<img loading=\"lazy\" decoding=\"async\" width=\"333\" height=\"354\" src=\"https:\/\/www.wortapotheke.at\/wp-content\/uploads\/2025\/01\/Bzchmann.png\" class=\"attachment-full size-full wp-image-1574\" alt=\"\" srcset=\"https:\/\/www.wortapotheke.at\/wp-content\/uploads\/2025\/01\/Bzchmann.png 333w, https:\/\/www.wortapotheke.at\/wp-content\/uploads\/2025\/01\/Bzchmann-282x300.png 282w\" sizes=\"(max-width: 333px) 100vw, 333px\" \/>\t\t\t\t\t\t\t\t<\/a>\n\t\t\t\t\t\t\t\t\t\t\t\t\t\t\t<\/div>\n\t\t\t\t<\/div>\n\t\t\t\t\t<\/div>\n\t\t\t\t<\/div>\n\t\t\t\t\t<\/div>\n\t\t\t\t<\/div>\n\t\t<div class=\"elementor-element elementor-element-445eba5 e-flex e-con-boxed e-con e-parent\" data-id=\"445eba5\" data-element_type=\"container\" data-e-type=\"container\" id=\"text\" data-settings=\"{&quot;background_background&quot;:&quot;classic&quot;}\">\n\t\t\t\t\t<div class=\"e-con-inner\">\n\t\t<div class=\"elementor-element elementor-element-99a6ed1 e-con-full e-flex e-con e-child\" data-id=\"99a6ed1\" data-element_type=\"container\" data-e-type=\"container\" data-settings=\"{&quot;background_background&quot;:&quot;gradient&quot;,&quot;animation&quot;:&quot;none&quot;}\">\n\t\t\t\t<div class=\"elementor-element elementor-element-09e5421 elementor-blockquote--skin-quotation elementor-blockquote--align-center elementor-widget elementor-widget-blockquote\" data-id=\"09e5421\" data-element_type=\"widget\" data-e-type=\"widget\" data-widget_type=\"blockquote.default\">\n\t\t\t\t<div class=\"elementor-widget-container\">\n\t\t\t\t\t\t\t<blockquote class=\"elementor-blockquote\">\n\t\t\t<p class=\"elementor-blockquote__content\">\n\t\t\t\tSprache kann heilen, tr\u00f6sten, <br>sch\u00fctzen, ermutigen, st\u00e4rken \u2026 <br>und vor allem: VERBINDEN!\t\t\t<\/p>\n\t\t\t\t\t<\/blockquote>\n\t\t\t\t\t\t<\/div>\n\t\t\t\t<\/div>\n\t\t\t\t<div class=\"elementor-element elementor-element-e58c7b7 elementor-widget elementor-widget-text-editor\" data-id=\"e58c7b7\" data-element_type=\"widget\" data-e-type=\"widget\" data-settings=\"{&quot;sticky&quot;:&quot;top&quot;,&quot;sticky_on&quot;:[],&quot;sticky_offset&quot;:0,&quot;sticky_effects_offset&quot;:0,&quot;sticky_anchor_link_offset&quot;:0}\" data-widget_type=\"text-editor.default\">\n\t\t\t\t<div class=\"elementor-widget-container\">\n\t\t\t\t\t\t\t\t\t<p><span style=\"color: #000000;\">Das wissen die WORT\u2022APOTHEKE-Gr\u00fcnder <strong>Tom W. LESSMORE<\/strong> \u2013 Buchh\u00e4ndler, Autor, DJ, Referent, Literacycoach, Speaker, und <a href=\"https:\/\/brigitte-weninger.at\/\" target=\"_blank\" rel=\"noopener\"><strong>Brigitte WENINGER<\/strong><\/a> \u2013 Autorin, P\u00e4dagogin, Seminarleiterin, Ideenspinnerin, aus eigener Erfahrung, aber auch durch ihre langj\u00e4hrige Arbeit mit Menschen jeden Alters und verschiedenster Herkunft.<\/span><\/p><p><span style=\"color: #000000;\">Der Bedarf an guten, Sinn gebenden Worten, Bildern, Geschichten, B\u00fcchern und Ritualen ist gr\u00f6\u00dfer denn je. Und wir alle sp\u00fcren und wissen, wie wichtig es ist, gut lesen, schreiben, sich ausdr\u00fccken und durch verschiedenste Medien kommunizieren zu k\u00f6nnen. Das ist auch durch non-verbale Ausdrucksformen m\u00f6glich \u2013 z.B. durch die Sprache der Bilder, Musik, Natur und Symbole.<\/span><\/p><p><span style=\"color: #000000;\">Mittlerweile werden immer mehr \u201eSprach.Vermittler:innen\u201c ernannt und eingebunden: allen voran Wort.Apothekerin <strong>Annette WACHINGER<\/strong> \u2013 Autorin, P\u00e4dagogin, Referentin, MINTasie\u00ae Expertin und Bibliothekarin, die das Publikum mit ihren fantasie- und humorvollen Leseevents, Workshops und Fortbildungen verzaubert.<br \/><\/span><\/p><p><span style=\"color: #000000;\">Ebenfalls im Team sind die beiden Fotografen und Bild.Geschichtenerz\u00e4hler <a href=\"https:\/\/kurt-monauni.at\" target=\"_blank\" rel=\"noopener\"><strong>Kurt MONAUNI<\/strong><\/a> \u2013 u.a. Projektleiter der j\u00e4hrlichen FOTO.EXPO, und <a href=\"https:\/\/lauk.at\" target=\"_blank\" rel=\"noopener\"><strong>Thomas LAUKAT<\/strong> <\/a>\u2013 gro\u00dfartiger Grafikdesigner und Wort-Bild-Dompteur, der zudem alle grafischen WORT.APOTHEKE-Auftritte in Szene setzt.<\/span><\/p><p>Gemeinsam m\u00f6chten die WORT\u2022APOTHEKER nicht intellektuell-abgehoben, sondern lebensnah und praxistauglich \u00fcber die sieben Sinne Hirn, Herz und Hand ihres Publikums erreichen. <span style=\"color: #000000;\">Dazu bieten sie ganzj\u00e4hrig eine bunte F\u00fclle von Events, Workshops, Seminaren, Ausstellungen, Trostpflastern, Hirnverst\u00e4rker, Seelenbalsam und schr\u00e4gen Vermittlungsideen an \u2013 live zu erleben in Kufstein und mitunter auch buchbar f\u00fcr andere sch\u00f6ne Orte dieser Welt!<\/span><\/p>\t\t\t\t\t\t\t\t<\/div>\n\t\t\t\t<\/div>\n\t\t\t\t<div class=\"elementor-element elementor-element-756ee19 elementor-widget elementor-widget-image-carousel\" data-id=\"756ee19\" data-element_type=\"widget\" data-e-type=\"widget\" data-settings=\"{&quot;slides_to_show&quot;:&quot;1&quot;,&quot;navigation&quot;:&quot;none&quot;,&quot;lazyload&quot;:&quot;yes&quot;,&quot;autoplay_speed&quot;:2000,&quot;effect&quot;:&quot;fade&quot;,&quot;autoplay&quot;:&quot;yes&quot;,&quot;pause_on_interaction&quot;:&quot;yes&quot;,&quot;infinite&quot;:&quot;yes&quot;,&quot;speed&quot;:500}\" data-widget_type=\"image-carousel.default\">\n\t\t\t\t<div class=\"elementor-widget-container\">\n\t\t\t\t\t\t\t<div class=\"elementor-image-carousel-wrapper swiper\" role=\"region\" aria-roledescription=\"carousel\" aria-label=\"Bild Karussell\" dir=\"rtl\">\n\t\t\t<div class=\"elementor-image-carousel swiper-wrapper\" aria-live=\"off\">\n\t\t\t\t\t\t\t\t<div class=\"swiper-slide\" role=\"group\" aria-roledescription=\"slide\" aria-label=\"1 von 3\"><figure class=\"swiper-slide-inner\"><img class=\"swiper-slide-image swiper-lazy\" data-src=\"https:\/\/www.wortapotheke.at\/wp-content\/uploads\/2025\/04\/wort_Apotheke_x3.jpg\" alt=\"wort_Apotheke_x3\" \/><div class=\"swiper-lazy-preloader\"><\/div><\/figure><\/div><div class=\"swiper-slide\" role=\"group\" aria-roledescription=\"slide\" aria-label=\"2 von 3\"><figure class=\"swiper-slide-inner\"><img class=\"swiper-slide-image swiper-lazy\" data-src=\"https:\/\/www.wortapotheke.at\/wp-content\/uploads\/2025\/04\/Wort_Apotheke_x3-1.jpg\" alt=\"Wort_Apotheke_x3-1\" \/><div class=\"swiper-lazy-preloader\"><\/div><\/figure><\/div><div class=\"swiper-slide\" role=\"group\" aria-roledescription=\"slide\" aria-label=\"3 von 3\"><figure class=\"swiper-slide-inner\"><img class=\"swiper-slide-image swiper-lazy\" data-src=\"https:\/\/www.wortapotheke.at\/wp-content\/uploads\/2025\/04\/Wort_Apotheke_x_3.jpg\" alt=\"Wort_Apotheke_x_3\" \/><div class=\"swiper-lazy-preloader\"><\/div><\/figure><\/div>\t\t\t<\/div>\n\t\t\t\t\t\t\t\n\t\t\t\t\t\t\t\t\t<\/div>\n\t\t\t\t\t\t<\/div>\n\t\t\t\t<\/div>\n\t\t\t\t<div class=\"elementor-element elementor-element-5bf4d34 elementor-widget elementor-widget-text-editor\" data-id=\"5bf4d34\" data-element_type=\"widget\" data-e-type=\"widget\" data-settings=\"{&quot;sticky&quot;:&quot;top&quot;,&quot;sticky_on&quot;:[],&quot;sticky_offset&quot;:0,&quot;sticky_effects_offset&quot;:0,&quot;sticky_anchor_link_offset&quot;:0}\" data-widget_type=\"text-editor.default\">\n\t\t\t\t<div class=\"elementor-widget-container\">\n\t\t\t\t\t\t\t\t\t<p>Die WORT:APOTHEKE plant auch 2025 wieder rund 60 Literacy-Veranstaltungen f\u00fcr (Klein-) Kinder, Sch\u00fclerInnen, Jugendliche und Familien. Im Fokus steht heuer ein feines Jubil\u00e4um: obwohl Autorin Brigitte Weninger schon vorher Kinder-Events gehalten hat, schlug erst 2010 die Geburtsstunde von <b>KUFSTEIN LIEST! <\/b>Unter diesem Motto standen fortan Lese-Flashmobs und Buch-Wetten, Baby-Empf\u00e4nge, Advent- und Gipfelbibliothek-Lesungen und vieles mehr, z.B. der <a href=\"https:\/\/www.youtube.com\/embed\/Pe_eBH237Xk?si=rriS-2obMT4GUani\" target=\"_blank\" rel=\"noopener\">Lese.Flashmob 2011 (Video).<\/a>:<\/p>\t\t\t\t\t\t\t\t<\/div>\n\t\t\t\t<\/div>\n\t\t\t\t<div class=\"elementor-element elementor-element-2a33ce5 elementor-widget elementor-widget-n-accordion\" data-id=\"2a33ce5\" data-element_type=\"widget\" data-e-type=\"widget\" data-settings=\"{&quot;default_state&quot;:&quot;all_collapsed&quot;,&quot;max_items_expended&quot;:&quot;one&quot;,&quot;n_accordion_animation_duration&quot;:{&quot;unit&quot;:&quot;ms&quot;,&quot;size&quot;:400,&quot;sizes&quot;:[]}}\" data-widget_type=\"nested-accordion.default\">\n\t\t\t\t<div class=\"elementor-widget-container\">\n\t\t\t\t\t\t\t<div class=\"e-n-accordion\" aria-label=\"Accordion. Open links with Enter or Space, close with Escape, and navigate with Arrow Keys\">\n\t\t\t\t\t\t<details id=\"e-n-accordion-item-4420\" class=\"e-n-accordion-item\" >\n\t\t\t\t<summary class=\"e-n-accordion-item-title\" data-accordion-index=\"1\" tabindex=\"0\" aria-expanded=\"false\" aria-controls=\"e-n-accordion-item-4420\" >\n\t\t\t\t\t<span class='e-n-accordion-item-title-header'><div class=\"e-n-accordion-item-title-text\"> VIDEO ANSCHAUEN? <\/div><\/span>\n\t\t\t\t\t\t\t<span class='e-n-accordion-item-title-icon'>\n\t\t\t<span class='e-opened' ><svg aria-hidden=\"true\" class=\"e-font-icon-svg e-fas-minus\" viewBox=\"0 0 448 512\" xmlns=\"http:\/\/www.w3.org\/2000\/svg\"><path d=\"M416 208H32c-17.67 0-32 14.33-32 32v32c0 17.67 14.33 32 32 32h384c17.67 0 32-14.33 32-32v-32c0-17.67-14.33-32-32-32z\"><\/path><\/svg><\/span>\n\t\t\t<span class='e-closed'><svg aria-hidden=\"true\" class=\"e-font-icon-svg e-fas-plus\" viewBox=\"0 0 448 512\" xmlns=\"http:\/\/www.w3.org\/2000\/svg\"><path d=\"M416 208H272V64c0-17.67-14.33-32-32-32h-32c-17.67 0-32 14.33-32 32v144H32c-17.67 0-32 14.33-32 32v32c0 17.67 14.33 32 32 32h144v144c0 17.67 14.33 32 32 32h32c17.67 0 32-14.33 32-32V304h144c17.67 0 32-14.33 32-32v-32c0-17.67-14.33-32-32-32z\"><\/path><\/svg><\/span>\n\t\t<\/span>\n\n\t\t\t\t\t\t<\/summary>\n\t\t\t\t<div role=\"region\" aria-labelledby=\"e-n-accordion-item-4420\" class=\"elementor-element elementor-element-7e355c2 e-con-full e-flex e-con e-child\" data-id=\"7e355c2\" data-element_type=\"container\" data-e-type=\"container\">\n\t\t\t\t<div class=\"elementor-element elementor-element-b135641 elementor-widget elementor-widget-video\" data-id=\"b135641\" data-element_type=\"widget\" data-e-type=\"widget\" data-settings=\"{&quot;youtube_url&quot;:&quot;https:\\\/\\\/youtu.be\\\/Pe_eBH237Xk?si=btVC-uP1Yv-l2gMH&quot;,&quot;video_type&quot;:&quot;youtube&quot;,&quot;controls&quot;:&quot;yes&quot;}\" data-widget_type=\"video.default\">\n\t\t\t\t<div class=\"elementor-widget-container\">\n\t\t\t\t\t\t\t<div class=\"elementor-wrapper elementor-open-inline\">\n\t\t\t<div class=\"elementor-video\"><\/div>\t\t<\/div>\n\t\t\t\t\t\t<\/div>\n\t\t\t\t<\/div>\n\t\t\t\t<\/div>\n\t\t\t\t\t<\/details>\n\t\t\t\t\t<\/div>\n\t\t\t\t\t\t<\/div>\n\t\t\t\t<\/div>\n\t\t\t\t<div class=\"elementor-element elementor-element-97e77d5 elementor-widget elementor-widget-text-editor\" data-id=\"97e77d5\" data-element_type=\"widget\" data-e-type=\"widget\" id=\"news\" data-settings=\"{&quot;sticky&quot;:&quot;top&quot;,&quot;sticky_on&quot;:[],&quot;sticky_offset&quot;:0,&quot;sticky_effects_offset&quot;:0,&quot;sticky_anchor_link_offset&quot;:0}\" data-widget_type=\"text-editor.default\">\n\t\t\t\t<div class=\"elementor-widget-container\">\n\t\t\t\t\t\t\t\t\t<p style=\"text-align: left;\"><span class=\"x193iq5w xeuugli x13faqbe x1vvkbs xlh3980 xvmahel x1n0sxbx x1lliihq x1s928wv xhkezso x1gmr53x x1cpjm7i x1fgarty x1943h6x xudqn12 x3x7a5m x6prxxf xvq8zen xo1l8bm xzsf02u x1yc453h\" dir=\"auto\">Wir haben einen YouTube-Beitrag \u00fcber das sagenhafte Literacy-Jahr 2024 gemacht. Danke vielmals f\u00fcr die Unterst\u00fctzung unserer Arbeit &#8211; Kufstein Liest!<br \/><\/span><\/p>\t\t\t\t\t\t\t\t<\/div>\n\t\t\t\t<\/div>\n\t\t\t\t<div class=\"elementor-element elementor-element-ad1d4d1 elementor-widget elementor-widget-n-accordion\" data-id=\"ad1d4d1\" data-element_type=\"widget\" data-e-type=\"widget\" data-settings=\"{&quot;default_state&quot;:&quot;all_collapsed&quot;,&quot;max_items_expended&quot;:&quot;one&quot;,&quot;n_accordion_animation_duration&quot;:{&quot;unit&quot;:&quot;ms&quot;,&quot;size&quot;:400,&quot;sizes&quot;:[]}}\" data-widget_type=\"nested-accordion.default\">\n\t\t\t\t<div class=\"elementor-widget-container\">\n\t\t\t\t\t\t\t<div class=\"e-n-accordion\" aria-label=\"Accordion. Open links with Enter or Space, close with Escape, and navigate with Arrow Keys\">\n\t\t\t\t\t\t<details id=\"e-n-accordion-item-1810\" class=\"e-n-accordion-item\" >\n\t\t\t\t<summary class=\"e-n-accordion-item-title\" data-accordion-index=\"1\" tabindex=\"0\" aria-expanded=\"false\" aria-controls=\"e-n-accordion-item-1810\" >\n\t\t\t\t\t<span class='e-n-accordion-item-title-header'><div class=\"e-n-accordion-item-title-text\"> Das war 2024 - VIEDEO ANSCHAUEN? <\/div><\/span>\n\t\t\t\t\t\t\t<span class='e-n-accordion-item-title-icon'>\n\t\t\t<span class='e-opened' ><svg aria-hidden=\"true\" class=\"e-font-icon-svg e-fas-minus\" viewBox=\"0 0 448 512\" xmlns=\"http:\/\/www.w3.org\/2000\/svg\"><path d=\"M416 208H32c-17.67 0-32 14.33-32 32v32c0 17.67 14.33 32 32 32h384c17.67 0 32-14.33 32-32v-32c0-17.67-14.33-32-32-32z\"><\/path><\/svg><\/span>\n\t\t\t<span class='e-closed'><svg aria-hidden=\"true\" class=\"e-font-icon-svg e-fas-plus\" viewBox=\"0 0 448 512\" xmlns=\"http:\/\/www.w3.org\/2000\/svg\"><path d=\"M416 208H272V64c0-17.67-14.33-32-32-32h-32c-17.67 0-32 14.33-32 32v144H32c-17.67 0-32 14.33-32 32v32c0 17.67 14.33 32 32 32h144v144c0 17.67 14.33 32 32 32h32c17.67 0 32-14.33 32-32V304h144c17.67 0 32-14.33 32-32v-32c0-17.67-14.33-32-32-32z\"><\/path><\/svg><\/span>\n\t\t<\/span>\n\n\t\t\t\t\t\t<\/summary>\n\t\t\t\t<div role=\"region\" aria-labelledby=\"e-n-accordion-item-1810\" class=\"elementor-element elementor-element-a666a89 e-con-full e-flex e-con e-child\" data-id=\"a666a89\" data-element_type=\"container\" data-e-type=\"container\">\n\t\t\t\t<div class=\"elementor-element elementor-element-a71476b elementor-widget elementor-widget-video\" data-id=\"a71476b\" data-element_type=\"widget\" data-e-type=\"widget\" data-settings=\"{&quot;youtube_url&quot;:&quot;https:\\\/\\\/youtu.be\\\/7ecIGYkTqj0?si=aWVoYQdIpukeU7vc&quot;,&quot;video_type&quot;:&quot;youtube&quot;,&quot;controls&quot;:&quot;yes&quot;}\" data-widget_type=\"video.default\">\n\t\t\t\t<div class=\"elementor-widget-container\">\n\t\t\t\t\t\t\t<div class=\"elementor-wrapper elementor-open-inline\">\n\t\t\t<div class=\"elementor-video\"><\/div>\t\t<\/div>\n\t\t\t\t\t\t<\/div>\n\t\t\t\t<\/div>\n\t\t\t\t<\/div>\n\t\t\t\t\t<\/details>\n\t\t\t\t\t<\/div>\n\t\t\t\t\t\t<\/div>\n\t\t\t\t<\/div>\n\t\t\t\t<div class=\"elementor-element elementor-element-ba2579c elementor-widget elementor-widget-text-editor\" data-id=\"ba2579c\" data-element_type=\"widget\" data-e-type=\"widget\" data-settings=\"{&quot;sticky&quot;:&quot;top&quot;,&quot;sticky_on&quot;:[],&quot;sticky_offset&quot;:0,&quot;sticky_effects_offset&quot;:0,&quot;sticky_anchor_link_offset&quot;:0}\" data-widget_type=\"text-editor.default\">\n\t\t\t\t<div class=\"elementor-widget-container\">\n\t\t\t\t\t\t\t\t\t<p style=\"text-align: left;\">Folgt unseren Progamm-News auf <a href=\"https:\/\/www.facebook.com\/WORTAPOTHEKE\" target=\"_blank\" rel=\"noopener\" data-wplink-edit=\"true\">Facebook<\/a> und <a href=\"https:\/\/www.instagram.com\/wort.apotheke\/\" target=\"_blank\" rel=\"noopener\" data-wplink-edit=\"true\">Instagram<\/a>!\u00a0 <strong>F\u00fcr Anmeldungen empfehlen wir eine Eintragung in unsere WhatsApp-Community KUFSTEIN LIEST! <\/strong><strong><span style=\"color: #ff9900;\">Mobil +43 664 536 10 88<\/span>. Soweit nicht anders angegeben ist der Eintritt frei!<\/strong><\/p>\t\t\t\t\t\t\t\t<\/div>\n\t\t\t\t<\/div>\n\t\t\t\t<\/div>\n\t\t\t\t\t<\/div>\n\t\t\t\t<\/div>\n\t\t<div class=\"elementor-element elementor-element-7cf4a415 e-flex e-con-boxed e-con e-parent\" data-id=\"7cf4a415\" data-element_type=\"container\" data-e-type=\"container\" data-settings=\"{&quot;background_background&quot;:&quot;classic&quot;}\">\n\t\t\t\t\t<div class=\"e-con-inner\">\n\t\t\t\t<div class=\"elementor-element elementor-element-3689c56b elementor-widget elementor-widget-heading\" data-id=\"3689c56b\" data-element_type=\"widget\" data-e-type=\"widget\" data-widget_type=\"heading.default\">\n\t\t\t\t<div class=\"elementor-widget-container\">\n\t\t\t\t\t<h6 class=\"elementor-heading-title elementor-size-default\">WORT.APOTHEKE \u00b7 Veranstaltungen 2026<\/h6>\t\t\t\t<\/div>\n\t\t\t\t<\/div>\n\t\t\t\t<div class=\"elementor-element elementor-element-bc28331 elementor-widget elementor-widget-heading\" data-id=\"bc28331\" data-element_type=\"widget\" data-e-type=\"widget\" data-widget_type=\"heading.default\">\n\t\t\t\t<div class=\"elementor-widget-container\">\n\t\t\t\t\t<h1 class=\"elementor-heading-title elementor-size-default\">Kommende Veranstaltungen<\/h1>\t\t\t\t<\/div>\n\t\t\t\t<\/div>\n\t\t\t\t<div class=\"elementor-element elementor-element-298b0a4b elementor-widget elementor-widget-text-editor\" data-id=\"298b0a4b\" data-element_type=\"widget\" data-e-type=\"widget\" data-widget_type=\"text-editor.default\">\n\t\t\t\t<div class=\"elementor-widget-container\">\n\t\t\t\t\t\t\t\t\tLesungen, Schreibwerkst\u00e4tten, Familienprogramme, Kino, Kunst und FOTO.EXPO in Kufstein, W\u00f6rgl und Umgebung.\t\t\t\t\t\t\t\t<\/div>\n\t\t\t\t<\/div>\n\t\t\t\t\t<\/div>\n\t\t\t\t<\/div>\n\t\t<div class=\"elementor-element elementor-element-2a6474d2 e-flex e-con-boxed e-con e-parent\" data-id=\"2a6474d2\" data-element_type=\"container\" data-e-type=\"container\" data-settings=\"{&quot;background_background&quot;:&quot;classic&quot;}\">\n\t\t\t\t\t<div class=\"e-con-inner\">\n\t\t\t\t<div class=\"elementor-element elementor-element-34e7704b elementor-widget elementor-widget-heading\" data-id=\"34e7704b\" data-element_type=\"widget\" data-e-type=\"widget\" data-widget_type=\"heading.default\">\n\t\t\t\t<div class=\"elementor-widget-container\">\n\t\t\t\t\t<h2 class=\"elementor-heading-title elementor-size-default\">September<\/h2>\t\t\t\t<\/div>\n\t\t\t\t<\/div>\n\t\t<div class=\"elementor-element elementor-element-4df35fd3 e-flex e-con-boxed e-con e-child\" data-id=\"4df35fd3\" data-element_type=\"container\" data-e-type=\"container\">\n\t\t\t\t\t<div class=\"e-con-inner\">\n\t\t<div class=\"elementor-element elementor-element-45b1134 e-flex e-con-boxed e-con e-child\" data-id=\"45b1134\" data-element_type=\"container\" data-e-type=\"container\" data-settings=\"{&quot;background_background&quot;:&quot;classic&quot;}\">\n\t\t\t\t\t<div class=\"e-con-inner\">\n\t\t\t\t<div class=\"elementor-element elementor-element-438295d4 elementor-widget elementor-widget-heading\" data-id=\"438295d4\" data-element_type=\"widget\" data-e-type=\"widget\" data-widget_type=\"heading.default\">\n\t\t\t\t<div class=\"elementor-widget-container\">\n\t\t\t\t\t<h5 class=\"elementor-heading-title elementor-size-default\">FR 04 September \u2013 18:30 \u2013 20:30 Uhr, uniKat The Art&amp;Wine Club, Bahnhofstra\u00dfe 40, W\u00f6rgl<\/h5>\t\t\t\t<\/div>\n\t\t\t\t<\/div>\n\t\t\t\t\t<\/div>\n\t\t\t\t<\/div>\n\t\t<div class=\"elementor-element elementor-element-278f3429 e-flex e-con-boxed e-con e-child\" data-id=\"278f3429\" data-element_type=\"container\" data-e-type=\"container\" data-settings=\"{&quot;background_background&quot;:&quot;classic&quot;}\">\n\t\t\t\t\t<div class=\"e-con-inner\">\n\t\t\t\t<div class=\"elementor-element elementor-element-5763edf1 elementor-widget elementor-widget-heading\" data-id=\"5763edf1\" data-element_type=\"widget\" data-e-type=\"widget\" data-widget_type=\"heading.default\">\n\t\t\t\t<div class=\"elementor-widget-container\">\n\t\t\t\t\t<h3 class=\"elementor-heading-title elementor-size-default\">\u201eINNE.HALTEN\u201c \u2013 OFFLINE LESE.PARTY<\/h3>\t\t\t\t<\/div>\n\t\t\t\t<\/div>\n\t\t\t\t<div class=\"elementor-element elementor-element-11b18ef6 elementor-widget elementor-widget-text-editor\" data-id=\"11b18ef6\" data-element_type=\"widget\" data-e-type=\"widget\" data-widget_type=\"text-editor.default\">\n\t\t\t\t<div class=\"elementor-widget-container\">\n\t\t\t\t\t\t\t\t\tModeration: Literatur-Coach Tom Lessmore\t\t\t\t\t\t\t\t<\/div>\n\t\t\t\t<\/div>\n\t\t\t\t<div class=\"elementor-element elementor-element-393d70ed elementor-widget elementor-widget-text-editor\" data-id=\"393d70ed\" data-element_type=\"widget\" data-e-type=\"widget\" data-widget_type=\"text-editor.default\">\n\t\t\t\t<div class=\"elementor-widget-container\">\n\t\t\t\t\t\t\t\t\tWir alle leben in einer Welt st\u00e4ndiger digitaler Reize und Erreichbarkeit. Einfach mal INNE.HALTEN, das Handy weglegen, entspannt in ein Buch eintauchen, f\u00e4llt allein oft schwer \u2013 aber wenn man es zusammen mit Gleichgesinnten macht, wird das LESEN zur PARTY!\t\t\t\t\t\t\t\t<\/div>\n\t\t\t\t<\/div>\n\t\t\t\t<div class=\"elementor-element elementor-element-716b6191 elementor-widget elementor-widget-text-editor\" data-id=\"716b6191\" data-element_type=\"widget\" data-e-type=\"widget\" data-widget_type=\"text-editor.default\">\n\t\t\t\t<div class=\"elementor-widget-container\">\n\t\t\t\t\t\t\t\t\tKomm mit deinem Buch. Leg dein Handy in unsere Glasbox. Such dir einen gem\u00fctlichen Platz im UniKat-Club. Hol dir ein Getr\u00e4nk. Und dann LIES mit uns! Sei ganz bei dir. Erleb mit allen Sinnen, was dieses \u201eInnehalten\u201c mit dir macht.\t\t\t\t\t\t\t\t<\/div>\n\t\t\t\t<\/div>\n\t\t\t\t<div class=\"elementor-element elementor-element-7cd8d23d elementor-widget elementor-widget-text-editor\" data-id=\"7cd8d23d\" data-element_type=\"widget\" data-e-type=\"widget\" data-widget_type=\"text-editor.default\">\n\t\t\t\t<div class=\"elementor-widget-container\">\n\t\t\t\t\t\t\t\t\tWer mag, darf in der Pause oder nach der Lese.Session plaudern, muss aber nicht.\t\t\t\t\t\t\t\t<\/div>\n\t\t\t\t<\/div>\n\t\t\t\t<div class=\"elementor-element elementor-element-280fa970 elementor-widget elementor-widget-text-editor\" data-id=\"280fa970\" data-element_type=\"widget\" data-e-type=\"widget\" data-widget_type=\"text-editor.default\">\n\t\t\t\t<div class=\"elementor-widget-container\">\n\t\t\t\t\t\t\t\t\tEintritt FREI. ANMELDUNG bei Wort.Apotheke +43 664 5361088 erbeten, aber auch Spontan-Besucher:innen willkommen.\t\t\t\t\t\t\t\t<\/div>\n\t\t\t\t<\/div>\n\t\t\t\t<div class=\"elementor-element elementor-element-25623a35 elementor-widget elementor-widget-text-editor\" data-id=\"25623a35\" data-element_type=\"widget\" data-e-type=\"widget\" data-widget_type=\"text-editor.default\">\n\t\t\t\t<div class=\"elementor-widget-container\">\n\t\t\t\t\t\t\t\t\tLeihb\u00fccher sind ausreichend vorhanden!  Ausklang mit Musik und Wein.\t\t\t\t\t\t\t\t<\/div>\n\t\t\t\t<\/div>\n\t\t\t\t<div class=\"elementor-element elementor-element-77d4ed8c elementor-widget elementor-widget-text-editor\" data-id=\"77d4ed8c\" data-element_type=\"widget\" data-e-type=\"widget\" data-widget_type=\"text-editor.default\">\n\t\t\t\t<div class=\"elementor-widget-container\">\n\t\t\t\t\t\t\t\t\tIn Kooperation mit TKI_open26 \/ Land Tirol Kultur &#038; UniKat Art&#038;Wine Club, Peter Kinigadner\t\t\t\t\t\t\t\t<\/div>\n\t\t\t\t<\/div>\n\t\t\t\t\t<\/div>\n\t\t\t\t<\/div>\n\t\t\t\t\t<\/div>\n\t\t\t\t<\/div>\n\t\t<div class=\"elementor-element elementor-element-617b304f e-flex e-con-boxed e-con e-child\" data-id=\"617b304f\" data-element_type=\"container\" data-e-type=\"container\">\n\t\t\t\t\t<div class=\"e-con-inner\">\n\t\t<div class=\"elementor-element elementor-element-e754838 e-flex e-con-boxed e-con e-child\" data-id=\"e754838\" data-element_type=\"container\" data-e-type=\"container\" data-settings=\"{&quot;background_background&quot;:&quot;classic&quot;}\">\n\t\t\t\t\t<div class=\"e-con-inner\">\n\t\t\t\t<div class=\"elementor-element elementor-element-51411fa9 elementor-widget elementor-widget-heading\" data-id=\"51411fa9\" data-element_type=\"widget\" data-e-type=\"widget\" data-widget_type=\"heading.default\">\n\t\t\t\t<div class=\"elementor-widget-container\">\n\t\t\t\t\t<h5 class=\"elementor-heading-title elementor-size-default\">MO 21 September 2026 \u2013 15 Uhr \u2013 kubi Bibliothek<\/h5>\t\t\t\t<\/div>\n\t\t\t\t<\/div>\n\t\t\t\t\t<\/div>\n\t\t\t\t<\/div>\n\t\t<div class=\"elementor-element elementor-element-382f0bc6 e-flex e-con-boxed e-con e-child\" data-id=\"382f0bc6\" data-element_type=\"container\" data-e-type=\"container\" data-settings=\"{&quot;background_background&quot;:&quot;classic&quot;}\">\n\t\t\t\t\t<div class=\"e-con-inner\">\n\t\t\t\t<div class=\"elementor-element elementor-element-6e1f028 elementor-widget elementor-widget-heading\" data-id=\"6e1f028\" data-element_type=\"widget\" data-e-type=\"widget\" data-widget_type=\"heading.default\">\n\t\t\t\t<div class=\"elementor-widget-container\">\n\t\t\t\t\t<h3 class=\"elementor-heading-title elementor-size-default\">PAPATOM FAMILIEN.LESUNG f\u00fcr ALLE von 3 \u2013 103 Jahren<\/h3>\t\t\t\t<\/div>\n\t\t\t\t<\/div>\n\t\t\t\t<div class=\"elementor-element elementor-element-3cea07f0 elementor-widget elementor-widget-text-editor\" data-id=\"3cea07f0\" data-element_type=\"widget\" data-e-type=\"widget\" data-widget_type=\"text-editor.default\">\n\t\t\t\t<div class=\"elementor-widget-container\">\n\t\t\t\t\t\t\t\t\tmit Tom Lessmore &#038; Leseschlange SISS\t\t\t\t\t\t\t\t<\/div>\n\t\t\t\t<\/div>\n\t\t\t\t<div class=\"elementor-element elementor-element-679d8718 elementor-widget elementor-widget-text-editor\" data-id=\"679d8718\" data-element_type=\"widget\" data-e-type=\"widget\" data-widget_type=\"text-editor.default\">\n\t\t\t\t<div class=\"elementor-widget-container\">\n\t\t\t\t\t\t\t\t\tDer September ist PapaToms Lieblingsmonat, denn da fangen Schule und Kindergarten wieder an, und es gibt neue B\u00fccher in den kubi-Regalen! Welche hat die lispelnde Leseschlange Siss wohl diesmal ausgesucht und in den Booksack gepackt? Die zwei sch\u00f6nsten Bilderb\u00fccher lesen Tom &#038; Siss euch vor! Danach gibt\u2019s wie immer noch eine kleine Bastelei zum Mitnehmen!\t\t\t\t\t\t\t\t<\/div>\n\t\t\t\t<\/div>\n\t\t\t\t<div class=\"elementor-element elementor-element-cfca20c elementor-widget elementor-widget-text-editor\" data-id=\"cfca20c\" data-element_type=\"widget\" data-e-type=\"widget\" data-widget_type=\"text-editor.default\">\n\t\t\t\t<div class=\"elementor-widget-container\">\n\t\t\t\t\t\t\t\t\tEintritt FREI, aber nur begrenzte Pl\u00e4tze \u2013 ANMELDUNG bei Wort.Apotheke erforderlich: SMS\/WA +43 664 5361088\t\t\t\t\t\t\t\t<\/div>\n\t\t\t\t<\/div>\n\t\t\t\t<div class=\"elementor-element elementor-element-4044c74 elementor-widget elementor-widget-text-editor\" data-id=\"4044c74\" data-element_type=\"widget\" data-e-type=\"widget\" data-widget_type=\"text-editor.default\">\n\t\t\t\t<div class=\"elementor-widget-container\">\n\t\t\t\t\t\t\t\t\tIn Kooperation mit kubi Bibliothek f\u00fcr Wissenschaft und Freizeit\t\t\t\t\t\t\t\t<\/div>\n\t\t\t\t<\/div>\n\t\t\t\t\t<\/div>\n\t\t\t\t<\/div>\n\t\t\t\t\t<\/div>\n\t\t\t\t<\/div>\n\t\t<div class=\"elementor-element elementor-element-2375015f e-flex e-con-boxed e-con e-child\" data-id=\"2375015f\" data-element_type=\"container\" data-e-type=\"container\">\n\t\t\t\t\t<div class=\"e-con-inner\">\n\t\t<div class=\"elementor-element elementor-element-78b45474 e-flex e-con-boxed e-con e-child\" data-id=\"78b45474\" data-element_type=\"container\" data-e-type=\"container\" data-settings=\"{&quot;background_background&quot;:&quot;classic&quot;}\">\n\t\t\t\t\t<div class=\"e-con-inner\">\n\t\t\t\t<div class=\"elementor-element elementor-element-2527a9e4 elementor-widget elementor-widget-heading\" data-id=\"2527a9e4\" data-element_type=\"widget\" data-e-type=\"widget\" data-widget_type=\"heading.default\">\n\t\t\t\t<div class=\"elementor-widget-container\">\n\t\t\t\t\t<h5 class=\"elementor-heading-title elementor-size-default\">DI 22 September 2026 \u2013 15 Uhr + 16 Uhr \u2013 kubi Bibliothek<\/h5>\t\t\t\t<\/div>\n\t\t\t\t<\/div>\n\t\t\t\t\t<\/div>\n\t\t\t\t<\/div>\n\t\t<div class=\"elementor-element elementor-element-5a10de5a e-flex e-con-boxed e-con e-child\" data-id=\"5a10de5a\" data-element_type=\"container\" data-e-type=\"container\" data-settings=\"{&quot;background_background&quot;:&quot;classic&quot;}\">\n\t\t\t\t\t<div class=\"e-con-inner\">\n\t\t\t\t<div class=\"elementor-element elementor-element-35d9a5c2 elementor-widget elementor-widget-heading\" data-id=\"35d9a5c2\" data-element_type=\"widget\" data-e-type=\"widget\" data-widget_type=\"heading.default\">\n\t\t\t\t<div class=\"elementor-widget-container\">\n\t\t\t\t\t<h3 class=\"elementor-heading-title elementor-size-default\">LESE.ZWERGE \u2013MINI-MINTasie Lesung f\u00fcr 1-3 Jahre \u201eDER APFEL ROLLT und ROLLT...\u201c<\/h3>\t\t\t\t<\/div>\n\t\t\t\t<\/div>\n\t\t\t\t<div class=\"elementor-element elementor-element-55477015 elementor-widget elementor-widget-text-editor\" data-id=\"55477015\" data-element_type=\"widget\" data-e-type=\"widget\" data-widget_type=\"text-editor.default\">\n\t\t\t\t<div class=\"elementor-widget-container\">\n\t\t\t\t\t\t\t\t\tmit Annette WACHINGER &#038; MioRosalind Lesemaus\t\t\t\t\t\t\t\t<\/div>\n\t\t\t\t<\/div>\n\t\t\t\t<div class=\"elementor-element elementor-element-24ec62ae elementor-widget elementor-widget-text-editor\" data-id=\"24ec62ae\" data-element_type=\"widget\" data-e-type=\"widget\" data-widget_type=\"text-editor.default\">\n\t\t\t\t<div class=\"elementor-widget-container\">\n\t\t\t\t\t\t\t\t\tIm Herbst ist Erntezeit \u2013 da reifen wieder k\u00f6stliche \u00c4pfel an den B\u00e4umen. Oje, da rollt ja einer davon! Wer kann ihn einfangen? Annettes herzige Mitspiellesung l\u00e4dt schlaue kleine Forscher:innen wieder zum Mitmachen, Mitlachen, Staunen und begreifen ein \u2013 und ihre s\u00fc\u00dfen Lesem\u00e4use Mio &#038; Rosalind helfen nat\u00fcrlich mit! Dauer max. 40 min pro Lesung. EINTRITT FREI, aber nur 15 Pl\u00e4tze pro Lesung. ANMELDUNG IMMER erforderlich: SMS\/WhA 0043 664 5361088\t\t\t\t\t\t\t\t<\/div>\n\t\t\t\t<\/div>\n\t\t\t\t<div class=\"elementor-element elementor-element-454d514e elementor-widget elementor-widget-text-editor\" data-id=\"454d514e\" data-element_type=\"widget\" data-e-type=\"widget\" data-widget_type=\"text-editor.default\">\n\t\t\t\t<div class=\"elementor-widget-container\">\n\t\t\t\t\t\t\t\t\tKooperation mit kubi Bibliothek &#038; Raiffeisen Bezirksbank Kufstein &#038; Land Tirol Kultur, Bibliotheken\t\t\t\t\t\t\t\t<\/div>\n\t\t\t\t<\/div>\n\t\t\t\t\t<\/div>\n\t\t\t\t<\/div>\n\t\t\t\t\t<\/div>\n\t\t\t\t<\/div>\n\t\t<div class=\"elementor-element elementor-element-43bd448d e-flex e-con-boxed e-con e-child\" data-id=\"43bd448d\" data-element_type=\"container\" data-e-type=\"container\">\n\t\t\t\t\t<div class=\"e-con-inner\">\n\t\t<div class=\"elementor-element elementor-element-6381c067 e-flex e-con-boxed e-con e-child\" data-id=\"6381c067\" data-element_type=\"container\" data-e-type=\"container\" data-settings=\"{&quot;background_background&quot;:&quot;classic&quot;}\">\n\t\t\t\t\t<div class=\"e-con-inner\">\n\t\t\t\t<div class=\"elementor-element elementor-element-49fa2fba elementor-widget elementor-widget-heading\" data-id=\"49fa2fba\" data-element_type=\"widget\" data-e-type=\"widget\" data-widget_type=\"heading.default\">\n\t\t\t\t<div class=\"elementor-widget-container\">\n\t\t\t\t\t<h5 class=\"elementor-heading-title elementor-size-default\">Samstag 26 September 2026 \u2013 10 Uhr + 13 Uhr \u2013 kubi Bibliothek EG &amp; Kinderbuch-Abteilung<\/h5>\t\t\t\t<\/div>\n\t\t\t\t<\/div>\n\t\t\t\t\t<\/div>\n\t\t\t\t<\/div>\n\t\t<div class=\"elementor-element elementor-element-5b5405bf e-flex e-con-boxed e-con e-child\" data-id=\"5b5405bf\" data-element_type=\"container\" data-e-type=\"container\" data-settings=\"{&quot;background_background&quot;:&quot;classic&quot;}\">\n\t\t\t\t\t<div class=\"e-con-inner\">\n\t\t\t\t<div class=\"elementor-element elementor-element-5d25cae6 elementor-widget elementor-widget-heading\" data-id=\"5d25cae6\" data-element_type=\"widget\" data-e-type=\"widget\" data-widget_type=\"heading.default\">\n\t\t\t\t<div class=\"elementor-widget-container\">\n\t\t\t\t\t<h3 class=\"elementor-heading-title elementor-size-default\">BABY- &amp; BIBLIO-EMPFANG f\u00fcr Kufsteiner Familien<\/h3>\t\t\t\t<\/div>\n\t\t\t\t<\/div>\n\t\t\t\t<div class=\"elementor-element elementor-element-5b73c0ca elementor-widget elementor-widget-text-editor\" data-id=\"5b73c0ca\" data-element_type=\"widget\" data-e-type=\"widget\" data-widget_type=\"text-editor.default\">\n\t\t\t\t<div class=\"elementor-widget-container\">\n\t\t\t\t\t\t\t\t\t2010 haben Brigitte &#038; Tom den allerersten \u201eBaby-Empfang\u201c mit Gratis-Bilderb\u00fcchern f\u00fcr die kleinesten Kufsteiner B\u00fcrger:innen im Rathaus-Saal initiiert. Inzwischen hat die \u201efamilienfreundlichegemeinde\u201c Kufstein die Aktion \u00fcbernommen. Seither ist das Projekt ist geh\u00f6rig gewachsen und in die kubi Bibliothek \u00fcbersiedelt. Wir Wort.ApothekerInnen freuen uns auf einen heiteren kubi-Vormittag mit vielen Kufsteiner Familien, bunten Bilderb\u00fcchern, Lese.Zwerge-Stationen und mehr.\t\t\t\t\t\t\t\t<\/div>\n\t\t\t\t<\/div>\n\t\t\t\t<div class=\"elementor-element elementor-element-3317a41f elementor-widget elementor-widget-text-editor\" data-id=\"3317a41f\" data-element_type=\"widget\" data-e-type=\"widget\" data-widget_type=\"text-editor.default\">\n\t\t\t\t<div class=\"elementor-widget-container\">\n\t\t\t\t\t\t\t\t\tDie pers\u00f6nlichen EINLADUNGEN an die Familien versendet das Standesamt Kufstein \u2013 wer bei der Geburtsanmeldung des Kindes kein Formular daf\u00fcr abgegeben hat, bitte Stoiber@stadt.kufstein.at mailen!\t\t\t\t\t\t\t\t<\/div>\n\t\t\t\t<\/div>\n\t\t\t\t<div class=\"elementor-element elementor-element-660e66f5 elementor-widget elementor-widget-text-editor\" data-id=\"660e66f5\" data-element_type=\"widget\" data-e-type=\"widget\" data-widget_type=\"text-editor.default\">\n\t\t\t\t<div class=\"elementor-widget-container\">\n\t\t\t\t\t\t\t\t\tWeitere Details via Stadt-Homepage kufstein.at.\t\t\t\t\t\t\t\t<\/div>\n\t\t\t\t<\/div>\n\t\t\t\t<div class=\"elementor-element elementor-element-5b86dbe6 elementor-widget elementor-widget-text-editor\" data-id=\"5b86dbe6\" data-element_type=\"widget\" data-e-type=\"widget\" data-widget_type=\"text-editor.default\">\n\t\t\t\t<div class=\"elementor-widget-container\">\n\t\t\t\t\t\t\t\t\tKooperation mit Familienabteilung Stadt Kufstein &#038; kubi Bibliothek &#038; Raiffeisen Bezirksbank Kufstein\t\t\t\t\t\t\t\t<\/div>\n\t\t\t\t<\/div>\n\t\t\t\t\t<\/div>\n\t\t\t\t<\/div>\n\t\t\t\t\t<\/div>\n\t\t\t\t<\/div>\n\t\t<div class=\"elementor-element elementor-element-24e2ac0e e-flex e-con-boxed e-con e-child\" data-id=\"24e2ac0e\" data-element_type=\"container\" data-e-type=\"container\">\n\t\t\t\t\t<div class=\"e-con-inner\">\n\t\t<div class=\"elementor-element elementor-element-78fd43d9 e-flex e-con-boxed e-con e-child\" data-id=\"78fd43d9\" data-element_type=\"container\" data-e-type=\"container\" data-settings=\"{&quot;background_background&quot;:&quot;classic&quot;}\">\n\t\t\t\t\t<div class=\"e-con-inner\">\n\t\t\t\t<div class=\"elementor-element elementor-element-19da1118 elementor-widget elementor-widget-heading\" data-id=\"19da1118\" data-element_type=\"widget\" data-e-type=\"widget\" data-widget_type=\"heading.default\">\n\t\t\t\t<div class=\"elementor-widget-container\">\n\t\t\t\t\t<h5 class=\"elementor-heading-title elementor-size-default\">Montag 29 September 2026 \u2013 14 Uhr<\/h5>\t\t\t\t<\/div>\n\t\t\t\t<\/div>\n\t\t\t\t\t<\/div>\n\t\t\t\t<\/div>\n\t\t<div class=\"elementor-element elementor-element-5fb6ac6f e-flex e-con-boxed e-con e-child\" data-id=\"5fb6ac6f\" data-element_type=\"container\" data-e-type=\"container\" data-settings=\"{&quot;background_background&quot;:&quot;classic&quot;}\">\n\t\t\t\t\t<div class=\"e-con-inner\">\n\t\t\t\t<div class=\"elementor-element elementor-element-33061b17 elementor-widget elementor-widget-heading\" data-id=\"33061b17\" data-element_type=\"widget\" data-e-type=\"widget\" data-widget_type=\"heading.default\">\n\t\t\t\t<div class=\"elementor-widget-container\">\n\t\t\t\t\t<h3 class=\"elementor-heading-title elementor-size-default\">PAPATOM FAMILIEN.LESUNG f\u00fcr ALLE von 3 \u2013 103 Jahren<\/h3>\t\t\t\t<\/div>\n\t\t\t\t<\/div>\n\t\t\t\t<div class=\"elementor-element elementor-element-22699b05 elementor-widget elementor-widget-text-editor\" data-id=\"22699b05\" data-element_type=\"widget\" data-e-type=\"widget\" data-widget_type=\"text-editor.default\">\n\t\t\t\t<div class=\"elementor-widget-container\">\n\t\t\t\t\t\t\t\t\tVOLKSSCHULE W\u00d6RGL Bibliothek, M. Unterguggenberger-Str. 6\t\t\t\t\t\t\t\t<\/div>\n\t\t\t\t<\/div>\n\t\t\t\t<div class=\"elementor-element elementor-element-32eea729 elementor-widget elementor-widget-text-editor\" data-id=\"32eea729\" data-element_type=\"widget\" data-e-type=\"widget\" data-widget_type=\"text-editor.default\">\n\t\t\t\t<div class=\"elementor-widget-container\">\n\t\t\t\t\t\t\t\t\tmit Tom Lessmore &#038; Leseschlange SISS\t\t\t\t\t\t\t\t<\/div>\n\t\t\t\t<\/div>\n\t\t\t\t<div class=\"elementor-element elementor-element-1639654d elementor-widget elementor-widget-text-editor\" data-id=\"1639654d\" data-element_type=\"widget\" data-e-type=\"widget\" data-widget_type=\"text-editor.default\">\n\t\t\t\t<div class=\"elementor-widget-container\">\n\t\t\t\t\t\t\t\t\tDer September ist PapaToms Lieblingsmonat, denn da fangen Schule und Kindergarten wieder an, und es gibt neue B\u00fccher in den kubi-Regalen! Welche hat die lispelnde Leseschlange Siss wohl diesmal ausgesucht und in den Booksack gepackt? Die zwei sch\u00f6nsten Bilderb\u00fccher lesen Tom &#038; Siss euch vor! Danach gibt\u2019s wie immer noch eine Mini-Bastelei zum Mitnehmen.                                                                                                                                                                 Eintritt FREI, aber nur begrenzte Pl\u00e4tze \u2013 daher ANMELDUNG bei Wort.Apotheke erforderlich: SMS-WhatsApp +43 664 5361088\t\t\t\t\t\t\t\t<\/div>\n\t\t\t\t<\/div>\n\t\t\t\t<div class=\"elementor-element elementor-element-793f1016 elementor-widget elementor-widget-text-editor\" data-id=\"793f1016\" data-element_type=\"widget\" data-e-type=\"widget\" data-widget_type=\"text-editor.default\">\n\t\t\t\t<div class=\"elementor-widget-container\">\n\t\t\t\t\t\t\t\t\tIn Kooperation mit \u00d6ff. Bibliothek W\u00f6rgl &#038; Land Tirol Kultur Bibliotheken\t\t\t\t\t\t\t\t<\/div>\n\t\t\t\t<\/div>\n\t\t\t\t\t<\/div>\n\t\t\t\t<\/div>\n\t\t\t\t\t<\/div>\n\t\t\t\t<\/div>\n\t\t<div class=\"elementor-element elementor-element-5eebc730 e-flex e-con-boxed e-con e-child\" data-id=\"5eebc730\" data-element_type=\"container\" data-e-type=\"container\">\n\t\t\t\t\t<div class=\"e-con-inner\">\n\t\t<div class=\"elementor-element elementor-element-2af338c7 e-flex e-con-boxed e-con e-child\" data-id=\"2af338c7\" data-element_type=\"container\" data-e-type=\"container\" data-settings=\"{&quot;background_background&quot;:&quot;classic&quot;}\">\n\t\t\t\t\t<div class=\"e-con-inner\">\n\t\t\t\t<div class=\"elementor-element elementor-element-66dd6cfa elementor-widget elementor-widget-heading\" data-id=\"66dd6cfa\" data-element_type=\"widget\" data-e-type=\"widget\" data-widget_type=\"heading.default\">\n\t\t\t\t<div class=\"elementor-widget-container\">\n\t\t\t\t\t<h5 class=\"elementor-heading-title elementor-size-default\">Montag 29 September 2026 \u2013 15 Uhr<\/h5>\t\t\t\t<\/div>\n\t\t\t\t<\/div>\n\t\t\t\t\t<\/div>\n\t\t\t\t<\/div>\n\t\t<div class=\"elementor-element elementor-element-151a8dea e-flex e-con-boxed e-con e-child\" data-id=\"151a8dea\" data-element_type=\"container\" data-e-type=\"container\" data-settings=\"{&quot;background_background&quot;:&quot;classic&quot;}\">\n\t\t\t\t\t<div class=\"e-con-inner\">\n\t\t\t\t<div class=\"elementor-element elementor-element-66bfb386 elementor-widget elementor-widget-heading\" data-id=\"66bfb386\" data-element_type=\"widget\" data-e-type=\"widget\" data-widget_type=\"heading.default\">\n\t\t\t\t<div class=\"elementor-widget-container\">\n\t\t\t\t\t<h3 class=\"elementor-heading-title elementor-size-default\">LESE.ZWERGE \u2013MINI-MINTasie Lesung f\u00fcr 1-3 Jahre \u201eDER APFEL ROLLT und ROLLT...\u201c<\/h3>\t\t\t\t<\/div>\n\t\t\t\t<\/div>\n\t\t\t\t<div class=\"elementor-element elementor-element-78229a8d elementor-widget elementor-widget-text-editor\" data-id=\"78229a8d\" data-element_type=\"widget\" data-e-type=\"widget\" data-widget_type=\"text-editor.default\">\n\t\t\t\t<div class=\"elementor-widget-container\">\n\t\t\t\t\t\t\t\t\tVOLKSSCHULE W\u00d6RGL Bibliothek, Michael-Unterguggenberger-Str. 6\t\t\t\t\t\t\t\t<\/div>\n\t\t\t\t<\/div>\n\t\t\t\t<div class=\"elementor-element elementor-element-595a0d77 elementor-widget elementor-widget-text-editor\" data-id=\"595a0d77\" data-element_type=\"widget\" data-e-type=\"widget\" data-widget_type=\"text-editor.default\">\n\t\t\t\t<div class=\"elementor-widget-container\">\n\t\t\t\t\t\t\t\t\tmit Annette WACHINGER &#038; MioRosalind Lesemaus\t\t\t\t\t\t\t\t<\/div>\n\t\t\t\t<\/div>\n\t\t\t\t<div class=\"elementor-element elementor-element-4ef266d7 elementor-widget elementor-widget-text-editor\" data-id=\"4ef266d7\" data-element_type=\"widget\" data-e-type=\"widget\" data-widget_type=\"text-editor.default\">\n\t\t\t\t<div class=\"elementor-widget-container\">\n\t\t\t\t\t\t\t\t\tIm Herbst ist Erntezeit \u2013 da reifen wieder k\u00f6stliche \u00c4pfel an den B\u00e4umen. Oje, da rollt ja einer davon! Wer kann ihn einfangen? Annettes herzige Mitspiellesung l\u00e4dt schlaue kleine Forscher:innen wieder zum Mitmachen, Mitlachen, Staunen und begreifen ein \u2013 und ihre s\u00fc\u00dfen Lesem\u00e4use Mio &#038; Rosalind helfen nat\u00fcrlich mit! Dauer max. 40 min pro Lesung. EINTRITT FREI, aber nur 15 Pl\u00e4tze pro Lesung. ANMELDUNG IMMER erforderlich: SMS\/WhA 0043 664 5361088\t\t\t\t\t\t\t\t<\/div>\n\t\t\t\t<\/div>\n\t\t\t\t<div class=\"elementor-element elementor-element-4b4b26bd elementor-widget elementor-widget-text-editor\" data-id=\"4b4b26bd\" data-element_type=\"widget\" data-e-type=\"widget\" data-widget_type=\"text-editor.default\">\n\t\t\t\t<div class=\"elementor-widget-container\">\n\t\t\t\t\t\t\t\t\tIn Kooperation mit Raiffeisen Bezirksbank Kufstein &#038; Land Tirol Kultur, Bibliotheken &#038; \u00d6B W\u00f6rgl\t\t\t\t\t\t\t\t<\/div>\n\t\t\t\t<\/div>\n\t\t\t\t\t<\/div>\n\t\t\t\t<\/div>\n\t\t\t\t\t<\/div>\n\t\t\t\t<\/div>\n\t\t\t\t\t<\/div>\n\t\t\t\t<\/div>\n\t\t<div class=\"elementor-element elementor-element-455b5d1d e-flex e-con-boxed e-con e-parent\" data-id=\"455b5d1d\" data-element_type=\"container\" data-e-type=\"container\" data-settings=\"{&quot;background_background&quot;:&quot;classic&quot;}\">\n\t\t\t\t\t<div class=\"e-con-inner\">\n\t\t\t\t<div class=\"elementor-element elementor-element-3a3c4daf elementor-widget elementor-widget-heading\" data-id=\"3a3c4daf\" data-element_type=\"widget\" data-e-type=\"widget\" data-widget_type=\"heading.default\">\n\t\t\t\t<div class=\"elementor-widget-container\">\n\t\t\t\t\t<h2 class=\"elementor-heading-title elementor-size-default\">Oktober<\/h2>\t\t\t\t<\/div>\n\t\t\t\t<\/div>\n\t\t<div class=\"elementor-element elementor-element-692af9a5 e-flex e-con-boxed e-con e-child\" data-id=\"692af9a5\" data-element_type=\"container\" data-e-type=\"container\">\n\t\t\t\t\t<div class=\"e-con-inner\">\n\t\t<div class=\"elementor-element elementor-element-51b3d9c3 e-flex e-con-boxed e-con e-child\" data-id=\"51b3d9c3\" data-element_type=\"container\" data-e-type=\"container\" data-settings=\"{&quot;background_background&quot;:&quot;classic&quot;}\">\n\t\t\t\t\t<div class=\"e-con-inner\">\n\t\t\t\t<div class=\"elementor-element elementor-element-46c1ed52 elementor-widget elementor-widget-heading\" data-id=\"46c1ed52\" data-element_type=\"widget\" data-e-type=\"widget\" data-widget_type=\"heading.default\">\n\t\t\t\t<div class=\"elementor-widget-container\">\n\t\t\t\t\t<h5 class=\"elementor-heading-title elementor-size-default\">Montag 05 Oktober 2026 \u2013 15 Uhr \u2013 kubi Bibliothek<\/h5>\t\t\t\t<\/div>\n\t\t\t\t<\/div>\n\t\t\t\t\t<\/div>\n\t\t\t\t<\/div>\n\t\t<div class=\"elementor-element elementor-element-4ee30dd6 e-flex e-con-boxed e-con e-child\" data-id=\"4ee30dd6\" data-element_type=\"container\" data-e-type=\"container\" data-settings=\"{&quot;background_background&quot;:&quot;classic&quot;}\">\n\t\t\t\t\t<div class=\"e-con-inner\">\n\t\t\t\t<div class=\"elementor-element elementor-element-54af89db elementor-widget elementor-widget-heading\" data-id=\"54af89db\" data-element_type=\"widget\" data-e-type=\"widget\" data-widget_type=\"heading.default\">\n\t\t\t\t<div class=\"elementor-widget-container\">\n\t\t\t\t\t<h3 class=\"elementor-heading-title elementor-size-default\">PAPATOM FAMILIEN.LESUNG f\u00fcr ALLE von 3 \u2013 103 Jahren<\/h3>\t\t\t\t<\/div>\n\t\t\t\t<\/div>\n\t\t\t\t<div class=\"elementor-element elementor-element-480a40f0 elementor-widget elementor-widget-text-editor\" data-id=\"480a40f0\" data-element_type=\"widget\" data-e-type=\"widget\" data-widget_type=\"text-editor.default\">\n\t\t\t\t<div class=\"elementor-widget-container\">\n\t\t\t\t\t\t\t\t\tmit Tom Lessmore &#038; Leseschlange SISS\t\t\t\t\t\t\t\t<\/div>\n\t\t\t\t<\/div>\n\t\t\t\t<div class=\"elementor-element elementor-element-652ceaa elementor-widget elementor-widget-text-editor\" data-id=\"652ceaa\" data-element_type=\"widget\" data-e-type=\"widget\" data-widget_type=\"text-editor.default\">\n\t\t\t\t<div class=\"elementor-widget-container\">\n\t\t\t\t\t\t\t\t\tDer Oktober ist PapaToms Lieblingsmonat, denn da rascheln bunte Bl\u00e4tter in den kubi-Regalen, und es gibt N\u00fcsse, Zapfen und mehr! Welche Bilderb\u00fccher hat die lispelnde Leseschlange Siss wohl diesmal ausgesucht und in den Booksack gepackt? Die zwei sch\u00f6nsten lesen Tom und Siss euch vor!\t\t\t\t\t\t\t\t<\/div>\n\t\t\t\t<\/div>\n\t\t\t\t<div class=\"elementor-element elementor-element-259ae2ca elementor-widget elementor-widget-text-editor\" data-id=\"259ae2ca\" data-element_type=\"widget\" data-e-type=\"widget\" data-widget_type=\"text-editor.default\">\n\t\t\t\t<div class=\"elementor-widget-container\">\n\t\t\t\t\t\t\t\t\tEINTRITT FREI, aber nur begrenzte Pl\u00e4tze \u2013 daher ANMELDUNG bei Wort.Apotheke erforderlich: SMS-WhatsApp +43 664 5361088\t\t\t\t\t\t\t\t<\/div>\n\t\t\t\t<\/div>\n\t\t\t\t<div class=\"elementor-element elementor-element-7c547e65 elementor-widget elementor-widget-text-editor\" data-id=\"7c547e65\" data-element_type=\"widget\" data-e-type=\"widget\" data-widget_type=\"text-editor.default\">\n\t\t\t\t<div class=\"elementor-widget-container\">\n\t\t\t\t\t\t\t\t\tIn Kooperation mit kubi Bibliothek f\u00fcr Wissenschaft und Freizeit\t\t\t\t\t\t\t\t<\/div>\n\t\t\t\t<\/div>\n\t\t\t\t\t<\/div>\n\t\t\t\t<\/div>\n\t\t\t\t\t<\/div>\n\t\t\t\t<\/div>\n\t\t<div class=\"elementor-element elementor-element-49c14cf9 e-flex e-con-boxed e-con e-child\" data-id=\"49c14cf9\" data-element_type=\"container\" data-e-type=\"container\">\n\t\t\t\t\t<div class=\"e-con-inner\">\n\t\t<div class=\"elementor-element elementor-element-d7be5cf e-flex e-con-boxed e-con e-child\" data-id=\"d7be5cf\" data-element_type=\"container\" data-e-type=\"container\" data-settings=\"{&quot;background_background&quot;:&quot;classic&quot;}\">\n\t\t\t\t\t<div class=\"e-con-inner\">\n\t\t\t\t<div class=\"elementor-element elementor-element-714f98fd elementor-widget elementor-widget-heading\" data-id=\"714f98fd\" data-element_type=\"widget\" data-e-type=\"widget\" data-widget_type=\"heading.default\">\n\t\t\t\t<div class=\"elementor-widget-container\">\n\t\t\t\t\t<h5 class=\"elementor-heading-title elementor-size-default\">DI 06 Oktober 2026 \u2013 15 Uhr + 16 Uhr \u2013 kubi Bibliothek<\/h5>\t\t\t\t<\/div>\n\t\t\t\t<\/div>\n\t\t\t\t\t<\/div>\n\t\t\t\t<\/div>\n\t\t<div class=\"elementor-element elementor-element-6e07f83 e-flex e-con-boxed e-con e-child\" data-id=\"6e07f83\" data-element_type=\"container\" data-e-type=\"container\" data-settings=\"{&quot;background_background&quot;:&quot;classic&quot;}\">\n\t\t\t\t\t<div class=\"e-con-inner\">\n\t\t\t\t<div class=\"elementor-element elementor-element-1d860711 elementor-widget elementor-widget-heading\" data-id=\"1d860711\" data-element_type=\"widget\" data-e-type=\"widget\" data-widget_type=\"heading.default\">\n\t\t\t\t<div class=\"elementor-widget-container\">\n\t\t\t\t\t<h3 class=\"elementor-heading-title elementor-size-default\">LESE.ZWERGE \u2013 MITSPIELLESUNG \u201eDIE K\u00dcRBISMAUS\u201c<\/h3>\t\t\t\t<\/div>\n\t\t\t\t<\/div>\n\t\t\t\t<div class=\"elementor-element elementor-element-1ea8f89d elementor-widget elementor-widget-text-editor\" data-id=\"1ea8f89d\" data-element_type=\"widget\" data-e-type=\"widget\" data-widget_type=\"text-editor.default\">\n\t\t\t\t<div class=\"elementor-widget-container\">\n\t\t\t\t\t\t\t\t\tmit Annette WACHINGER &#038; MioRosalind Lesemaus\t\t\t\t\t\t\t\t<\/div>\n\t\t\t\t<\/div>\n\t\t\t\t<div class=\"elementor-element elementor-element-351c4ec elementor-widget elementor-widget-text-editor\" data-id=\"351c4ec\" data-element_type=\"widget\" data-e-type=\"widget\" data-widget_type=\"text-editor.default\">\n\t\t\t\t<div class=\"elementor-widget-container\">\n\t\t\t\t\t\t\t\t\tDer Herbst ist da und die N\u00e4chte werden k\u00fchler \u2013 aber die kleine Maus hat kein Haus&#8230; Wer kann ihr wohl helfen? Annettes herzige Mitspiellesung l\u00e4dt wieder zum Mitmachen, Mitlachen, Singen und Staunen ein \u2013 und ihre s\u00fc\u00dfen Lesem\u00e4use Mio &#038; Rosalind spielen nat\u00fcrlich mit! Dauer max. 40 min.\t\t\t\t\t\t\t\t<\/div>\n\t\t\t\t<\/div>\n\t\t\t\t<div class=\"elementor-element elementor-element-66c9f1a7 elementor-widget elementor-widget-text-editor\" data-id=\"66c9f1a7\" data-element_type=\"widget\" data-e-type=\"widget\" data-widget_type=\"text-editor.default\">\n\t\t\t\t<div class=\"elementor-widget-container\">\n\t\t\t\t\t\t\t\t\tEINTRITT FREI, aber nur 15 Pl\u00e4tze pro Lesung, daher ANMELDUNG IMMER erforderlich: SMS\/WA 0043 664 5361088\t\t\t\t\t\t\t\t<\/div>\n\t\t\t\t<\/div>\n\t\t\t\t<div class=\"elementor-element elementor-element-12c23ba elementor-widget elementor-widget-text-editor\" data-id=\"12c23ba\" data-element_type=\"widget\" data-e-type=\"widget\" data-widget_type=\"text-editor.default\">\n\t\t\t\t<div class=\"elementor-widget-container\">\n\t\t\t\t\t\t\t\t\tIn Kooperation mit kubi Bibliothek &#038; Raiffeisen Bezirksbank Kufstein\t\t\t\t\t\t\t\t<\/div>\n\t\t\t\t<\/div>\n\t\t\t\t\t<\/div>\n\t\t\t\t<\/div>\n\t\t\t\t\t<\/div>\n\t\t\t\t<\/div>\n\t\t<div class=\"elementor-element elementor-element-52e22c7e e-flex e-con-boxed e-con e-child\" data-id=\"52e22c7e\" data-element_type=\"container\" data-e-type=\"container\">\n\t\t\t\t\t<div class=\"e-con-inner\">\n\t\t<div class=\"elementor-element elementor-element-18669c45 e-flex e-con-boxed e-con e-child\" data-id=\"18669c45\" data-element_type=\"container\" data-e-type=\"container\" data-settings=\"{&quot;background_background&quot;:&quot;classic&quot;}\">\n\t\t\t\t\t<div class=\"e-con-inner\">\n\t\t\t\t<div class=\"elementor-element elementor-element-12124604 elementor-widget elementor-widget-heading\" data-id=\"12124604\" data-element_type=\"widget\" data-e-type=\"widget\" data-widget_type=\"heading.default\">\n\t\t\t\t<div class=\"elementor-widget-container\">\n\t\t\t\t\t<h5 class=\"elementor-heading-title elementor-size-default\">SA 10 Oktober 09:30 \u2013 13:00 Uhr, KulturEck Wildsch\u00f6nau, Oberau 77,<\/h5>\t\t\t\t<\/div>\n\t\t\t\t<\/div>\n\t\t\t\t\t<\/div>\n\t\t\t\t<\/div>\n\t\t<div class=\"elementor-element elementor-element-39982851 e-flex e-con-boxed e-con e-child\" data-id=\"39982851\" data-element_type=\"container\" data-e-type=\"container\" data-settings=\"{&quot;background_background&quot;:&quot;classic&quot;}\">\n\t\t\t\t\t<div class=\"e-con-inner\">\n\t\t\t\t<div class=\"elementor-element elementor-element-7bc3141e elementor-widget elementor-widget-heading\" data-id=\"7bc3141e\" data-element_type=\"widget\" data-e-type=\"widget\" data-widget_type=\"heading.default\">\n\t\t\t\t<div class=\"elementor-widget-container\">\n\t\t\t\t\t<h3 class=\"elementor-heading-title elementor-size-default\">AUS.HALTEN \u2013 SCHREIBWERKSTATT f\u00fcr FRAUEN von 16-106<\/h3>\t\t\t\t<\/div>\n\t\t\t\t<\/div>\n\t\t\t\t<div class=\"elementor-element elementor-element-3dd4b614 elementor-widget elementor-widget-text-editor\" data-id=\"3dd4b614\" data-element_type=\"widget\" data-e-type=\"widget\" data-widget_type=\"text-editor.default\">\n\t\t\t\t<div class=\"elementor-widget-container\">\n\t\t\t\t\t\t\t\t\tSCHREIBEN ist eine absolut demokratische und niederschwellige Ausdrucksform: wir alle haben es mal gelernt, man\/frau braucht keine teure Ausr\u00fcstung und kann praktisch \u00fcberall t\u00e4tig sein. \u00dcberdies sind in unseren K\u00f6pfen ohnehin st\u00e4ndig Worte und S\u00e4tze pr\u00e4sent \u2013 oft wirre, emotionale oder sogar selbstqu\u00e4lerische.\t\t\t\t\t\t\t\t<\/div>\n\t\t\t\t<\/div>\n\t\t\t\t<div class=\"elementor-element elementor-element-fc92ce7 elementor-widget elementor-widget-text-editor\" data-id=\"fc92ce7\" data-element_type=\"widget\" data-e-type=\"widget\" data-widget_type=\"text-editor.default\">\n\t\t\t\t<div class=\"elementor-widget-container\">\n\t\t\t\t\t\t\t\t\tAber mit Stift und Papier habe ICH SELBST die Macht \u00fcber meine Gedanken-Flut!\t\t\t\t\t\t\t\t<\/div>\n\t\t\t\t<\/div>\n\t\t\t\t<div class=\"elementor-element elementor-element-33acb391 elementor-widget elementor-widget-text-editor\" data-id=\"33acb391\" data-element_type=\"widget\" data-e-type=\"widget\" data-widget_type=\"text-editor.default\">\n\t\t\t\t<div class=\"elementor-widget-container\">\n\t\t\t\t\t\t\t\t\tIch kann kurz inne-halten, fl\u00fcchtige Ideen und Gef\u00fchle fest-halten, und danach vieles leichter aus-halten&#8230; Durch einfache Schreibimpulse mache ich die Erfahrung, wie ungemein strukturierend, tr\u00f6stlich, befreiend und sogar heilend WORTE wirken, die ich in meinem \u201eLebensjournal\u201c zuerst nach innen an mich und erst sp\u00e4ter &#8211; vielleicht &#8211; nach au\u00dfen richte.\t\t\t\t\t\t\t\t<\/div>\n\t\t\t\t<\/div>\n\t\t\t\t<div class=\"elementor-element elementor-element-3789d965 elementor-widget elementor-widget-text-editor\" data-id=\"3789d965\" data-element_type=\"widget\" data-e-type=\"widget\" data-widget_type=\"text-editor.default\">\n\t\t\t\t<div class=\"elementor-widget-container\">\n\t\t\t\t\t\t\t\t\tAutorin Brigitte Weninger hat rund 80 Kinderb\u00fccher publiziert und in ihren WILDE KAISERIN Berg.Seminaren 20 Jahre lang hunderte Frauen auf wilden Wegen begleitet. Heute leitet sie mit weiteren AutorInnen den WILDEN SCHREIBCLUB und die WORT.APOTHEKE.\t\t\t\t\t\t\t\t<\/div>\n\t\t\t\t<\/div>\n\t\t\t\t<div class=\"elementor-element elementor-element-2c7e7758 elementor-widget elementor-widget-text-editor\" data-id=\"2c7e7758\" data-element_type=\"widget\" data-e-type=\"widget\" data-widget_type=\"text-editor.default\">\n\t\t\t\t<div class=\"elementor-widget-container\">\n\t\t\t\t\t\t\t\t\tIn der biografisch-kreativen AUS.HALTEN Schreibwerkstatt gibt Brigitte praktische Tools und kraftvolle Schreibrezepte weiter, die sofort wirken \u2013 sofern wir sie auch anwenden.\t\t\t\t\t\t\t\t<\/div>\n\t\t\t\t<\/div>\n\t\t\t\t<div class=\"elementor-element elementor-element-675a1650 elementor-widget elementor-widget-text-editor\" data-id=\"675a1650\" data-element_type=\"widget\" data-e-type=\"widget\" data-widget_type=\"text-editor.default\">\n\t\t\t\t<div class=\"elementor-widget-container\">\n\t\t\t\t\t\t\t\t\tKeine Vor- oder Duden-Kenntnisse erforderlich. Es darf gern in der Muttersprache geschrieben werden. Bitte Schreibutensilien mitbringen! Maximal 16 Teilnehmerinnen.\t\t\t\t\t\t\t\t<\/div>\n\t\t\t\t<\/div>\n\t\t\t\t<div class=\"elementor-element elementor-element-1fbe5553 elementor-widget elementor-widget-text-editor\" data-id=\"1fbe5553\" data-element_type=\"widget\" data-e-type=\"widget\" data-widget_type=\"text-editor.default\">\n\t\t\t\t<div class=\"elementor-widget-container\">\n\t\t\t\t\t\t\t\t\tANMELDUNG &#038; Detail-Infos: +43(0)6645361088 \u2013 Teilnahmegeb\u00fchr: EUR 39,00\t\t\t\t\t\t\t\t<\/div>\n\t\t\t\t<\/div>\n\t\t\t\t<div class=\"elementor-element elementor-element-76f7422f elementor-widget elementor-widget-text-editor\" data-id=\"76f7422f\" data-element_type=\"widget\" data-e-type=\"widget\" data-widget_type=\"text-editor.default\">\n\t\t\t\t<div class=\"elementor-widget-container\">\n\t\t\t\t\t\t\t\t\tIn Kooperation mit Netzwerk WeitSichtFrau &#038; Projekt TKI_open 26, Land Tirol Kultur\t\t\t\t\t\t\t\t<\/div>\n\t\t\t\t<\/div>\n\t\t\t\t\t<\/div>\n\t\t\t\t<\/div>\n\t\t\t\t\t<\/div>\n\t\t\t\t<\/div>\n\t\t<div class=\"elementor-element elementor-element-17cf18c2 e-flex e-con-boxed e-con e-child\" data-id=\"17cf18c2\" data-element_type=\"container\" data-e-type=\"container\" data-settings=\"{&quot;background_background&quot;:&quot;classic&quot;}\">\n\t\t\t\t\t<div class=\"e-con-inner\">\n\t\t\t\t<div class=\"elementor-element elementor-element-2badc871 elementor-widget elementor-widget-heading\" data-id=\"2badc871\" data-element_type=\"widget\" data-e-type=\"widget\" data-widget_type=\"heading.default\">\n\t\t\t\t<div class=\"elementor-widget-container\">\n\t\t\t\t\t<h6 class=\"elementor-heading-title elementor-size-default\">FOTO.EXPO_w\u00f6rgl26<\/h6>\t\t\t\t<\/div>\n\t\t\t\t<\/div>\n\t\t\t\t<div class=\"elementor-element elementor-element-478fa8e6 elementor-widget elementor-widget-heading\" data-id=\"478fa8e6\" data-element_type=\"widget\" data-e-type=\"widget\" data-widget_type=\"heading.default\">\n\t\t\t\t<div class=\"elementor-widget-container\">\n\t\t\t\t\t<h2 class=\"elementor-heading-title elementor-size-default\">FOTO.EXPO_w\u00f6rgl26<\/h2>\t\t\t\t<\/div>\n\t\t\t\t<\/div>\n\t\t\t\t<div class=\"elementor-element elementor-element-6f7f7fb3 elementor-widget elementor-widget-heading\" data-id=\"6f7f7fb3\" data-element_type=\"widget\" data-e-type=\"widget\" data-widget_type=\"heading.default\">\n\t\t\t\t<div class=\"elementor-widget-container\">\n\t\t\t\t\t<h5 class=\"elementor-heading-title elementor-size-default\">SA 17. \u2013 FR 30. Oktober 2026<\/h5>\t\t\t\t<\/div>\n\t\t\t\t<\/div>\n\t\t\t\t<div class=\"elementor-element elementor-element-23e9f207 elementor-widget elementor-widget-text-editor\" data-id=\"23e9f207\" data-element_type=\"widget\" data-e-type=\"widget\" data-widget_type=\"text-editor.default\">\n\t\t\t\t<div class=\"elementor-widget-container\">\n\t\t\t\t\t\t\t\t\t\u201eMOMENTUM\u201c\t\t\t\t\t\t\t\t<\/div>\n\t\t\t\t<\/div>\n\t\t\t\t<div class=\"elementor-element elementor-element-61ec1e93 elementor-widget elementor-widget-text-editor\" data-id=\"61ec1e93\" data-element_type=\"widget\" data-e-type=\"widget\" data-widget_type=\"text-editor.default\">\n\t\t\t\t<div class=\"elementor-widget-container\">\n\t\t\t\t\t\t\t\t\tGalerie am Stadtplatz, Josef-Speckbacher-Str. 17, 6300 W\u00f6rgl\t\t\t\t\t\t\t\t<\/div>\n\t\t\t\t<\/div>\n\t\t\t\t<div class=\"elementor-element elementor-element-724634ed elementor-widget elementor-widget-text-editor\" data-id=\"724634ed\" data-element_type=\"widget\" data-e-type=\"widget\" data-widget_type=\"text-editor.default\">\n\t\t\t\t<div class=\"elementor-widget-container\">\n\t\t\t\t\t\t\t\t\tVERNISSAGE am FR 16 Oktober um 19:00 Uhr\t\t\t\t\t\t\t\t<\/div>\n\t\t\t\t<\/div>\n\t\t\t\t<div class=\"elementor-element elementor-element-6e5fe64f elementor-widget elementor-widget-text-editor\" data-id=\"6e5fe64f\" data-element_type=\"widget\" data-e-type=\"widget\" data-widget_type=\"text-editor.default\">\n\t\t\t\t<div class=\"elementor-widget-container\">\n\t\t\t\t\t\t\t\t\tVon SA 17. \u2013 FR 30. Oktober t\u00e4glich 16 Uhr &#8211; 19 Uhr ge\u00f6ffnet. EINTRITT FREI.\t\t\t\t\t\t\t\t<\/div>\n\t\t\t\t<\/div>\n\t\t\t\t<div class=\"elementor-element elementor-element-6c5bbc3f elementor-widget elementor-widget-text-editor\" data-id=\"6c5bbc3f\" data-element_type=\"widget\" data-e-type=\"widget\" data-widget_type=\"text-editor.default\">\n\t\t\t\t<div class=\"elementor-widget-container\">\n\t\t\t\t\t\t\t\t\tZum ersten Mal l\u00e4dt die WORT.APOTHEKE mit Projektleiter Kurt MONAUNI zu einer FOTO.EXPO mit\t\t\t\t\t\t\t\t<\/div>\n\t\t\t\t<\/div>\n\t\t\t\t<div class=\"elementor-element elementor-element-b1aec57 elementor-widget elementor-widget-text-editor\" data-id=\"b1aec57\" data-element_type=\"widget\" data-e-type=\"widget\" data-widget_type=\"text-editor.default\">\n\t\t\t\t<div class=\"elementor-widget-container\">\n\t\t\t\t\t\t\t\t\tsieben FotografInnen aus\/um W\u00f6rgl in die Galerie am Stadtplatz, Speckbacher-Stra\u00dfe 17, 6300 W\u00f6rgl (ehem. Polylog) ein.\t\t\t\t\t\t\t\t<\/div>\n\t\t\t\t<\/div>\n\t\t\t\t<div class=\"elementor-element elementor-element-30257aa7 elementor-widget elementor-widget-text-editor\" data-id=\"30257aa7\" data-element_type=\"widget\" data-e-type=\"widget\" data-widget_type=\"text-editor.default\">\n\t\t\t\t<div class=\"elementor-widget-container\">\n\t\t\t\t\t\t\t\t\tZu sehen sind Fotografien von:\t\t\t\t\t\t\t\t<\/div>\n\t\t\t\t<\/div>\n\t\t\t\t<div class=\"elementor-element elementor-element-55d6911f elementor-widget elementor-widget-text-editor\" data-id=\"55d6911f\" data-element_type=\"widget\" data-e-type=\"widget\" data-widget_type=\"text-editor.default\">\n\t\t\t\t<div class=\"elementor-widget-container\">\n\t\t\t\t\t\t\t\t\t<p>Johannes FRANKE \u2013 Ebbs<\/p>\t\t\t\t\t\t\t\t<\/div>\n\t\t\t\t<\/div>\n\t\t\t\t<div class=\"elementor-element elementor-element-183fb4f3 elementor-widget elementor-widget-text-editor\" data-id=\"183fb4f3\" data-element_type=\"widget\" data-e-type=\"widget\" data-widget_type=\"text-editor.default\">\n\t\t\t\t<div class=\"elementor-widget-container\">\n\t\t\t\t\t\t\t\t\t<p>Ulli HENK \u2013 Schwoich<\/p>\t\t\t\t\t\t\t\t<\/div>\n\t\t\t\t<\/div>\n\t\t\t\t<div class=\"elementor-element elementor-element-66d7eabc elementor-widget elementor-widget-text-editor\" data-id=\"66d7eabc\" data-element_type=\"widget\" data-e-type=\"widget\" data-widget_type=\"text-editor.default\">\n\t\t\t\t<div class=\"elementor-widget-container\">\n\t\t\t\t\t\t\t\t\tKurt MONAUNI \u2013 W\u00f6rgl\t\t\t\t\t\t\t\t<\/div>\n\t\t\t\t<\/div>\n\t\t\t\t<div class=\"elementor-element elementor-element-5d8c5a77 elementor-widget elementor-widget-text-editor\" data-id=\"5d8c5a77\" data-element_type=\"widget\" data-e-type=\"widget\" data-widget_type=\"text-editor.default\">\n\t\t\t\t<div class=\"elementor-widget-container\">\n\t\t\t\t\t\t\t\t\tHelmuth MUSSNER \u2013 W\u00f6rgl\t\t\t\t\t\t\t\t<\/div>\n\t\t\t\t<\/div>\n\t\t\t\t<div class=\"elementor-element elementor-element-77200c0d elementor-widget elementor-widget-text-editor\" data-id=\"77200c0d\" data-element_type=\"widget\" data-e-type=\"widget\" data-widget_type=\"text-editor.default\">\n\t\t\t\t<div class=\"elementor-widget-container\">\n\t\t\t\t\t\t\t\t\tWerner NEURURER \u2013 Angerberg\t\t\t\t\t\t\t\t<\/div>\n\t\t\t\t<\/div>\n\t\t\t\t<div class=\"elementor-element elementor-element-7133d1ae elementor-widget elementor-widget-text-editor\" data-id=\"7133d1ae\" data-element_type=\"widget\" data-e-type=\"widget\" data-widget_type=\"text-editor.default\">\n\t\t\t\t<div class=\"elementor-widget-container\">\n\t\t\t\t\t\t\t\t\tCornelia SOLDERER \u2013 W\u00f6rgl\t\t\t\t\t\t\t\t<\/div>\n\t\t\t\t<\/div>\n\t\t\t\t<div class=\"elementor-element elementor-element-7efbbcf2 elementor-widget elementor-widget-text-editor\" data-id=\"7efbbcf2\" data-element_type=\"widget\" data-e-type=\"widget\" data-widget_type=\"text-editor.default\">\n\t\t\t\t<div class=\"elementor-widget-container\">\n\t\t\t\t\t\t\t\t\tJosef WEISSBACHER \u2013 Radfeld\t\t\t\t\t\t\t\t<\/div>\n\t\t\t\t<\/div>\n\t\t\t\t<div class=\"elementor-element elementor-element-7b085d36 elementor-widget elementor-widget-text-editor\" data-id=\"7b085d36\" data-element_type=\"widget\" data-e-type=\"widget\" data-widget_type=\"text-editor.default\">\n\t\t\t\t<div class=\"elementor-widget-container\">\n\t\t\t\t\t\t\t\t\tDie sieben FotografInnen pr\u00e4sentieren unter dem Titel MOMENTUM einen facettenreichen Blick auf das, was nur wirklich gute Bilder k\u00f6nnen: Geschichten ganz ohne Worte zu erz\u00e4hlen.\t\t\t\t\t\t\t\t<\/div>\n\t\t\t\t<\/div>\n\t\t\t\t<div class=\"elementor-element elementor-element-889cc elementor-widget elementor-widget-text-editor\" data-id=\"889cc\" data-element_type=\"widget\" data-e-type=\"widget\" data-widget_type=\"text-editor.default\">\n\t\t\t\t<div class=\"elementor-widget-container\">\n\t\t\t\t\t\t\t\t\tDabei geht es den K\u00fcnstlerInnen weniger darum, einen bestimmten Moment fotografisch festzuhalten, sondern um das MOMENTUM \u2013 jenen kaum wahrnehmbaren Augenblick, in dem sich etwas neu entwickelt, um dann in eine positive oder negative Richtung zu laufen.\t\t\t\t\t\t\t\t<\/div>\n\t\t\t\t<\/div>\n\t\t\t\t<div class=\"elementor-element elementor-element-6bb38db8 elementor-widget elementor-widget-text-editor\" data-id=\"6bb38db8\" data-element_type=\"widget\" data-e-type=\"widget\" data-widget_type=\"text-editor.default\">\n\t\t\t\t<div class=\"elementor-widget-container\">\n\t\t\t\t\t\t\t\t\tSo sind die vielschichtigen Natur-, Architektur-, Portr\u00e4t-, Tier-, Street- und Schwarz-Wei\u00df-Fotografien auch keine blo\u00dfen \u201eAbbildungen\u201c, sondern individuelle Ausgangspunkte, die in den BesucherInnen Emotionen und Erinnerungen wecken und sie zum Gespr\u00e4ch einladen wollen.\t\t\t\t\t\t\t\t<\/div>\n\t\t\t\t<\/div>\n\t\t\t\t<div class=\"elementor-element elementor-element-63af1e49 elementor-widget elementor-widget-text-editor\" data-id=\"63af1e49\" data-element_type=\"widget\" data-e-type=\"widget\" data-widget_type=\"text-editor.default\">\n\t\t\t\t<div class=\"elementor-widget-container\">\n\t\t\t\t\t\t\t\t\tNach der Vernissage am FR 16. Oktober um 19:00 Uhr ist die FOTO.EXPOwoergl26 T\u00c4GLICH von 16 bis 19 Uhr bei freiem Eintritt ge\u00f6ffnet. Die jeweils anwesenden FotografInnen freuen sich auf interessierten Besuch und stehen gern f\u00fcr fachliche Tipps und Gespr\u00e4che zur Verf\u00fcgung.\t\t\t\t\t\t\t\t<\/div>\n\t\t\t\t<\/div>\n\t\t\t\t<div class=\"elementor-element elementor-element-63f8a220 elementor-widget elementor-widget-text-editor\" data-id=\"63f8a220\" data-element_type=\"widget\" data-e-type=\"widget\" data-widget_type=\"text-editor.default\">\n\t\t\t\t<div class=\"elementor-widget-container\">\n\t\t\t\t\t\t\t\t\tZus\u00e4tzlich bietet das Wort.Apotheke-Team im kunstgenre-\u00fcbergreifendes BEGLEITPROGRAMM Events f\u00fcr Kinder, Familien, Sch\u00fclerInnen und Erwachsene an.\t\t\t\t\t\t\t\t<\/div>\n\t\t\t\t<\/div>\n\t\t\t\t<div class=\"elementor-element elementor-element-252a4a68 elementor-widget elementor-widget-text-editor\" data-id=\"252a4a68\" data-element_type=\"widget\" data-e-type=\"widget\" data-widget_type=\"text-editor.default\">\n\t\t\t\t<div class=\"elementor-widget-container\">\n\t\t\t\t\t\t\t\t\tNeben den sechs \u00f6ffentlichen Events finden auch f\u00fcnf WORKSHOPS f\u00fcr Schulklassen\/Gruppen statt.\t\t\t\t\t\t\t\t<\/div>\n\t\t\t\t<\/div>\n\t\t\t\t<div class=\"elementor-element elementor-element-6c11084a elementor-widget elementor-widget-text-editor\" data-id=\"6c11084a\" data-element_type=\"widget\" data-e-type=\"widget\" data-widget_type=\"text-editor.default\">\n\t\t\t\t<div class=\"elementor-widget-container\">\n\t\t\t\t\t\t\t\t\tAlle Infos und Anmeldungen bei Wort.Apotheke +43 664 5361088\t\t\t\t\t\t\t\t<\/div>\n\t\t\t\t<\/div>\n\t\t\t\t<div class=\"elementor-element elementor-element-3520f93a elementor-widget elementor-widget-heading\" data-id=\"3520f93a\" data-element_type=\"widget\" data-e-type=\"widget\" data-widget_type=\"heading.default\">\n\t\t\t\t<div class=\"elementor-widget-container\">\n\t\t\t\t\t<h3 class=\"elementor-heading-title elementor-size-default\">FOTO.EXPO VERANSTALTUNGEN<\/h3>\t\t\t\t<\/div>\n\t\t\t\t<\/div>\n\t\t<div class=\"elementor-element elementor-element-4cbb8744 e-flex e-con-boxed e-con e-child\" data-id=\"4cbb8744\" data-element_type=\"container\" data-e-type=\"container\" data-settings=\"{&quot;background_background&quot;:&quot;classic&quot;}\">\n\t\t\t\t\t<div class=\"e-con-inner\">\n\t\t\t\t<div class=\"elementor-element elementor-element-203d035 elementor-widget elementor-widget-heading\" data-id=\"203d035\" data-element_type=\"widget\" data-e-type=\"widget\" data-widget_type=\"heading.default\">\n\t\t\t\t<div class=\"elementor-widget-container\">\n\t\t\t\t\t<h4 class=\"elementor-heading-title elementor-size-default\">01 \u00b7 FAMILIEN.LESUNG f\u00fcr ALLE \u2013 \u201eSAGENHAFTES W\u00d6RGL\u201c<\/h4>\t\t\t\t<\/div>\n\t\t\t\t<\/div>\n\t\t\t\t<div class=\"elementor-element elementor-element-25dad3a6 elementor-widget elementor-widget-heading\" data-id=\"25dad3a6\" data-element_type=\"widget\" data-e-type=\"widget\" data-widget_type=\"heading.default\">\n\t\t\t\t<div class=\"elementor-widget-container\">\n\t\t\t\t\t<h6 class=\"elementor-heading-title elementor-size-default\">MO 19. Oktober 2026 \u2013 14 Uhr \u2013 Galerie am Stadtplatz W\u00f6rgl<\/h6>\t\t\t\t<\/div>\n\t\t\t\t<\/div>\n\t\t\t\t<div class=\"elementor-element elementor-element-7c3d731b elementor-widget elementor-widget-text-editor\" data-id=\"7c3d731b\" data-element_type=\"widget\" data-e-type=\"widget\" data-widget_type=\"text-editor.default\">\n\t\t\t\t<div class=\"elementor-widget-container\">\n\t\t\t\t\t\t\t\t\tf\u00fcr Familien mit Kindern von 5 bis ca. 10 Jahren\t\t\t\t\t\t\t\t<\/div>\n\t\t\t\t<\/div>\n\t\t\t\t<div class=\"elementor-element elementor-element-5bc2abf elementor-widget elementor-widget-text-editor\" data-id=\"5bc2abf\" data-element_type=\"widget\" data-e-type=\"widget\" data-widget_type=\"text-editor.default\">\n\t\t\t\t<div class=\"elementor-widget-container\">\n\t\t\t\t\t\t\t\t\tmit Autor \/ Literaturcoach Tom Lessmore\t\t\t\t\t\t\t\t<\/div>\n\t\t\t\t<\/div>\n\t\t\t\t<div class=\"elementor-element elementor-element-2f6539fe elementor-widget elementor-widget-text-editor\" data-id=\"2f6539fe\" data-element_type=\"widget\" data-e-type=\"widget\" data-widget_type=\"text-editor.default\">\n\t\t\t\t<div class=\"elementor-widget-container\">\n\t\t\t\t\t\t\t\t\tAuch die Region und Stadt W\u00f6rgl hat eine geheimnisvolle Vergangenheit, die in spannenden Geschichten weitergegeben wurde. Wort.Apotheker Tom LESSMORE kennt viele davon und erz\u00e4hlt euch unheimliche und lustige W\u00f6rgl-Sagen. Danach gibt\u2019s wie immer Gie\u00dfkannen-Saft und eine Mini-Bastelei zum Mitnehmen! Dauer: ca. 50 min.\t\t\t\t\t\t\t\t<\/div>\n\t\t\t\t<\/div>\n\t\t\t\t<div class=\"elementor-element elementor-element-22708ea1 elementor-widget elementor-widget-text-editor\" data-id=\"22708ea1\" data-element_type=\"widget\" data-e-type=\"widget\" data-widget_type=\"text-editor.default\">\n\t\t\t\t<div class=\"elementor-widget-container\">\n\t\t\t\t\t\t\t\t\tEINTRITT FREI, aber nur begrenzte Pl\u00e4tze \u2013 dh. ANMELDUNG bei Wort.Apotheke erforderlich:\t\t\t\t\t\t\t\t<\/div>\n\t\t\t\t<\/div>\n\t\t\t\t<div class=\"elementor-element elementor-element-365481ed elementor-widget elementor-widget-text-editor\" data-id=\"365481ed\" data-element_type=\"widget\" data-e-type=\"widget\" data-widget_type=\"text-editor.default\">\n\t\t\t\t<div class=\"elementor-widget-container\">\n\t\t\t\t\t\t\t\t\tSMS-WA +43 664 5361088\t\t\t\t\t\t\t\t<\/div>\n\t\t\t\t<\/div>\n\t\t\t\t\t<\/div>\n\t\t\t\t<\/div>\n\t\t<div class=\"elementor-element elementor-element-23b2fd57 e-flex e-con-boxed e-con e-child\" data-id=\"23b2fd57\" data-element_type=\"container\" data-e-type=\"container\" data-settings=\"{&quot;background_background&quot;:&quot;classic&quot;}\">\n\t\t\t\t\t<div class=\"e-con-inner\">\n\t\t\t\t<div class=\"elementor-element elementor-element-5423806d elementor-widget elementor-widget-heading\" data-id=\"5423806d\" data-element_type=\"widget\" data-e-type=\"widget\" data-widget_type=\"heading.default\">\n\t\t\t\t<div class=\"elementor-widget-container\">\n\t\t\t\t\t<h3 class=\"elementor-heading-title elementor-size-default\">02 \u00b7 BUCH.WERKSTATT \u201eIch will ver\u00f6ffentlichen! Aber WIE??\u201c<\/h3>\t\t\t\t<\/div>\n\t\t\t\t<\/div>\n\t\t\t\t<div class=\"elementor-element elementor-element-6e50c9e2 elementor-widget elementor-widget-heading\" data-id=\"6e50c9e2\" data-element_type=\"widget\" data-e-type=\"widget\" data-widget_type=\"heading.default\">\n\t\t\t\t<div class=\"elementor-widget-container\">\n\t\t\t\t\t<h6 class=\"elementor-heading-title elementor-size-default\">MI 21 Oktober 2026 \u2013 19 bis ca. 21 Uhr<\/h6>\t\t\t\t<\/div>\n\t\t\t\t<\/div>\n\t\t\t\t<div class=\"elementor-element elementor-element-6e7471fc elementor-widget elementor-widget-text-editor\" data-id=\"6e7471fc\" data-element_type=\"widget\" data-e-type=\"widget\" data-widget_type=\"text-editor.default\">\n\t\t\t\t<div class=\"elementor-widget-container\">\n\t\t\t\t\t\t\t\t\tmit den AutorInnen Clara BASSET &#038; Brigitte WENINGER\t\t\t\t\t\t\t\t<\/div>\n\t\t\t\t<\/div>\n\t\t\t\t<div class=\"elementor-element elementor-element-3787edb0 elementor-widget elementor-widget-text-editor\" data-id=\"3787edb0\" data-element_type=\"widget\" data-e-type=\"widget\" data-widget_type=\"text-editor.default\">\n\t\t\t\t<div class=\"elementor-widget-container\">\n\t\t\t\t\t\t\t\t\tViele schreibende, fotografierende, illustrierende Menschen w\u00fcrden gern ihr eigenes Buch ver\u00f6ffentlichen, wissen aber nicht, wie sie ihr Projekt angehen sollen. Braucht man unbedingt einen Verlag? Was steht in einem seri\u00f6sen Vertrag? Was gilt es zu beachten? Welche Vertriebs-M\u00f6glichkeiten gibt es? Wer kann mir bei Problemen helfen?\t\t\t\t\t\t\t\t<\/div>\n\t\t\t\t<\/div>\n\t\t\t\t<div class=\"elementor-element elementor-element-558813e3 elementor-widget elementor-widget-text-editor\" data-id=\"558813e3\" data-element_type=\"widget\" data-e-type=\"widget\" data-widget_type=\"text-editor.default\">\n\t\t\t\t<div class=\"elementor-widget-container\">\n\t\t\t\t\t\t\t\t\tDie vortragenden Autorinnen geben wertvolle Insider-Infos und Erfahrungen aus der B\u00fccherwelt weiter: Brigitte spricht \u00fcber klassisches Ver\u00f6ffentlichen via Verlag, Urheber- und andere Rechte, Tantiemen &#038; Honorare; Clara \u00fcber die coolen neuen Wege von Self-Publishing und Marketing.\t\t\t\t\t\t\t\t<\/div>\n\t\t\t\t<\/div>\n\t\t\t\t<div class=\"elementor-element elementor-element-4d5db1fc elementor-widget elementor-widget-text-editor\" data-id=\"4d5db1fc\" data-element_type=\"widget\" data-e-type=\"widget\" data-widget_type=\"text-editor.default\">\n\t\t\t\t<div class=\"elementor-widget-container\">\n\t\t\t\t\t\t\t\t\tBegrenzte Pl\u00e4tze \u2013 Anmeldung WA +43 664 5361088 erbeten; Kostenbeitrag: EUR 12.-\t\t\t\t\t\t\t\t<\/div>\n\t\t\t\t<\/div>\n\t\t\t\t\t<\/div>\n\t\t\t\t<\/div>\n\t\t<div class=\"elementor-element elementor-element-6796325e e-flex e-con-boxed e-con e-child\" data-id=\"6796325e\" data-element_type=\"container\" data-e-type=\"container\" data-settings=\"{&quot;background_background&quot;:&quot;classic&quot;}\">\n\t\t\t\t\t<div class=\"e-con-inner\">\n\t\t\t\t<div class=\"elementor-element elementor-element-5b04f0 elementor-widget elementor-widget-heading\" data-id=\"5b04f0\" data-element_type=\"widget\" data-e-type=\"widget\" data-widget_type=\"heading.default\">\n\t\t\t\t<div class=\"elementor-widget-container\">\n\t\t\t\t\t<h4 class=\"elementor-heading-title elementor-size-default\">03. FAMILIEN-SONNTAGSKAFFEE\nPLAUSCH<\/h4>\t\t\t\t<\/div>\n\t\t\t\t<\/div>\n\t\t\t\t<div class=\"elementor-element elementor-element-27506119 elementor-widget elementor-widget-heading\" data-id=\"27506119\" data-element_type=\"widget\" data-e-type=\"widget\" data-widget_type=\"heading.default\">\n\t\t\t\t<div class=\"elementor-widget-container\">\n\t\t\t\t\t<h6 class=\"elementor-heading-title elementor-size-default\">SO 25 Oktober 2026 \u2013 15-19 Uhr<\/h6>\t\t\t\t<\/div>\n\t\t\t\t<\/div>\n\t\t\t\t<div class=\"elementor-element elementor-element-5e55f72a elementor-widget elementor-widget-text-editor\" data-id=\"5e55f72a\" data-element_type=\"widget\" data-e-type=\"widget\" data-widget_type=\"text-editor.default\">\n\t\t\t\t<div class=\"elementor-widget-container\">\n\t\t\t\t\t\t\t\t\tDie FOTO.EXPO feiert HALBZEIT \u2013 und l\u00e4dt zu Sonntagskaffee &#038; Kuchen und zum gem\u00fctlichen Plauschen ein! Die FotografInnen begleiten BesucherInnen durch die Bildwelten der Ausstellung; Brigitte WENINGER kocht Kaffee &#038; Orangen-Punsch (mit &#038; ohne Alkohol) und bastelt mit kleinen G\u00e4sten. EINTRITT FREI \u2013 kommt einfach vorbei!\t\t\t\t\t\t\t\t<\/div>\n\t\t\t\t<\/div>\n\t\t\t\t\t<\/div>\n\t\t\t\t<\/div>\n\t\t<div class=\"elementor-element elementor-element-136f1230 e-flex e-con-boxed e-con e-child\" data-id=\"136f1230\" data-element_type=\"container\" data-e-type=\"container\" data-settings=\"{&quot;background_background&quot;:&quot;classic&quot;}\">\n\t\t\t\t\t<div class=\"e-con-inner\">\n\t\t\t\t<div class=\"elementor-element elementor-element-78fc7eae elementor-widget elementor-widget-heading\" data-id=\"78fc7eae\" data-element_type=\"widget\" data-e-type=\"widget\" data-widget_type=\"heading.default\">\n\t\t\t\t<div class=\"elementor-widget-container\">\n\t\t\t\t\t<h4 class=\"elementor-heading-title elementor-size-default\">04 \u00b7 WILDER SCHREIBCLUB w\u00f6rgl \u2013 MOMENTUM: Bilder, die Geschichten erz\u00e4hlen<\/h4>\t\t\t\t<\/div>\n\t\t\t\t<\/div>\n\t\t\t\t<div class=\"elementor-element elementor-element-33a77a9f elementor-widget elementor-widget-heading\" data-id=\"33a77a9f\" data-element_type=\"widget\" data-e-type=\"widget\" data-widget_type=\"heading.default\">\n\t\t\t\t<div class=\"elementor-widget-container\">\n\t\t\t\t\t<h6 class=\"elementor-heading-title elementor-size-default\">MI 28 Oktober 2026 \u2013 10-14 Uhr<\/h6>\t\t\t\t<\/div>\n\t\t\t\t<\/div>\n\t\t\t\t<div class=\"elementor-element elementor-element-57693993 elementor-widget elementor-widget-text-editor\" data-id=\"57693993\" data-element_type=\"widget\" data-e-type=\"widget\" data-widget_type=\"text-editor.default\">\n\t\t\t\t<div class=\"elementor-widget-container\">\n\t\t\t\t\t\t\t\t\tmit Brigitte WENINGER &#038; Tom W. LESSMORE f\u00fcr junge AutorInnen 8-16 Jahre\t\t\t\t\t\t\t\t<\/div>\n\t\t\t\t<\/div>\n\t\t\t\t<div class=\"elementor-element elementor-element-1e2d16b4 elementor-widget elementor-widget-text-editor\" data-id=\"1e2d16b4\" data-element_type=\"widget\" data-e-type=\"widget\" data-widget_type=\"text-editor.default\">\n\t\t\t\t<div class=\"elementor-widget-container\">\n\t\t\t\t\t\t\t\t\tIn den Herbst-Ferien trifft sich der WILDE SCHREIBCLUB in der W\u00f6rgler Galerie am Stadtplatz, um mit den Autoren Brigitte Weninger und Tom Lessmore in einer coolen Foto.Ausstellung zu schreiben. Denn diese Bilder bieten uns alles, was wir f\u00fcr gute Ideen und Storys brauchen: Verwunschene Orte. Besondere Menschen und Tiere. Spannende Situationen. Witzige Momente&#8230; Die Teilnahme ist kostenlos \u2013 aber wir freuen wir uns sehr \u00fcber freiwillige Wertsch\u00e4tzungbeitr\u00e4ge f\u00fcr die Bildungsarbeit der Wort.Apotheke.\t\t\t\t\t\t\t\t<\/div>\n\t\t\t\t<\/div>\n\t\t\t\t<div class=\"elementor-element elementor-element-44bf31f4 elementor-widget elementor-widget-text-editor\" data-id=\"44bf31f4\" data-element_type=\"widget\" data-e-type=\"widget\" data-widget_type=\"text-editor.default\">\n\t\t\t\t<div class=\"elementor-widget-container\">\n\t\t\t\t\t\t\t\t\tMaximal 15 TN, dh. Anmeldung SMS\/WA +43 664 5361088 erforderlich.\t\t\t\t\t\t\t\t<\/div>\n\t\t\t\t<\/div>\n\t\t\t\t\t<\/div>\n\t\t\t\t<\/div>\n\t\t<div class=\"elementor-element elementor-element-722c0d42 e-flex e-con-boxed e-con e-child\" data-id=\"722c0d42\" data-element_type=\"container\" data-e-type=\"container\" data-settings=\"{&quot;background_background&quot;:&quot;classic&quot;}\">\n\t\t\t\t\t<div class=\"e-con-inner\">\n\t\t\t\t<div class=\"elementor-element elementor-element-834b870 elementor-widget elementor-widget-heading\" data-id=\"834b870\" data-element_type=\"widget\" data-e-type=\"widget\" data-widget_type=\"heading.default\">\n\t\t\t\t<div class=\"elementor-widget-container\">\n\t\t\t\t\t<h4 class=\"elementor-heading-title elementor-size-default\">05 \u00b7 FINISSAGE &amp; LESE.B\u00dcHNE<\/h4>\t\t\t\t<\/div>\n\t\t\t\t<\/div>\n\t\t\t\t<div class=\"elementor-element elementor-element-2540d84f elementor-widget elementor-widget-heading\" data-id=\"2540d84f\" data-element_type=\"widget\" data-e-type=\"widget\" data-widget_type=\"heading.default\">\n\t\t\t\t<div class=\"elementor-widget-container\">\n\t\t\t\t\t<h6 class=\"elementor-heading-title elementor-size-default\">FR 30 Oktober 2026 \u2013 17: 30 und 19 Uhr<\/h6>\t\t\t\t<\/div>\n\t\t\t\t<\/div>\n\t\t\t\t<div class=\"elementor-element elementor-element-6e9d4fd5 elementor-widget elementor-widget-text-editor\" data-id=\"6e9d4fd5\" data-element_type=\"widget\" data-e-type=\"widget\" data-widget_type=\"text-editor.default\">\n\t\t\t\t<div class=\"elementor-widget-container\">\n\t\t\t\t\t\t\t\t\tLESE.B\u00dcHNE um 17:30 Uhr\t\t\t\t\t\t\t\t<\/div>\n\t\t\t\t<\/div>\n\t\t\t\t<div class=\"elementor-element elementor-element-46fdc598 elementor-widget elementor-widget-text-editor\" data-id=\"46fdc598\" data-element_type=\"widget\" data-e-type=\"widget\" data-widget_type=\"text-editor.default\">\n\t\t\t\t<div class=\"elementor-widget-container\">\n\t\t\t\t\t\t\t\t\tB\u00dcHNE FREI f\u00fcr die jungen AutorInnen der MOMENTUM-Schreibwerkstatt! Wie beim Poetry.Slam hat jeder 5 min Zeit, um dem Publikum einen Text vorzutragen, der w\u00e4hrend der Foto.Ausstellung entstanden ist. Gro\u00dfer Applaus ist ihnen sicher!\t\t\t\t\t\t\t\t<\/div>\n\t\t\t\t<\/div>\n\t\t\t\t<div class=\"elementor-element elementor-element-57d8609c elementor-widget elementor-widget-text-editor\" data-id=\"57d8609c\" data-element_type=\"widget\" data-e-type=\"widget\" data-widget_type=\"text-editor.default\">\n\t\t\t\t<div class=\"elementor-widget-container\">\n\t\t\t\t\t\t\t\t\tFINISSAGE um 19 Uhr:\t\t\t\t\t\t\t\t<\/div>\n\t\t\t\t<\/div>\n\t\t\t\t<div class=\"elementor-element elementor-element-15fc4cc6 elementor-widget elementor-widget-text-editor\" data-id=\"15fc4cc6\" data-element_type=\"widget\" data-e-type=\"widget\" data-widget_type=\"text-editor.default\">\n\t\t\t\t<div class=\"elementor-widget-container\">\n\t\t\t\t\t\t\t\t\tNoch einmal treffen sich alle FotografInnen und andere Kreative mit Familie, Freunden und Fans in der Galerie, um die vergangenen Tage der FOTO.EXPOw\u00f6rgl26 Revue passieren zu lassen und Abschied zu feiern.\t\t\t\t\t\t\t\t<\/div>\n\t\t\t\t<\/div>\n\t\t\t\t<div class=\"elementor-element elementor-element-281cfd3 elementor-widget elementor-widget-text-editor\" data-id=\"281cfd3\" data-element_type=\"widget\" data-e-type=\"widget\" data-widget_type=\"text-editor.default\">\n\t\t\t\t<div class=\"elementor-widget-container\">\n\t\t\t\t\t\t\t\t\tEINTRITT FREI \u2013 seid dabei!\t\t\t\t\t\t\t\t<\/div>\n\t\t\t\t<\/div>\n\t\t\t\t\t<\/div>\n\t\t\t\t<\/div>\n\t\t<div class=\"elementor-element elementor-element-3b09408f e-flex e-con-boxed e-con e-child\" data-id=\"3b09408f\" data-element_type=\"container\" data-e-type=\"container\" data-settings=\"{&quot;background_background&quot;:&quot;classic&quot;}\">\n\t\t\t\t\t<div class=\"e-con-inner\">\n\t\t\t\t<div class=\"elementor-element elementor-element-7afb797d elementor-widget elementor-widget-heading\" data-id=\"7afb797d\" data-element_type=\"widget\" data-e-type=\"widget\" data-widget_type=\"heading.default\">\n\t\t\t\t<div class=\"elementor-widget-container\">\n\t\t\t\t\t<h4 class=\"elementor-heading-title elementor-size-default\">06 \u00b7 ABBAU der Ausstellung und ABHOLUNG angekaufter Bilder<\/h4>\t\t\t\t<\/div>\n\t\t\t\t<\/div>\n\t\t\t\t<div class=\"elementor-element elementor-element-3c2030b0 elementor-widget elementor-widget-heading\" data-id=\"3c2030b0\" data-element_type=\"widget\" data-e-type=\"widget\" data-widget_type=\"heading.default\">\n\t\t\t\t<div class=\"elementor-widget-container\">\n\t\t\t\t\t<h6 class=\"elementor-heading-title elementor-size-default\">SA 31 Oktober 2026 von 9-12 Uhr<\/h6>\t\t\t\t<\/div>\n\t\t\t\t<\/div>\n\t\t\t\t\t<\/div>\n\t\t\t\t<\/div>\n\t\t\t\t\t<\/div>\n\t\t\t\t<\/div>\n\t\t<div class=\"elementor-element elementor-element-4522ba93 e-flex e-con-boxed e-con e-child\" data-id=\"4522ba93\" data-element_type=\"container\" data-e-type=\"container\">\n\t\t\t\t\t<div class=\"e-con-inner\">\n\t\t<div class=\"elementor-element elementor-element-642d2557 e-flex e-con-boxed e-con e-child\" data-id=\"642d2557\" data-element_type=\"container\" data-e-type=\"container\" data-settings=\"{&quot;background_background&quot;:&quot;classic&quot;}\">\n\t\t\t\t\t<div class=\"e-con-inner\">\n\t\t\t\t<div class=\"elementor-element elementor-element-4f844aae elementor-widget elementor-widget-heading\" data-id=\"4f844aae\" data-element_type=\"widget\" data-e-type=\"widget\" data-widget_type=\"heading.default\">\n\t\t\t\t<div class=\"elementor-widget-container\">\n\t\t\t\t\t<h5 class=\"elementor-heading-title elementor-size-default\">DI 27 Oktober 2026 \u2013 10-14 Uhr<\/h5>\t\t\t\t<\/div>\n\t\t\t\t<\/div>\n\t\t\t\t\t<\/div>\n\t\t\t\t<\/div>\n\t\t<div class=\"elementor-element elementor-element-742fb5a8 e-flex e-con-boxed e-con e-child\" data-id=\"742fb5a8\" data-element_type=\"container\" data-e-type=\"container\" data-settings=\"{&quot;background_background&quot;:&quot;classic&quot;}\">\n\t\t\t\t\t<div class=\"e-con-inner\">\n\t\t\t\t<div class=\"elementor-element elementor-element-316fe434 elementor-widget elementor-widget-heading\" data-id=\"316fe434\" data-element_type=\"widget\" data-e-type=\"widget\" data-widget_type=\"heading.default\">\n\t\t\t\t<div class=\"elementor-widget-container\">\n\t\t\t\t\t<h3 class=\"elementor-heading-title elementor-size-default\">WILDER SCHREIBCLUB HERBSTFERIEN \u2013 kubi Kufstein Bibliothek<\/h3>\t\t\t\t<\/div>\n\t\t\t\t<\/div>\n\t\t\t\t<div class=\"elementor-element elementor-element-79ff5ef7 elementor-widget elementor-widget-text-editor\" data-id=\"79ff5ef7\" data-element_type=\"widget\" data-e-type=\"widget\" data-widget_type=\"text-editor.default\">\n\t\t\t\t<div class=\"elementor-widget-container\">\n\t\t\t\t\t\t\t\t\tmit den Autoren Tom LESSMORE &#038; Brigitte WENINGER f\u00fcr Gern-SchreiberInnnen 7-17 Jahre\t\t\t\t\t\t\t\t<\/div>\n\t\t\t\t<\/div>\n\t\t\t\t<div class=\"elementor-element elementor-element-4189b04d elementor-widget elementor-widget-text-editor\" data-id=\"4189b04d\" data-element_type=\"widget\" data-e-type=\"widget\" data-widget_type=\"text-editor.default\">\n\t\t\t\t<div class=\"elementor-widget-container\">\n\t\t\t\t\t\t\t\t\tViele junge Menschen schreiben usgesprochen gern und gut, finden aber im Schulalltag kaum Gelegenheit ihr Talent auszuleben, neue Schreibimpulse zu erproben und sich mit Gleichgesinnten auszutauschen. Wie gut, dass es den WILDEN SCHREIBCLUB gibt, der in allen Ferien Anregungen bietet! Diesmal k\u00f6nnen auch EinsteigerInnen teilnehmen, die mehr zeichnen und werken m\u00f6chten.\t\t\t\t\t\t\t\t<\/div>\n\t\t\t\t<\/div>\n\t\t\t\t<div class=\"elementor-element elementor-element-5900c228 elementor-widget elementor-widget-text-editor\" data-id=\"5900c228\" data-element_type=\"widget\" data-e-type=\"widget\" data-widget_type=\"text-editor.default\">\n\t\t\t\t<div class=\"elementor-widget-container\">\n\t\t\t\t\t\t\t\t\tBegrenzte Pl\u00e4tze \u2013 Anmeldung SMS\/WA +43 664 5361088 erforderlich.\t\t\t\t\t\t\t\t<\/div>\n\t\t\t\t<\/div>\n\t\t\t\t<div class=\"elementor-element elementor-element-13299ded elementor-widget elementor-widget-text-editor\" data-id=\"13299ded\" data-element_type=\"widget\" data-e-type=\"widget\" data-widget_type=\"text-editor.default\">\n\t\t\t\t<div class=\"elementor-widget-container\">\n\t\t\t\t\t\t\t\t\tIn Kooperation mit kubi Bibliothek f\u00fcr Wissenschaft und Freizeit &#038; Land Tirol Kultur, Bibliotheken\t\t\t\t\t\t\t\t<\/div>\n\t\t\t\t<\/div>\n\t\t\t\t\t<\/div>\n\t\t\t\t<\/div>\n\t\t\t\t\t<\/div>\n\t\t\t\t<\/div>\n\t\t<div class=\"elementor-element elementor-element-642e0210 e-flex e-con-boxed e-con e-child\" data-id=\"642e0210\" data-element_type=\"container\" data-e-type=\"container\">\n\t\t\t\t\t<div class=\"e-con-inner\">\n\t\t<div class=\"elementor-element elementor-element-7d17530b e-flex e-con-boxed e-con e-child\" data-id=\"7d17530b\" data-element_type=\"container\" data-e-type=\"container\" data-settings=\"{&quot;background_background&quot;:&quot;classic&quot;}\">\n\t\t\t\t\t<div class=\"e-con-inner\">\n\t\t\t\t<div class=\"elementor-element elementor-element-427783e9 elementor-widget elementor-widget-heading\" data-id=\"427783e9\" data-element_type=\"widget\" data-e-type=\"widget\" data-widget_type=\"heading.default\">\n\t\t\t\t<div class=\"elementor-widget-container\">\n\t\t\t\t\t<h5 class=\"elementor-heading-title elementor-size-default\">MO 23 November 2026 \u2013 18:30 Uhr \u2013 B\u00fcrgersaal Rathaus Kufstein<\/h5>\t\t\t\t<\/div>\n\t\t\t\t<\/div>\n\t\t\t\t\t<\/div>\n\t\t\t\t<\/div>\n\t\t<div class=\"elementor-element elementor-element-715951e3 e-flex e-con-boxed e-con e-child\" data-id=\"715951e3\" data-element_type=\"container\" data-e-type=\"container\" data-settings=\"{&quot;background_background&quot;:&quot;classic&quot;}\">\n\t\t\t\t\t<div class=\"e-con-inner\">\n\t\t\t\t<div class=\"elementor-element elementor-element-5ca867d elementor-widget elementor-widget-heading\" data-id=\"5ca867d\" data-element_type=\"widget\" data-e-type=\"widget\" data-widget_type=\"heading.default\">\n\t\t\t\t<div class=\"elementor-widget-container\">\n\t\t\t\t\t<h3 class=\"elementor-heading-title elementor-size-default\">AUSHALTEN \u2013 TEXTWERKSTATT F\u00dcR FRAUEN 16-106<\/h3>\t\t\t\t<\/div>\n\t\t\t\t<\/div>\n\t\t\t\t<div class=\"elementor-element elementor-element-7dda9176 elementor-widget elementor-widget-text-editor\" data-id=\"7dda9176\" data-element_type=\"widget\" data-e-type=\"widget\" data-widget_type=\"text-editor.default\">\n\t\t\t\t<div class=\"elementor-widget-container\">\n\t\t\t\t\t\t\t\t\tAUS.HALTEN \u2013 SCHREIBWERKSTATT f\u00fcr FRAUEN von 16-106\t\t\t\t\t\t\t\t<\/div>\n\t\t\t\t<\/div>\n\t\t\t\t<div class=\"elementor-element elementor-element-21998b4b elementor-widget elementor-widget-text-editor\" data-id=\"21998b4b\" data-element_type=\"widget\" data-e-type=\"widget\" data-widget_type=\"text-editor.default\">\n\t\t\t\t<div class=\"elementor-widget-container\">\n\t\t\t\t\t\t\t\t\tSA 10 Oktober 09:30 \u2013 13:00 Uhr, KulturEck Wildsch\u00f6nau, Oberau 77,\t\t\t\t\t\t\t\t<\/div>\n\t\t\t\t<\/div>\n\t\t\t\t<div class=\"elementor-element elementor-element-20781bcc elementor-widget elementor-widget-text-editor\" data-id=\"20781bcc\" data-element_type=\"widget\" data-e-type=\"widget\" data-widget_type=\"text-editor.default\">\n\t\t\t\t<div class=\"elementor-widget-container\">\n\t\t\t\t\t\t\t\t\tSCHREIBEN ist eine absolut demokratische und niederschwellige Ausdrucksform: wir alle haben es mal gelernt, man\/frau braucht keine teure Ausr\u00fcstung und kann praktisch \u00fcberall t\u00e4tig sein. \u00dcberdies sind in unseren K\u00f6pfen ohnehin st\u00e4ndig Worte und S\u00e4tze pr\u00e4sent \u2013 oft wirre, emotionale oder sogar selbstqu\u00e4lerische.\t\t\t\t\t\t\t\t<\/div>\n\t\t\t\t<\/div>\n\t\t\t\t<div class=\"elementor-element elementor-element-70dceaa2 elementor-widget elementor-widget-text-editor\" data-id=\"70dceaa2\" data-element_type=\"widget\" data-e-type=\"widget\" data-widget_type=\"text-editor.default\">\n\t\t\t\t<div class=\"elementor-widget-container\">\n\t\t\t\t\t\t\t\t\tAber mit Stift und Papier habe ICH SELBST die Macht \u00fcber meine Gedanken-Flut!\t\t\t\t\t\t\t\t<\/div>\n\t\t\t\t<\/div>\n\t\t\t\t<div class=\"elementor-element elementor-element-2103996a elementor-widget elementor-widget-text-editor\" data-id=\"2103996a\" data-element_type=\"widget\" data-e-type=\"widget\" data-widget_type=\"text-editor.default\">\n\t\t\t\t<div class=\"elementor-widget-container\">\n\t\t\t\t\t\t\t\t\tIch kann kurz inne-halten, fl\u00fcchtige Ideen und Gef\u00fchle fest-halten, und danach vieles leichter aus-halten&#8230; Durch einfache Schreibimpulse mache ich die Erfahrung, wie ungemein strukturierend, tr\u00f6stlich, befreiend und sogar heilend WORTE wirken, die ich in meinem \u201eLebensjournal\u201c zuerst nach innen an mich und erst sp\u00e4ter &#8211; vielleicht &#8211; nach au\u00dfen richte.\t\t\t\t\t\t\t\t<\/div>\n\t\t\t\t<\/div>\n\t\t\t\t<div class=\"elementor-element elementor-element-337bbb13 elementor-widget elementor-widget-text-editor\" data-id=\"337bbb13\" data-element_type=\"widget\" data-e-type=\"widget\" data-widget_type=\"text-editor.default\">\n\t\t\t\t<div class=\"elementor-widget-container\">\n\t\t\t\t\t\t\t\t\tAutorin Brigitte Weninger hat rund 80 Kinderb\u00fccher publiziert und in ihren WILDE KAISERIN Berg.Seminaren 20 Jahre lang hunderte Frauen auf wilden Wegen begleitet. Heute leitet sie mit weiteren AutorInnen den WILDEN SCHREIBCLUB und die WORT.APOTHEKE.*\t\t\t\t\t\t\t\t<\/div>\n\t\t\t\t<\/div>\n\t\t\t\t<div class=\"elementor-element elementor-element-ea1e294 elementor-widget elementor-widget-text-editor\" data-id=\"ea1e294\" data-element_type=\"widget\" data-e-type=\"widget\" data-widget_type=\"text-editor.default\">\n\t\t\t\t<div class=\"elementor-widget-container\">\n\t\t\t\t\t\t\t\t\tIn der biografisch-kreativen AUS.HALTEN Schreibwerkstatt gibt Brigitte praktische Tools und kraftvolle Schreibrezepte weiter, die sofort wirken \u2013 sofern wir sie anwenden ; ))\t\t\t\t\t\t\t\t<\/div>\n\t\t\t\t<\/div>\n\t\t\t\t<div class=\"elementor-element elementor-element-5b424ef5 elementor-widget elementor-widget-text-editor\" data-id=\"5b424ef5\" data-element_type=\"widget\" data-e-type=\"widget\" data-widget_type=\"text-editor.default\">\n\t\t\t\t<div class=\"elementor-widget-container\">\n\t\t\t\t\t\t\t\t\tKeine Vor- oder Duden-Kenntnisse erforderlich. Es darf gern in der Muttersprache geschrieben werden. Bitte Schreibutensilien mitbringen! Maximal 16 Teilnehmerinnen. ANMELDUNG &#038; Detail-Infos: +43(0)6645361088\t\t\t\t\t\t\t\t<\/div>\n\t\t\t\t<\/div>\n\t\t\t\t<div class=\"elementor-element elementor-element-2f483fd8 elementor-widget elementor-widget-text-editor\" data-id=\"2f483fd8\" data-element_type=\"widget\" data-e-type=\"widget\" data-widget_type=\"text-editor.default\">\n\t\t\t\t<div class=\"elementor-widget-container\">\n\t\t\t\t\t\t\t\t\tTeilnahmegeb\u00fchr: EUR 39,00\t\t\t\t\t\t\t\t<\/div>\n\t\t\t\t<\/div>\n\t\t\t\t<div class=\"elementor-element elementor-element-6e5fa9c3 elementor-widget elementor-widget-text-editor\" data-id=\"6e5fa9c3\" data-element_type=\"widget\" data-e-type=\"widget\" data-widget_type=\"text-editor.default\">\n\t\t\t\t<div class=\"elementor-widget-container\">\n\t\t\t\t\t\t\t\t\tIn Kooperation mit Abteilung Diversity, Stadt Kufstein \u2013 Projekt WOMEN DAYS &#038; Projekt TKI_open 26, Land Tirol Kultur\t\t\t\t\t\t\t\t<\/div>\n\t\t\t\t<\/div>\n\t\t\t\t\t<\/div>\n\t\t\t\t<\/div>\n\t\t\t\t\t<\/div>\n\t\t\t\t<\/div>\n\t\t\t\t\t<\/div>\n\t\t\t\t<\/div>\n\t\t<div class=\"elementor-element elementor-element-1b691fb2 e-flex e-con-boxed e-con e-parent\" data-id=\"1b691fb2\" data-element_type=\"container\" data-e-type=\"container\" data-settings=\"{&quot;background_background&quot;:&quot;classic&quot;}\">\n\t\t\t\t\t<div class=\"e-con-inner\">\n\t\t\t\t<div class=\"elementor-element elementor-element-5c87646 elementor-widget elementor-widget-heading\" data-id=\"5c87646\" data-element_type=\"widget\" data-e-type=\"widget\" data-widget_type=\"heading.default\">\n\t\t\t\t<div class=\"elementor-widget-container\">\n\t\t\t\t\t<h2 class=\"elementor-heading-title elementor-size-default\">November<\/h2>\t\t\t\t<\/div>\n\t\t\t\t<\/div>\n\t\t<div class=\"elementor-element elementor-element-11d1aec2 e-flex e-con-boxed e-con e-child\" data-id=\"11d1aec2\" data-element_type=\"container\" data-e-type=\"container\">\n\t\t\t\t\t<div class=\"e-con-inner\">\n\t\t<div class=\"elementor-element elementor-element-3ed8fd34 e-flex e-con-boxed e-con e-child\" data-id=\"3ed8fd34\" data-element_type=\"container\" data-e-type=\"container\" data-settings=\"{&quot;background_background&quot;:&quot;classic&quot;}\">\n\t\t\t\t\t<div class=\"e-con-inner\">\n\t\t\t\t<div class=\"elementor-element elementor-element-10b02938 elementor-widget elementor-widget-heading\" data-id=\"10b02938\" data-element_type=\"widget\" data-e-type=\"widget\" data-widget_type=\"heading.default\">\n\t\t\t\t<div class=\"elementor-widget-container\">\n\t\t\t\t\t<h5 class=\"elementor-heading-title elementor-size-default\">Montag 09 November 2026 \u2013 15 Uhr \u2013 kubi Bibliothek<\/h5>\t\t\t\t<\/div>\n\t\t\t\t<\/div>\n\t\t\t\t\t<\/div>\n\t\t\t\t<\/div>\n\t\t<div class=\"elementor-element elementor-element-3e6895ea e-flex e-con-boxed e-con e-child\" data-id=\"3e6895ea\" data-element_type=\"container\" data-e-type=\"container\" data-settings=\"{&quot;background_background&quot;:&quot;classic&quot;}\">\n\t\t\t\t\t<div class=\"e-con-inner\">\n\t\t\t\t<div class=\"elementor-element elementor-element-7e2abc2a elementor-widget elementor-widget-heading\" data-id=\"7e2abc2a\" data-element_type=\"widget\" data-e-type=\"widget\" data-widget_type=\"heading.default\">\n\t\t\t\t<div class=\"elementor-widget-container\">\n\t\t\t\t\t<h3 class=\"elementor-heading-title elementor-size-default\">PAPATOM FAMILIEN.LESUNG f\u00fcr ALLE von 3-103 Jahren<\/h3>\t\t\t\t<\/div>\n\t\t\t\t<\/div>\n\t\t\t\t<div class=\"elementor-element elementor-element-22598538 elementor-widget elementor-widget-text-editor\" data-id=\"22598538\" data-element_type=\"widget\" data-e-type=\"widget\" data-widget_type=\"text-editor.default\">\n\t\t\t\t<div class=\"elementor-widget-container\">\n\t\t\t\t\t\t\t\t\tmit Tom Lessmore &#038; Leseschlange SISS\t\t\t\t\t\t\t\t<\/div>\n\t\t\t\t<\/div>\n\t\t\t\t<div class=\"elementor-element elementor-element-3f551439 elementor-widget elementor-widget-text-editor\" data-id=\"3f551439\" data-element_type=\"widget\" data-e-type=\"widget\" data-widget_type=\"text-editor.default\">\n\t\t\t\t<div class=\"elementor-widget-container\">\n\t\t\t\t\t\t\t\t\tDer November ist da: Laternen- und K\u00fcrbisgespenster-Zeit! Welche Bilderb\u00fccher hat die lispelnde Leseschlange Siss wohl diesmal ausgesucht und in den Booksack gepackt? Die zwei sch\u00f6nsten lesen Tom &#038; Siss euch vor! Danach gibt\u2019s wie immer noch eine Mini-Bastelei zum Mitnehmen.                 EINTRITT FREI, aber nur begrenzte Pl\u00e4tze \u2013 daher ANMELDUNG bei Wort.Apotheke erforderlich: SMS-WhatsApp +43 664 5361088\t\t\t\t\t\t\t\t<\/div>\n\t\t\t\t<\/div>\n\t\t\t\t<div class=\"elementor-element elementor-element-6457489 elementor-widget elementor-widget-text-editor\" data-id=\"6457489\" data-element_type=\"widget\" data-e-type=\"widget\" data-widget_type=\"text-editor.default\">\n\t\t\t\t<div class=\"elementor-widget-container\">\n\t\t\t\t\t\t\t\t\tIn Kooperation mit In Kooperation mit kubi Bibliothek f\u00fcr Wissenschaft und Freizeit\t\t\t\t\t\t\t\t<\/div>\n\t\t\t\t<\/div>\n\t\t\t\t\t<\/div>\n\t\t\t\t<\/div>\n\t\t\t\t\t<\/div>\n\t\t\t\t<\/div>\n\t\t<div class=\"elementor-element elementor-element-4e2bcda0 e-flex e-con-boxed e-con e-child\" data-id=\"4e2bcda0\" data-element_type=\"container\" data-e-type=\"container\">\n\t\t\t\t\t<div class=\"e-con-inner\">\n\t\t<div class=\"elementor-element elementor-element-334500cc e-flex e-con-boxed e-con e-child\" data-id=\"334500cc\" data-element_type=\"container\" data-e-type=\"container\" data-settings=\"{&quot;background_background&quot;:&quot;classic&quot;}\">\n\t\t\t\t\t<div class=\"e-con-inner\">\n\t\t\t\t<div class=\"elementor-element elementor-element-7a8d96d7 elementor-widget elementor-widget-heading\" data-id=\"7a8d96d7\" data-element_type=\"widget\" data-e-type=\"widget\" data-widget_type=\"heading.default\">\n\t\t\t\t<div class=\"elementor-widget-container\">\n\t\t\t\t\t<h5 class=\"elementor-heading-title elementor-size-default\">MO 02 November 2026 \u2013 19 Uhr \u2013 B\u00fcrgersaal Rathaus Kufstein<\/h5>\t\t\t\t<\/div>\n\t\t\t\t<\/div>\n\t\t\t\t\t<\/div>\n\t\t\t\t<\/div>\n\t\t<div class=\"elementor-element elementor-element-5cfebd63 e-flex e-con-boxed e-con e-child\" data-id=\"5cfebd63\" data-element_type=\"container\" data-e-type=\"container\" data-settings=\"{&quot;background_background&quot;:&quot;classic&quot;}\">\n\t\t\t\t\t<div class=\"e-con-inner\">\n\t\t\t\t<div class=\"elementor-element elementor-element-1ed04c4 elementor-widget elementor-widget-heading\" data-id=\"1ed04c4\" data-element_type=\"widget\" data-e-type=\"widget\" data-widget_type=\"heading.default\">\n\t\t\t\t<div class=\"elementor-widget-container\">\n\t\t\t\t\t<h3 class=\"elementor-heading-title elementor-size-default\">PATSCHEN.KINO am RATHAUSDACH<\/h3>\t\t\t\t<\/div>\n\t\t\t\t<\/div>\n\t\t\t\t<div class=\"elementor-element elementor-element-295b3c96 elementor-widget elementor-widget-text-editor\" data-id=\"295b3c96\" data-element_type=\"widget\" data-e-type=\"widget\" data-widget_type=\"text-editor.default\">\n\t\t\t\t<div class=\"elementor-widget-container\">\n\t\t\t\t\t\t\t\t\t\u201eCALLE M\u00c1LAGA \u2013 Ein Zuhause in Tanger\u201c (Dram\u00f6die, 2026\/MAROK\/ESP)\t\t\t\t\t\t\t\t<\/div>\n\t\t\t\t<\/div>\n\t\t\t\t<div class=\"elementor-element elementor-element-389f3a1a elementor-widget elementor-widget-text-editor\" data-id=\"389f3a1a\" data-element_type=\"widget\" data-e-type=\"widget\" data-widget_type=\"text-editor.default\">\n\t\t\t\t<div class=\"elementor-widget-container\">\n\t\t\t\t\t\t\t\t\tMar\u00eda \u00c1ngeles, 79, ist tief verwurzelt im spanischen Viertel von Tanger. Ihre Wohnung in der Calle M\u00e1laga ist voller Erinnerungen und ihr ganzer Stolz. Vom Balkon aus beobachtet sie still zufrieden die Welt. Doch als Tochter Clara ihr Heim verkaufen will, stellt sich Mar\u00eda \u00c1ngeles quer. Mit Witz, List und Herz k\u00e4mpft sie um ihr Zuhause \u2013 und findet sie dabei neue N\u00e4he, Lebenslust und eine l\u00e4ngst verloren geglaubte Liebe&#8230;.\t\t\t\t\t\t\t\t<\/div>\n\t\t\t\t<\/div>\n\t\t\t\t<div class=\"elementor-element elementor-element-7ac9ab2c elementor-widget elementor-widget-text-editor\" data-id=\"7ac9ab2c\" data-element_type=\"widget\" data-e-type=\"widget\" data-widget_type=\"text-editor.default\">\n\t\t\t\t<div class=\"elementor-widget-container\">\n\t\t\t\t\t\t\t\t\thttps:\/\/youtu.be\/U5lvCA-3S9s?si=SgDWLHQBDvyIQ3t0  \u2013 Verleih PANDA LICHTSPIELE \u2013 DVD ab 5.8. bestellbar\t\t\t\t\t\t\t\t<\/div>\n\t\t\t\t<\/div>\n\t\t\t\t<div class=\"elementor-element elementor-element-271dbdc0 elementor-widget elementor-widget-text-editor\" data-id=\"271dbdc0\" data-element_type=\"widget\" data-e-type=\"widget\" data-widget_type=\"text-editor.default\">\n\t\t\t\t<div class=\"elementor-widget-container\">\n\t\t\t\t\t\t\t\t\tRaiffeisen Bezirksbank Kufstein &#038; Land Tirol Kultur, Bibliotheken &#038; \u00d6B W\u00f6rgl\t\t\t\t\t\t\t\t<\/div>\n\t\t\t\t<\/div>\n\t\t\t\t<div class=\"elementor-element elementor-element-58f79846 elementor-widget elementor-widget-text-editor\" data-id=\"58f79846\" data-element_type=\"widget\" data-e-type=\"widget\" data-widget_type=\"text-editor.default\">\n\t\t\t\t<div class=\"elementor-widget-container\">\n\t\t\t\t\t\t\t\t\t<p><strong>DI 03 November 2026 \u2013 15 Uhr + 16 Uhr \u2013 kubi Bibliothek<\/strong><\/p>\t\t\t\t\t\t\t\t<\/div>\n\t\t\t\t<\/div>\n\t\t\t\t<div class=\"elementor-element elementor-element-4ef5e585 elementor-widget elementor-widget-text-editor\" data-id=\"4ef5e585\" data-element_type=\"widget\" data-e-type=\"widget\" data-widget_type=\"text-editor.default\">\n\t\t\t\t<div class=\"elementor-widget-container\">\n\t\t\t\t\t\t\t\t\t<p>LESE.ZWERGE \u2013 MINTasie Forscherlesung f\u00fcr 1-3 Jahre \u201eIn der NACHT\u201c<\/p>\t\t\t\t\t\t\t\t<\/div>\n\t\t\t\t<\/div>\n\t\t\t\t<div class=\"elementor-element elementor-element-4b71dc2f elementor-widget elementor-widget-text-editor\" data-id=\"4b71dc2f\" data-element_type=\"widget\" data-e-type=\"widget\" data-widget_type=\"text-editor.default\">\n\t\t\t\t<div class=\"elementor-widget-container\">\n\t\t\t\t\t\t\t\t\tmit Annette WACHINGER &#038; MioRosalind Lesemaus\t\t\t\t\t\t\t\t<\/div>\n\t\t\t\t<\/div>\n\t\t\t\t<div class=\"elementor-element elementor-element-3763fe79 elementor-widget elementor-widget-text-editor\" data-id=\"3763fe79\" data-element_type=\"widget\" data-e-type=\"widget\" data-widget_type=\"text-editor.default\">\n\t\t\t\t<div class=\"elementor-widget-container\">\n\t\t\t\t\t\t\t\t\tNachts sollten kleine Kinder schlafen \u2013 dabei gibt gerade im Dunkeln viel Spannendes zu entdecken&#8230; Und wenn man wei\u00df, wer da unterwegs ist, muss man sich nicht f\u00fcrchten&#8230; Annettes herzige Mitspiellesung f\u00fcr kleine Forscher:innen von 1-3 Jahren l\u00e4dt wieder zum Mitmachen, Mitlachen, Staunen und Begreifen ein. Dauer max. 40 min pro Lesung.\t\t\t\t\t\t\t\t<\/div>\n\t\t\t\t<\/div>\n\t\t\t\t<div class=\"elementor-element elementor-element-6330eb6d elementor-widget elementor-widget-text-editor\" data-id=\"6330eb6d\" data-element_type=\"widget\" data-e-type=\"widget\" data-widget_type=\"text-editor.default\">\n\t\t\t\t<div class=\"elementor-widget-container\">\n\t\t\t\t\t\t\t\t\tEINTRITT FREI, aber nur 15 Pl\u00e4tze, daher ANMELDUNG IMMER erforderlich: SMS\/WhA 0043 664 5361088\t\t\t\t\t\t\t\t<\/div>\n\t\t\t\t<\/div>\n\t\t\t\t<div class=\"elementor-element elementor-element-2e1760d5 elementor-widget elementor-widget-text-editor\" data-id=\"2e1760d5\" data-element_type=\"widget\" data-e-type=\"widget\" data-widget_type=\"text-editor.default\">\n\t\t\t\t<div class=\"elementor-widget-container\">\n\t\t\t\t\t\t\t\t\tKooperation mit kubi Bibliothek &#038; Raiffeisen Bezirksbank Kufstein &#038; Land Tirol Kultur, Bibliotheken\t\t\t\t\t\t\t\t<\/div>\n\t\t\t\t<\/div>\n\t\t\t\t\t<\/div>\n\t\t\t\t<\/div>\n\t\t\t\t\t<\/div>\n\t\t\t\t<\/div>\n\t\t<div class=\"elementor-element elementor-element-2f97e6ca e-flex e-con-boxed e-con e-child\" data-id=\"2f97e6ca\" data-element_type=\"container\" data-e-type=\"container\">\n\t\t\t\t\t<div class=\"e-con-inner\">\n\t\t<div class=\"elementor-element elementor-element-4a96535c e-flex e-con-boxed e-con e-child\" data-id=\"4a96535c\" data-element_type=\"container\" data-e-type=\"container\" data-settings=\"{&quot;background_background&quot;:&quot;classic&quot;}\">\n\t\t\t\t\t<div class=\"e-con-inner\">\n\t\t\t\t<div class=\"elementor-element elementor-element-2e8837e7 elementor-widget elementor-widget-heading\" data-id=\"2e8837e7\" data-element_type=\"widget\" data-e-type=\"widget\" data-widget_type=\"heading.default\">\n\t\t\t\t<div class=\"elementor-widget-container\">\n\t\t\t\t\t<h5 class=\"elementor-heading-title elementor-size-default\">FR 06 \u2013 SO 08 November \u2013 Transgourmet Messehalle W\u00f6rgl<\/h5>\t\t\t\t<\/div>\n\t\t\t\t<\/div>\n\t\t\t\t\t<\/div>\n\t\t\t\t<\/div>\n\t\t<div class=\"elementor-element elementor-element-57e81a63 e-flex e-con-boxed e-con e-child\" data-id=\"57e81a63\" data-element_type=\"container\" data-e-type=\"container\" data-settings=\"{&quot;background_background&quot;:&quot;classic&quot;}\">\n\t\t\t\t\t<div class=\"e-con-inner\">\n\t\t\t\t<div class=\"elementor-element elementor-element-3bd8b954 elementor-widget elementor-widget-heading\" data-id=\"3bd8b954\" data-element_type=\"widget\" data-e-type=\"widget\" data-widget_type=\"heading.default\">\n\t\t\t\t<div class=\"elementor-widget-container\">\n\t\t\t\t\t<h3 class=\"elementor-heading-title elementor-size-default\">ARTIROL KUNSTAUSSTELLUNG feat. KURT MONAUNI &amp; WORT.APOTHEKE<\/h3>\t\t\t\t<\/div>\n\t\t\t\t<\/div>\n\t\t\t\t\t<\/div>\n\t\t\t\t<\/div>\n\t\t\t\t\t<\/div>\n\t\t\t\t<\/div>\n\t\t<div class=\"elementor-element elementor-element-3339bd98 e-flex e-con-boxed e-con e-child\" data-id=\"3339bd98\" data-element_type=\"container\" data-e-type=\"container\">\n\t\t\t\t\t<div class=\"e-con-inner\">\n\t\t<div class=\"elementor-element elementor-element-407eb55f e-flex e-con-boxed e-con e-child\" data-id=\"407eb55f\" data-element_type=\"container\" data-e-type=\"container\" data-settings=\"{&quot;background_background&quot;:&quot;classic&quot;}\">\n\t\t\t\t\t<div class=\"e-con-inner\">\n\t\t\t\t<div class=\"elementor-element elementor-element-52480246 elementor-widget elementor-widget-heading\" data-id=\"52480246\" data-element_type=\"widget\" data-e-type=\"widget\" data-widget_type=\"heading.default\">\n\t\t\t\t<div class=\"elementor-widget-container\">\n\t\t\t\t\t<h5 class=\"elementor-heading-title elementor-size-default\">DI 17 November 2026 \u2013 19 Uhr \u2013 B\u00fcrgersaal Rathaus Kufstein<\/h5>\t\t\t\t<\/div>\n\t\t\t\t<\/div>\n\t\t\t\t\t<\/div>\n\t\t\t\t<\/div>\n\t\t<div class=\"elementor-element elementor-element-40f382a6 e-con-full e-flex e-con e-child\" data-id=\"40f382a6\" data-element_type=\"container\" data-e-type=\"container\" data-settings=\"{&quot;background_background&quot;:&quot;classic&quot;}\">\n\t\t\t\t<div class=\"elementor-element elementor-element-df72ccf elementor-widget elementor-widget-heading\" data-id=\"df72ccf\" data-element_type=\"widget\" data-e-type=\"widget\" data-widget_type=\"heading.default\">\n\t\t\t\t<div class=\"elementor-widget-container\">\n\t\t\t\t\t<h3 class=\"elementor-heading-title elementor-size-default\">PATSCHEN.KINO am RATHAUSDACH \u2013 \u201eDIE GUTEN und die BESSEREN TAGE\u201c (Dram\u00f6die, 2025\/FR\/BELG)<\/h3>\t\t\t\t<\/div>\n\t\t\t\t<\/div>\n\t\t\t\t<div class=\"elementor-element elementor-element-7f90c333 elementor-widget elementor-widget-text-editor\" data-id=\"7f90c333\" data-element_type=\"widget\" data-e-type=\"widget\" data-widget_type=\"text-editor.default\">\n\t\t\t\t<div class=\"elementor-widget-container\">\n\t\t\t\t\t\t\t\t\tDIE GUTEN und die BESSEREN TAGE (Dram\u00f6die, 2025\/FR\/BELG)\t\t\t\t\t\t\t\t<\/div>\n\t\t\t\t<\/div>\n\t\t\t\t<div class=\"elementor-element elementor-element-3a939758 elementor-widget elementor-widget-text-editor\" data-id=\"3a939758\" data-element_type=\"widget\" data-e-type=\"widget\" data-widget_type=\"text-editor.default\">\n\t\t\t\t<div class=\"elementor-widget-container\">\n\t\t\t\t\t\t\t\t\tNach einem Alko-Auffahrunfall verliert Suzanne den F\u00fchrerschein und das Sorgerecht f\u00fcr ihre drei Kinder. Um ein neues Leben mit den Kids aufzubauen, beginnt sie einen Entzug \u2013 und erlebt dort erstmals echte Akzeptanz ihrer Person, Beratung, Unterst\u00fctzung und sogar Freundschaft. Gemeinsam mit anderen Frauen der Gruppe und dem unkonventionellen Sportlehrer Denis brechen sie zu einer Rallye in die marokkanische W\u00fcste auf&#8230;\t\t\t\t\t\t\t\t<\/div>\n\t\t\t\t<\/div>\n\t\t\t\t<div class=\"elementor-element elementor-element-194f7867 elementor-widget elementor-widget-text-editor\" data-id=\"194f7867\" data-element_type=\"widget\" data-e-type=\"widget\" data-widget_type=\"text-editor.default\">\n\t\t\t\t<div class=\"elementor-widget-container\">\n\t\t\t\t\t\t\t\t\t<p><a href=\"https:\/\/www.youtube.com\/watch?v=6m41RoUu7Qw\">https:\/\/www.youtube.com\/watch?v=6m41RoUu7Qw<\/a> \u2013 POLYFILM VERLEIH \u2013 DVD bereits lieferbar<\/p>\t\t\t\t\t\t\t\t<\/div>\n\t\t\t\t<\/div>\n\t\t\t\t<div class=\"elementor-element elementor-element-3e4a1d88 elementor-widget elementor-widget-text-editor\" data-id=\"3e4a1d88\" data-element_type=\"widget\" data-e-type=\"widget\" data-widget_type=\"text-editor.default\">\n\t\t\t\t<div class=\"elementor-widget-container\">\n\t\t\t\t\t\t\t\t\tIn Kooperation mit Abteilung Diversity, Stadt Kufstein \u2013 Projekt \u201eWOMEN DAYS\u201c\t\t\t\t\t\t\t\t<\/div>\n\t\t\t\t<\/div>\n\t\t\t\t<\/div>\n\t\t\t\t\t<\/div>\n\t\t\t\t<\/div>\n\t\t<div class=\"elementor-element elementor-element-5d9fa28f e-flex e-con-boxed e-con e-child\" data-id=\"5d9fa28f\" data-element_type=\"container\" data-e-type=\"container\">\n\t\t\t\t\t<div class=\"e-con-inner\">\n\t\t<div class=\"elementor-element elementor-element-14bb92f2 e-flex e-con-boxed e-con e-child\" data-id=\"14bb92f2\" data-element_type=\"container\" data-e-type=\"container\" data-settings=\"{&quot;background_background&quot;:&quot;classic&quot;}\">\n\t\t\t\t\t<div class=\"e-con-inner\">\n\t\t\t\t<div class=\"elementor-element elementor-element-77159bb4 elementor-widget elementor-widget-heading\" data-id=\"77159bb4\" data-element_type=\"widget\" data-e-type=\"widget\" data-widget_type=\"heading.default\">\n\t\t\t\t<div class=\"elementor-widget-container\">\n\t\t\t\t\t<h5 class=\"elementor-heading-title elementor-size-default\">MO 30 November 2026 \u2013 19 Uhr \u2013 B\u00fcrgersaal Rathaus Kufstein<\/h5>\t\t\t\t<\/div>\n\t\t\t\t<\/div>\n\t\t\t\t\t<\/div>\n\t\t\t\t<\/div>\n\t\t<div class=\"elementor-element elementor-element-6555553e e-flex e-con-boxed e-con e-child\" data-id=\"6555553e\" data-element_type=\"container\" data-e-type=\"container\" data-settings=\"{&quot;background_background&quot;:&quot;classic&quot;}\">\n\t\t\t\t\t<div class=\"e-con-inner\">\n\t\t\t\t<div class=\"elementor-element elementor-element-8f3e910 elementor-widget elementor-widget-heading\" data-id=\"8f3e910\" data-element_type=\"widget\" data-e-type=\"widget\" data-widget_type=\"heading.default\">\n\t\t\t\t<div class=\"elementor-widget-container\">\n\t\t\t\t\t<h3 class=\"elementor-heading-title elementor-size-default\">PATSCHEN.KINO am RATHAUSDACH \u2013 \u201eMIT LIEBE und CHANSONS\u201c (Dram\u00f6die, CAN\/2026)<\/h3>\t\t\t\t<\/div>\n\t\t\t\t<\/div>\n\t\t\t\t<div class=\"elementor-element elementor-element-4935c817 elementor-widget elementor-widget-text-editor\" data-id=\"4935c817\" data-element_type=\"widget\" data-e-type=\"widget\" data-widget_type=\"text-editor.default\">\n\t\t\t\t<div class=\"elementor-widget-container\">\n\t\t\t\t\t\t\t\t\tMIT LIEBE und CHANSONS (Dram\u00f6die, CAN\/2026)\t\t\t\t\t\t\t\t<\/div>\n\t\t\t\t<\/div>\n\t\t\t\t<div class=\"elementor-element elementor-element-7d902df6 elementor-widget elementor-widget-text-editor\" data-id=\"7d902df6\" data-element_type=\"widget\" data-e-type=\"widget\" data-widget_type=\"text-editor.default\">\n\t\t\t\t<div class=\"elementor-widget-container\">\n\t\t\t\t\t\t\t\t\t<p>Paris, 1960er Jahre. Die resolute Mutter Esther erf\u00e4hrt bei der Geburt ihres 6. Kindes, dass Roland einen Klumpfu\u00df hat und wohl nie richtig laufen wird. Mit unb\u00e4ndiger Energie und Optimismus setzt Esther alles daran, ein medizinisches Wunder zu erzwingen \u2013 von \u00c4rzten \u00fcber Wunderheiler bis hin zu Gott. Trost findet der kleine Roland in den Liedern der Chanson-S\u00e4ngerin Sylvie Vartan&#8230;<\/p>\t\t\t\t\t\t\t\t<\/div>\n\t\t\t\t<\/div>\n\t\t\t\t<div class=\"elementor-element elementor-element-231d83e8 elementor-widget elementor-widget-text-editor\" data-id=\"231d83e8\" data-element_type=\"widget\" data-e-type=\"widget\" data-widget_type=\"text-editor.default\">\n\t\t\t\t<div class=\"elementor-widget-container\">\n\t\t\t\t\t\t\t\t\tWarmherzige Dram\u00f6die nach wahrer Begebenheit.\t\t\t\t\t\t\t\t<\/div>\n\t\t\t\t<\/div>\n\t\t\t\t<div class=\"elementor-element elementor-element-4befa4f7 elementor-widget elementor-widget-text-editor\" data-id=\"4befa4f7\" data-element_type=\"widget\" data-e-type=\"widget\" data-widget_type=\"text-editor.default\">\n\t\t\t\t<div class=\"elementor-widget-container\">\n\t\t\t\t\t\t\t\t\t<p><a href=\"https:\/\/www.youtube.com\/watch?v=YrlThfyvLB0\">https:\/\/www.youtube.com\/watch?v=YrlThfyvLB0<\/a> Verleih PANDA LICHTSPIELE 150.- netto; DVD lieferbar<\/p>\t\t\t\t\t\t\t\t<\/div>\n\t\t\t\t<\/div>\n\t\t\t\t<div class=\"elementor-element elementor-element-596771c6 elementor-widget elementor-widget-text-editor\" data-id=\"596771c6\" data-element_type=\"widget\" data-e-type=\"widget\" data-widget_type=\"text-editor.default\">\n\t\t\t\t<div class=\"elementor-widget-container\">\n\t\t\t\t\t\t\t\t\tIn Kooperation mit Abteilung Diversity, Stadt Kufstein \u2013 Projekt WOMEN DAYS\t\t\t\t\t\t\t\t<\/div>\n\t\t\t\t<\/div>\n\t\t\t\t\t<\/div>\n\t\t\t\t<\/div>\n\t\t\t\t\t<\/div>\n\t\t\t\t<\/div>\n\t\t<div class=\"elementor-element elementor-element-6fb08207 e-flex e-con-boxed e-con e-child\" data-id=\"6fb08207\" data-element_type=\"container\" data-e-type=\"container\">\n\t\t\t\t\t<div class=\"e-con-inner\">\n\t\t<div class=\"elementor-element elementor-element-4ba51b33 e-flex e-con-boxed e-con e-child\" data-id=\"4ba51b33\" data-element_type=\"container\" data-e-type=\"container\" data-settings=\"{&quot;background_background&quot;:&quot;classic&quot;}\">\n\t\t\t\t\t<div class=\"e-con-inner\">\n\t\t\t\t<div class=\"elementor-element elementor-element-8198fe4 elementor-widget elementor-widget-heading\" data-id=\"8198fe4\" data-element_type=\"widget\" data-e-type=\"widget\" data-widget_type=\"heading.default\">\n\t\t\t\t<div class=\"elementor-widget-container\">\n\t\t\t\t\t<h5 class=\"elementor-heading-title elementor-size-default\">SA 28 November 2026 \u2013 11 Uhr \u2013 Festsaal FH Kufstein<\/h5>\t\t\t\t<\/div>\n\t\t\t\t<\/div>\n\t\t\t\t\t<\/div>\n\t\t\t\t<\/div>\n\t\t<div class=\"elementor-element elementor-element-207cab9a e-flex e-con-boxed e-con e-child\" data-id=\"207cab9a\" data-element_type=\"container\" data-e-type=\"container\" data-settings=\"{&quot;background_background&quot;:&quot;classic&quot;}\">\n\t\t\t\t\t<div class=\"e-con-inner\">\n\t\t\t\t<div class=\"elementor-element elementor-element-31b476a0 elementor-widget elementor-widget-heading\" data-id=\"31b476a0\" data-element_type=\"widget\" data-e-type=\"widget\" data-widget_type=\"heading.default\">\n\t\t\t\t<div class=\"elementor-widget-container\">\n\t\t\t\t\t<h3 class=\"elementor-heading-title elementor-size-default\">ADVENT FAMILIEN MITSPIELLESUNG \n1. Advent<\/h3>\t\t\t\t<\/div>\n\t\t\t\t<\/div>\n\t\t\t\t<div class=\"elementor-element elementor-element-21b6c9d3 elementor-widget elementor-widget-text-editor\" data-id=\"21b6c9d3\" data-element_type=\"widget\" data-e-type=\"widget\" data-widget_type=\"text-editor.default\">\n\t\t\t\t<div class=\"elementor-widget-container\">\n\t\t\t\t\t\t\t\t\tMit Annette WACHINGER &#038; MioRosalind Lesemaus\t\t\t\t\t\t\t\t<\/div>\n\t\t\t\t<\/div>\n\t\t\t\t<div class=\"elementor-element elementor-element-1aea9fa5 elementor-widget elementor-widget-text-editor\" data-id=\"1aea9fa5\" data-element_type=\"widget\" data-e-type=\"widget\" data-widget_type=\"text-editor.default\">\n\t\t\t\t<div class=\"elementor-widget-container\">\n\t\t\t\t\t\t\t\t\tIn der Vorweihnachtszeit laden Annette und ihre Lesem\u00e4use Mio &#038; Rosalind wieder zu herzerw\u00e4rmend fr\u00f6hlichen ADVENT -MITSPIELLESUNGEN f\u00fcr die ganze Familie ein. Einfach mitmachen, singen, tanzen, basteln und freuen!\t\t\t\t\t\t\t\t<\/div>\n\t\t\t\t<\/div>\n\t\t\t\t<div class=\"elementor-element elementor-element-52a6f1c7 elementor-widget elementor-widget-text-editor\" data-id=\"52a6f1c7\" data-element_type=\"widget\" data-e-type=\"widget\" data-widget_type=\"text-editor.default\">\n\t\t\t\t<div class=\"elementor-widget-container\">\n\t\t\t\t\t\t\t\t\tEINTRITT FREI, aber begrenzte Pl\u00e4tze, daher ANMELDUNG SMS\/WA +436645361088 erforderlich. Best\u00e4tigung = Ticket.\t\t\t\t\t\t\t\t<\/div>\n\t\t\t\t<\/div>\n\t\t\t\t<div class=\"elementor-element elementor-element-106c60a elementor-widget elementor-widget-text-editor\" data-id=\"106c60a\" data-element_type=\"widget\" data-e-type=\"widget\" data-widget_type=\"text-editor.default\">\n\t\t\t\t<div class=\"elementor-widget-container\">\n\t\t\t\t\t\t\t\t\tIn Kooperation mit kubi Bibliothek &#038; Rotary Club Kufstein\t\t\t\t\t\t\t\t<\/div>\n\t\t\t\t<\/div>\n\t\t\t\t\t<\/div>\n\t\t\t\t<\/div>\n\t\t\t\t\t<\/div>\n\t\t\t\t<\/div>\n\t\t<div class=\"elementor-element elementor-element-3ac7fc74 e-flex e-con-boxed e-con e-child\" data-id=\"3ac7fc74\" data-element_type=\"container\" data-e-type=\"container\">\n\t\t\t\t\t<div class=\"e-con-inner\">\n\t\t<div class=\"elementor-element elementor-element-3af7f198 e-flex e-con-boxed e-con e-child\" data-id=\"3af7f198\" data-element_type=\"container\" data-e-type=\"container\" data-settings=\"{&quot;background_background&quot;:&quot;classic&quot;}\">\n\t\t\t\t\t<div class=\"e-con-inner\">\n\t\t\t\t<div class=\"elementor-element elementor-element-2dc5e666 elementor-widget elementor-widget-heading\" data-id=\"2dc5e666\" data-element_type=\"widget\" data-e-type=\"widget\" data-widget_type=\"heading.default\">\n\t\t\t\t<div class=\"elementor-widget-container\">\n\t\t\t\t\t<h5 class=\"elementor-heading-title elementor-size-default\">MO 07 Dezember 2026 \u2013 19 Uhr \u2013 Kulturraum Museum W\u00f6rgl 3.OG. (\u00fcberm Kirchenwirt)<\/h5>\t\t\t\t<\/div>\n\t\t\t\t<\/div>\n\t\t\t\t\t<\/div>\n\t\t\t\t<\/div>\n\t\t<div class=\"elementor-element elementor-element-242de65a e-flex e-con-boxed e-con e-child\" data-id=\"242de65a\" data-element_type=\"container\" data-e-type=\"container\" data-settings=\"{&quot;background_background&quot;:&quot;classic&quot;}\">\n\t\t\t\t\t<div class=\"e-con-inner\">\n\t\t\t\t<div class=\"elementor-element elementor-element-18175239 elementor-widget elementor-widget-heading\" data-id=\"18175239\" data-element_type=\"widget\" data-e-type=\"widget\" data-widget_type=\"heading.default\">\n\t\t\t\t<div class=\"elementor-widget-container\">\n\t\t\t\t\t<h3 class=\"elementor-heading-title elementor-size-default\">ORANGE DAYS \u2013 SCHWERPUNKT-TAG<\/h3>\t\t\t\t<\/div>\n\t\t\t\t<\/div>\n\t\t\t\t<div class=\"elementor-element elementor-element-735351c5 elementor-widget elementor-widget-text-editor\" data-id=\"735351c5\" data-element_type=\"widget\" data-e-type=\"widget\" data-widget_type=\"text-editor.default\">\n\t\t\t\t<div class=\"elementor-widget-container\">\n\t\t\t\t\t\t\t\t\tSeit 2008 finden in den 16 \u201eORANGE DAYS\u201c vom 25. November (Internationaler Tag gegen Gewalt an Frauen) bis zum 10. Dezember (Tag der Menschenrechte) weltweit Aktionen und Veranstaltungen f\u00fcr die Rechte von Frauen und M\u00e4dchen statt.\t\t\t\t\t\t\t\t<\/div>\n\t\t\t\t<\/div>\n\t\t\t\t<div class=\"elementor-element elementor-element-e60aa01 elementor-widget elementor-widget-text-editor\" data-id=\"e60aa01\" data-element_type=\"widget\" data-e-type=\"widget\" data-widget_type=\"text-editor.default\">\n\t\t\t\t<div class=\"elementor-widget-container\">\n\t\t\t\t\t\t\t\t\tIn W\u00f6rgl widmen wir ihnen in Zusammenarbeit mit dem SOROPTIMIST CLUB Kufstein-W\u00f6rgl einen Schwerpunkttag mit Familienlesung und einem au\u00dfergew\u00f6hnlichen Kino-Film \u2013 nicht nur f\u00fcr M\u00e4dchen und Frauen, sondern f\u00fcr alle, die diese Frauen ehren und lieben!\t\t\t\t\t\t\t\t<\/div>\n\t\t\t\t<\/div>\n\t\t\t\t<div class=\"elementor-element elementor-element-7588016b elementor-widget elementor-widget-text-editor\" data-id=\"7588016b\" data-element_type=\"widget\" data-e-type=\"widget\" data-widget_type=\"text-editor.default\">\n\t\t\t\t<div class=\"elementor-widget-container\">\n\t\t\t\t\t\t\t\t\tFAMILIEN.LESUNG f\u00fcr ALLE von 3-103 Jahren \u2013 \u201eSTARKE M\u00c4DCHEN!\u201c\t\t\t\t\t\t\t\t<\/div>\n\t\t\t\t<\/div>\n\t\t\t\t<div class=\"elementor-element elementor-element-6dc81663 elementor-widget elementor-widget-text-editor\" data-id=\"6dc81663\" data-element_type=\"widget\" data-e-type=\"widget\" data-widget_type=\"text-editor.default\">\n\t\t\t\t<div class=\"elementor-widget-container\">\n\t\t\t\t\t\t\t\t\tMit Kinderbuchautorin Brigitte WENINGER\t\t\t\t\t\t\t\t<\/div>\n\t\t\t\t<\/div>\n\t\t\t\t<div class=\"elementor-element elementor-element-4b71aab9 elementor-widget elementor-widget-text-editor\" data-id=\"4b71aab9\" data-element_type=\"widget\" data-e-type=\"widget\" data-widget_type=\"text-editor.default\">\n\t\t\t\t<div class=\"elementor-widget-container\">\n\t\t\t\t\t\t\t\t\tEs gibt so viele tolle Bilderb\u00fccher \u00fcber STARKE M\u00c4DCHEN \u2013 Kinderbuchautorin Brigitte Weninger hat zwei der allersch\u00f6nsten ausgesucht und liest sie euch vor! Danach gibt\u2019s wie immer Gie\u00dfkannensaft und eine lustige Mini-Bastelei zum Mitnehmen.\t\t\t\t\t\t\t\t<\/div>\n\t\t\t\t<\/div>\n\t\t\t\t<div class=\"elementor-element elementor-element-5df2dcde elementor-widget elementor-widget-text-editor\" data-id=\"5df2dcde\" data-element_type=\"widget\" data-e-type=\"widget\" data-widget_type=\"text-editor.default\">\n\t\t\t\t<div class=\"elementor-widget-container\">\n\t\t\t\t\t\t\t\t\tEINTRITT FREI, aber nur begrenzte Pl\u00e4tze \u2013 daher ANMELDUNG bei Wort.Apotheke erforderlich: SMS-WhatsApp +43 664 5361088\t\t\t\t\t\t\t\t<\/div>\n\t\t\t\t<\/div>\n\t\t\t\t<div class=\"elementor-element elementor-element-4bf6647b elementor-widget elementor-widget-text-editor\" data-id=\"4bf6647b\" data-element_type=\"widget\" data-e-type=\"widget\" data-widget_type=\"text-editor.default\">\n\t\t\t\t<div class=\"elementor-widget-container\">\n\t\t\t\t\t\t\t\t\tIn Kooperation mit Soroptimist Club Kufstein-W\u00f6rgl \u2013 Projekt ORANGE DAYS\t\t\t\t\t\t\t\t<\/div>\n\t\t\t\t<\/div>\n\t\t\t\t\t<\/div>\n\t\t\t\t<\/div>\n\t\t\t\t\t<\/div>\n\t\t\t\t<\/div>\n\t\t\t\t\t<\/div>\n\t\t\t\t<\/div>\n\t\t<div class=\"elementor-element elementor-element-4df5af01 e-flex e-con-boxed e-con e-parent\" data-id=\"4df5af01\" data-element_type=\"container\" data-e-type=\"container\" data-settings=\"{&quot;background_background&quot;:&quot;classic&quot;}\">\n\t\t\t\t\t<div class=\"e-con-inner\">\n\t\t\t\t<div class=\"elementor-element elementor-element-7f90793d elementor-widget elementor-widget-heading\" data-id=\"7f90793d\" data-element_type=\"widget\" data-e-type=\"widget\" data-widget_type=\"heading.default\">\n\t\t\t\t<div class=\"elementor-widget-container\">\n\t\t\t\t\t<h2 class=\"elementor-heading-title elementor-size-default\">Dezember<\/h2>\t\t\t\t<\/div>\n\t\t\t\t<\/div>\n\t\t<div class=\"elementor-element elementor-element-1a22fb79 e-flex e-con-boxed e-con e-child\" data-id=\"1a22fb79\" data-element_type=\"container\" data-e-type=\"container\">\n\t\t\t\t\t<div class=\"e-con-inner\">\n\t\t<div class=\"elementor-element elementor-element-2ce51996 e-flex e-con-boxed e-con e-child\" data-id=\"2ce51996\" data-element_type=\"container\" data-e-type=\"container\" data-settings=\"{&quot;background_background&quot;:&quot;classic&quot;}\">\n\t\t\t\t\t<div class=\"e-con-inner\">\n\t\t\t\t<div class=\"elementor-element elementor-element-2368d503 elementor-widget elementor-widget-heading\" data-id=\"2368d503\" data-element_type=\"widget\" data-e-type=\"widget\" data-widget_type=\"heading.default\">\n\t\t\t\t<div class=\"elementor-widget-container\">\n\t\t\t\t\t<h5 class=\"elementor-heading-title elementor-size-default\">SA 05 Dezember 2026 \u2013 11 Uhr \u2013 Festsaal FH Kufstein<\/h5>\t\t\t\t<\/div>\n\t\t\t\t<\/div>\n\t\t\t\t\t<\/div>\n\t\t\t\t<\/div>\n\t\t<div class=\"elementor-element elementor-element-4268edfa e-flex e-con-boxed e-con e-child\" data-id=\"4268edfa\" data-element_type=\"container\" data-e-type=\"container\" data-settings=\"{&quot;background_background&quot;:&quot;classic&quot;}\">\n\t\t\t\t\t<div class=\"e-con-inner\">\n\t\t\t\t<div class=\"elementor-element elementor-element-a0dd064 elementor-widget elementor-widget-heading\" data-id=\"a0dd064\" data-element_type=\"widget\" data-e-type=\"widget\" data-widget_type=\"heading.default\">\n\t\t\t\t<div class=\"elementor-widget-container\">\n\t\t\t\t\t<h3 class=\"elementor-heading-title elementor-size-default\">ADVENT FAMILIEN MITSPIELLESUNG\n2. Advent<\/h3>\t\t\t\t<\/div>\n\t\t\t\t<\/div>\n\t\t\t\t<div class=\"elementor-element elementor-element-22b320c3 elementor-widget elementor-widget-text-editor\" data-id=\"22b320c3\" data-element_type=\"widget\" data-e-type=\"widget\" data-widget_type=\"text-editor.default\">\n\t\t\t\t<div class=\"elementor-widget-container\">\n\t\t\t\t\t\t\t\t\tMit Annette WACHINGER &#038; MioRosalind Lesemaus\t\t\t\t\t\t\t\t<\/div>\n\t\t\t\t<\/div>\n\t\t\t\t<div class=\"elementor-element elementor-element-30978a49 elementor-widget elementor-widget-text-editor\" data-id=\"30978a49\" data-element_type=\"widget\" data-e-type=\"widget\" data-widget_type=\"text-editor.default\">\n\t\t\t\t<div class=\"elementor-widget-container\">\n\t\t\t\t\t\t\t\t\tIn der Vorweihnachtszeit laden Annette und ihre Lesem\u00e4use Mio &#038; Rosalind wieder zu herzerw\u00e4rmend fr\u00f6hlichen ADVENT -MITSPIELLESUNGEN f\u00fcr die ganze Familie ein. Einfach mitmachen, singen, tanzen, basteln und freuen!\t\t\t\t\t\t\t\t<\/div>\n\t\t\t\t<\/div>\n\t\t\t\t<div class=\"elementor-element elementor-element-5dae3794 elementor-widget elementor-widget-text-editor\" data-id=\"5dae3794\" data-element_type=\"widget\" data-e-type=\"widget\" data-widget_type=\"text-editor.default\">\n\t\t\t\t<div class=\"elementor-widget-container\">\n\t\t\t\t\t\t\t\t\tEINTRITT FREI, aber begrenzte Pl\u00e4tze, daher ANMELDUNG SMS\/WA +436645361088 erforderlich. Best\u00e4tigung = Ticket.\t\t\t\t\t\t\t\t<\/div>\n\t\t\t\t<\/div>\n\t\t\t\t<div class=\"elementor-element elementor-element-3c0fdfc0 elementor-widget elementor-widget-text-editor\" data-id=\"3c0fdfc0\" data-element_type=\"widget\" data-e-type=\"widget\" data-widget_type=\"text-editor.default\">\n\t\t\t\t<div class=\"elementor-widget-container\">\n\t\t\t\t\t\t\t\t\tIn Kooperation mit kubi Bibliothek &#038; Rotary Club Kufstein\t\t\t\t\t\t\t\t<\/div>\n\t\t\t\t<\/div>\n\t\t\t\t\t<\/div>\n\t\t\t\t<\/div>\n\t\t\t\t\t<\/div>\n\t\t\t\t<\/div>\n\t\t<div class=\"elementor-element elementor-element-6e68a0c2 e-flex e-con-boxed e-con e-child\" data-id=\"6e68a0c2\" data-element_type=\"container\" data-e-type=\"container\">\n\t\t\t\t\t<div class=\"e-con-inner\">\n\t\t<div class=\"elementor-element elementor-element-30d5121c e-flex e-con-boxed e-con e-child\" data-id=\"30d5121c\" data-element_type=\"container\" data-e-type=\"container\" data-settings=\"{&quot;background_background&quot;:&quot;classic&quot;}\">\n\t\t\t\t\t<div class=\"e-con-inner\">\n\t\t\t\t<div class=\"elementor-element elementor-element-859ce96 elementor-widget elementor-widget-heading\" data-id=\"859ce96\" data-element_type=\"widget\" data-e-type=\"widget\" data-widget_type=\"heading.default\">\n\t\t\t\t<div class=\"elementor-widget-container\">\n\t\t\t\t\t<h5 class=\"elementor-heading-title elementor-size-default\">MO 07 Dezember 2026 \u2013 19 Uhr \u2013 Kulturraum Museum W\u00f6rgl 3.OG. (\u00fcberm Kirchenwirt)<\/h5>\t\t\t\t<\/div>\n\t\t\t\t<\/div>\n\t\t\t\t\t<\/div>\n\t\t\t\t<\/div>\n\t\t<div class=\"elementor-element elementor-element-7dbf91e9 e-flex e-con-boxed e-con e-child\" data-id=\"7dbf91e9\" data-element_type=\"container\" data-e-type=\"container\" data-settings=\"{&quot;background_background&quot;:&quot;classic&quot;}\">\n\t\t\t\t\t<div class=\"e-con-inner\">\n\t\t\t\t<div class=\"elementor-element elementor-element-1628c641 elementor-widget elementor-widget-heading\" data-id=\"1628c641\" data-element_type=\"widget\" data-e-type=\"widget\" data-widget_type=\"heading.default\">\n\t\t\t\t<div class=\"elementor-widget-container\">\n\t\t\t\t\t<h3 class=\"elementor-heading-title elementor-size-default\">PATSCHEN.KINO am MUSEUMSDACH \u2013 \u201eSORRY, BABY!\u201c (Dram\u00f6die, US\/FR\/ES 2026)<\/h3>\t\t\t\t<\/div>\n\t\t\t\t<\/div>\n\t\t\t\t<div class=\"elementor-element elementor-element-19f1ba84 elementor-widget elementor-widget-text-editor\" data-id=\"19f1ba84\" data-element_type=\"widget\" data-e-type=\"widget\" data-widget_type=\"text-editor.default\">\n\t\t\t\t<div class=\"elementor-widget-container\">\n\t\t\t\t\t\t\t\t\t<p>Die junge Literaturprofessorin Agnes wird durch ein traumatischen Erlebnis aus der Bahn geworfen. Ist sie \u201eselber schuld\u201c? W\u00e4hrend das Leben im Umfeld weitergeht hat sie das Gef\u00fchl, v\u00f6llig festzustecken. In f\u00fcnf Kapiteln und \u00fcber mehrere Jahre begleitet der Film Agnes auf dem Weg zur\u00fcck zu sich selbst \u2013 getragen von leisen Momenten, scharfem Humor und der bedingungslosen Unterst\u00fctzung ihrer besten Freundin. Wunderbar kluge und z\u00e4rtliche Kino-Story \u00fcber Resilienz, Heilung und weibliche Selbstbehauptung.<\/p>\t\t\t\t\t\t\t\t<\/div>\n\t\t\t\t<\/div>\n\t\t\t\t<div class=\"elementor-element elementor-element-3444077e elementor-widget elementor-widget-text-editor\" data-id=\"3444077e\" data-element_type=\"widget\" data-e-type=\"widget\" data-widget_type=\"text-editor.default\">\n\t\t\t\t<div class=\"elementor-widget-container\">\n\t\t\t\t\t\t\t\t\tIn Kooperation mit Soroptimist Club Kufstein-W\u00f6rgl \u2013 Projekt ORANGE DAYS \u2013 Gegen Gewalt an Frauen &#038; M\u00e4dchen\t\t\t\t\t\t\t\t<\/div>\n\t\t\t\t<\/div>\n\t\t\t\t\t<\/div>\n\t\t\t\t<\/div>\n\t\t\t\t\t<\/div>\n\t\t\t\t<\/div>\n\t\t<div class=\"elementor-element elementor-element-66585490 e-flex e-con-boxed e-con e-child\" data-id=\"66585490\" data-element_type=\"container\" data-e-type=\"container\">\n\t\t\t\t\t<div class=\"e-con-inner\">\n\t\t<div class=\"elementor-element elementor-element-27057d92 e-flex e-con-boxed e-con e-child\" data-id=\"27057d92\" data-element_type=\"container\" data-e-type=\"container\" data-settings=\"{&quot;background_background&quot;:&quot;classic&quot;}\">\n\t\t\t\t\t<div class=\"e-con-inner\">\n\t\t\t\t<div class=\"elementor-element elementor-element-36c6b6ff elementor-widget elementor-widget-heading\" data-id=\"36c6b6ff\" data-element_type=\"widget\" data-e-type=\"widget\" data-widget_type=\"heading.default\">\n\t\t\t\t<div class=\"elementor-widget-container\">\n\t\t\t\t\t<h5 class=\"elementor-heading-title elementor-size-default\">SA 12 Dezember 2026 \u2013 11 Uhr \u2013 Festsaal FH Kufstein<\/h5>\t\t\t\t<\/div>\n\t\t\t\t<\/div>\n\t\t\t\t\t<\/div>\n\t\t\t\t<\/div>\n\t\t<div class=\"elementor-element elementor-element-1beec43d e-flex e-con-boxed e-con e-child\" data-id=\"1beec43d\" data-element_type=\"container\" data-e-type=\"container\" data-settings=\"{&quot;background_background&quot;:&quot;classic&quot;}\">\n\t\t\t\t\t<div class=\"e-con-inner\">\n\t\t\t\t<div class=\"elementor-element elementor-element-1632b817 elementor-widget elementor-widget-heading\" data-id=\"1632b817\" data-element_type=\"widget\" data-e-type=\"widget\" data-widget_type=\"heading.default\">\n\t\t\t\t<div class=\"elementor-widget-container\">\n\t\t\t\t\t<h3 class=\"elementor-heading-title elementor-size-default\">ADVENT FAMILIEN MITSPIELLESUNG \n3. Advent<\/h3>\t\t\t\t<\/div>\n\t\t\t\t<\/div>\n\t\t\t\t<div class=\"elementor-element elementor-element-24fab7ff elementor-widget elementor-widget-text-editor\" data-id=\"24fab7ff\" data-element_type=\"widget\" data-e-type=\"widget\" data-widget_type=\"text-editor.default\">\n\t\t\t\t<div class=\"elementor-widget-container\">\n\t\t\t\t\t\t\t\t\tMit Annette WACHINGER &#038; MioRosalind Lesemaus\t\t\t\t\t\t\t\t<\/div>\n\t\t\t\t<\/div>\n\t\t\t\t<div class=\"elementor-element elementor-element-236c0f31 elementor-widget elementor-widget-text-editor\" data-id=\"236c0f31\" data-element_type=\"widget\" data-e-type=\"widget\" data-widget_type=\"text-editor.default\">\n\t\t\t\t<div class=\"elementor-widget-container\">\n\t\t\t\t\t\t\t\t\tIn der Vorweihnachtszeit laden Annette und ihre Lesem\u00e4use Mio &#038; Rosalind wieder zu herzerw\u00e4rmend fr\u00f6hlichen ADVENT -MITSPIELLESUNGEN f\u00fcr die ganze Familie ein. Einfach mitmachen, singen, tanzen, basteln und freuen!\t\t\t\t\t\t\t\t<\/div>\n\t\t\t\t<\/div>\n\t\t\t\t<div class=\"elementor-element elementor-element-3069aa4c elementor-widget elementor-widget-text-editor\" data-id=\"3069aa4c\" data-element_type=\"widget\" data-e-type=\"widget\" data-widget_type=\"text-editor.default\">\n\t\t\t\t<div class=\"elementor-widget-container\">\n\t\t\t\t\t\t\t\t\tEINTRITT FREI, aber begrenzte Pl\u00e4tze, daher ANMELDUNG SMS\/WA +436645361088 erforderlich. Best\u00e4tigung = Ticket.\t\t\t\t\t\t\t\t<\/div>\n\t\t\t\t<\/div>\n\t\t\t\t<div class=\"elementor-element elementor-element-41da31e8 elementor-widget elementor-widget-text-editor\" data-id=\"41da31e8\" data-element_type=\"widget\" data-e-type=\"widget\" data-widget_type=\"text-editor.default\">\n\t\t\t\t<div class=\"elementor-widget-container\">\n\t\t\t\t\t\t\t\t\tIn Kooperation mit kubi Bibliothek &#038; Rotary Club Kufstein\t\t\t\t\t\t\t\t<\/div>\n\t\t\t\t<\/div>\n\t\t\t\t\t<\/div>\n\t\t\t\t<\/div>\n\t\t\t\t\t<\/div>\n\t\t\t\t<\/div>\n\t\t<div class=\"elementor-element elementor-element-2bccf184 e-flex e-con-boxed e-con e-child\" data-id=\"2bccf184\" data-element_type=\"container\" data-e-type=\"container\">\n\t\t\t\t\t<div class=\"e-con-inner\">\n\t\t<div class=\"elementor-element elementor-element-322cc941 e-flex e-con-boxed e-con e-child\" data-id=\"322cc941\" data-element_type=\"container\" data-e-type=\"container\" data-settings=\"{&quot;background_background&quot;:&quot;classic&quot;}\">\n\t\t\t\t\t<div class=\"e-con-inner\">\n\t\t\t\t<div class=\"elementor-element elementor-element-65158561 elementor-widget elementor-widget-heading\" data-id=\"65158561\" data-element_type=\"widget\" data-e-type=\"widget\" data-widget_type=\"heading.default\">\n\t\t\t\t<div class=\"elementor-widget-container\">\n\t\t\t\t\t<h5 class=\"elementor-heading-title elementor-size-default\">SA 19 Dezember 2026 \u2013 11 Uhr \u2013 Festsaal FH Kufstein<\/h5>\t\t\t\t<\/div>\n\t\t\t\t<\/div>\n\t\t\t\t\t<\/div>\n\t\t\t\t<\/div>\n\t\t<div class=\"elementor-element elementor-element-db080b7 e-flex e-con-boxed e-con e-child\" data-id=\"db080b7\" data-element_type=\"container\" data-e-type=\"container\" data-settings=\"{&quot;background_background&quot;:&quot;classic&quot;}\">\n\t\t\t\t\t<div class=\"e-con-inner\">\n\t\t\t\t<div class=\"elementor-element elementor-element-419d727e elementor-widget elementor-widget-heading\" data-id=\"419d727e\" data-element_type=\"widget\" data-e-type=\"widget\" data-widget_type=\"heading.default\">\n\t\t\t\t<div class=\"elementor-widget-container\">\n\t\t\t\t\t<h3 class=\"elementor-heading-title elementor-size-default\">ADVENT FAMILIEN MITSPIELLESUNG\n4. Advent<\/h3>\t\t\t\t<\/div>\n\t\t\t\t<\/div>\n\t\t\t\t<div class=\"elementor-element elementor-element-19e65cd elementor-widget elementor-widget-text-editor\" data-id=\"19e65cd\" data-element_type=\"widget\" data-e-type=\"widget\" data-widget_type=\"text-editor.default\">\n\t\t\t\t<div class=\"elementor-widget-container\">\n\t\t\t\t\t\t\t\t\tMit Annette WACHINGER &#038; MioRosalind Lesemaus\t\t\t\t\t\t\t\t<\/div>\n\t\t\t\t<\/div>\n\t\t\t\t<div class=\"elementor-element elementor-element-22743219 elementor-widget elementor-widget-text-editor\" data-id=\"22743219\" data-element_type=\"widget\" data-e-type=\"widget\" data-widget_type=\"text-editor.default\">\n\t\t\t\t<div class=\"elementor-widget-container\">\n\t\t\t\t\t\t\t\t\tIn der Vorweihnachtszeit laden Annette und ihre Lesem\u00e4use Mio &#038; Rosalind wieder zu herzerw\u00e4rmend fr\u00f6hlichen ADVENT -MITSPIELLESUNGEN f\u00fcr die ganze Familie ein. Einfach mitmachen, singen, tanzen, basteln und freuen!\t\t\t\t\t\t\t\t<\/div>\n\t\t\t\t<\/div>\n\t\t\t\t<div class=\"elementor-element elementor-element-435e88c1 elementor-widget elementor-widget-text-editor\" data-id=\"435e88c1\" data-element_type=\"widget\" data-e-type=\"widget\" data-widget_type=\"text-editor.default\">\n\t\t\t\t<div class=\"elementor-widget-container\">\n\t\t\t\t\t\t\t\t\tEINTRITT FREI, aber begrenzte Pl\u00e4tze, daher ANMELDUNG SMS\/WA +436645361088 erforderlich. Best\u00e4tigung = Ticket.\t\t\t\t\t\t\t\t<\/div>\n\t\t\t\t<\/div>\n\t\t\t\t<div class=\"elementor-element elementor-element-58a3aa2d elementor-widget elementor-widget-text-editor\" data-id=\"58a3aa2d\" data-element_type=\"widget\" data-e-type=\"widget\" data-widget_type=\"text-editor.default\">\n\t\t\t\t<div class=\"elementor-widget-container\">\n\t\t\t\t\t\t\t\t\tIn Kooperation mit kubi Bibliothek &#038; Rotary Club Kufstein\t\t\t\t\t\t\t\t<\/div>\n\t\t\t\t<\/div>\n\t\t\t\t<div class=\"elementor-element elementor-element-17c5e942 elementor-widget elementor-widget-text-editor\" data-id=\"17c5e942\" data-element_type=\"widget\" data-e-type=\"widget\" data-widget_type=\"text-editor.default\">\n\t\t\t\t<div class=\"elementor-widget-container\">\n\t\t\t\t\t\t\t\t\t+++++++++++\t\t\t\t\t\t\t\t<\/div>\n\t\t\t\t<\/div>\n\t\t\t\t\t<\/div>\n\t\t\t\t<\/div>\n\t\t\t\t\t<\/div>\n\t\t\t\t<\/div>\n\t\t\t\t\t<\/div>\n\t\t\t\t<\/div>\n\t\t<div class=\"elementor-element elementor-element-2db86efd e-flex e-con-boxed e-con e-parent\" data-id=\"2db86efd\" data-element_type=\"container\" data-e-type=\"container\" data-settings=\"{&quot;background_background&quot;:&quot;classic&quot;}\">\n\t\t\t\t\t<div class=\"e-con-inner\">\n\t\t<div class=\"elementor-element elementor-element-49d6bd80 e-flex e-con-boxed e-con e-child\" data-id=\"49d6bd80\" data-element_type=\"container\" data-e-type=\"container\" data-settings=\"{&quot;background_background&quot;:&quot;classic&quot;}\">\n\t\t\t\t\t<div class=\"e-con-inner\">\n\t\t\t\t<div class=\"elementor-element elementor-element-7621c744 elementor-widget elementor-widget-heading\" data-id=\"7621c744\" data-element_type=\"widget\" data-e-type=\"widget\" data-widget_type=\"heading.default\">\n\t\t\t\t<div class=\"elementor-widget-container\">\n\t\t\t\t\t<h2 class=\"elementor-heading-title elementor-size-default\">Infos &amp; Anmeldung<\/h2>\t\t\t\t<\/div>\n\t\t\t\t<\/div>\n\t\t\t\t<div class=\"elementor-element elementor-element-3f7a8c8 elementor-widget elementor-widget-text-editor\" data-id=\"3f7a8c8\" data-element_type=\"widget\" data-e-type=\"widget\" data-widget_type=\"text-editor.default\">\n\t\t\t\t<div class=\"elementor-widget-container\">\n\t\t\t\t\t\t\t\t\tWort.Apotheke \u00b7 SMS \/ WhatsApp \u00b7 +43 664 5361088\t\t\t\t\t\t\t\t<\/div>\n\t\t\t\t<\/div>\n\t\t\t\t\t<\/div>\n\t\t\t\t<\/div>\n\t\t\t\t\t<\/div>\n\t\t\t\t<\/div>\n\t\t<div class=\"elementor-element elementor-element-5c436916 e-flex e-con-boxed e-con e-parent\" data-id=\"5c436916\" data-element_type=\"container\" data-e-type=\"container\" data-settings=\"{&quot;background_background&quot;:&quot;classic&quot;}\">\n\t\t\t\t\t<div class=\"e-con-inner\">\n\t\t<div class=\"elementor-element elementor-element-83defa1 e-flex e-con-boxed e-con e-child\" data-id=\"83defa1\" data-element_type=\"container\" data-e-type=\"container\" data-settings=\"{&quot;background_background&quot;:&quot;classic&quot;}\">\n\t\t\t\t\t<div class=\"e-con-inner\">\n\t\t<div class=\"elementor-element elementor-element-3f4710df e-con-full e-flex e-con e-child\" data-id=\"3f4710df\" data-element_type=\"container\" data-e-type=\"container\" data-settings=\"{&quot;background_background&quot;:&quot;classic&quot;}\">\n\t\t\t\t<div class=\"elementor-element elementor-element-168a4889 elementor-view-default elementor-widget elementor-widget-icon\" data-id=\"168a4889\" data-element_type=\"widget\" data-e-type=\"widget\" data-widget_type=\"icon.default\">\n\t\t\t\t<div class=\"elementor-widget-container\">\n\t\t\t\t\t\t\t<div class=\"elementor-icon-wrapper\">\n\t\t\t<div class=\"elementor-icon\">\n\t\t\t<svg aria-hidden=\"true\" class=\"e-font-icon-svg e-fab-whatsapp-square\" viewBox=\"0 0 448 512\" xmlns=\"http:\/\/www.w3.org\/2000\/svg\"><path d=\"M224 122.8c-72.7 0-131.8 59.1-131.9 131.8 0 24.9 7 49.2 20.2 70.1l3.1 5-13.3 48.6 49.9-13.1 4.8 2.9c20.2 12 43.4 18.4 67.1 18.4h.1c72.6 0 133.3-59.1 133.3-131.8 0-35.2-15.2-68.3-40.1-93.2-25-25-58-38.7-93.2-38.7zm77.5 188.4c-3.3 9.3-19.1 17.7-26.7 18.8-12.6 1.9-22.4.9-47.5-9.9-39.7-17.2-65.7-57.2-67.7-59.8-2-2.6-16.2-21.5-16.2-41s10.2-29.1 13.9-33.1c3.6-4 7.9-5 10.6-5 2.6 0 5.3 0 7.6.1 2.4.1 5.7-.9 8.9 6.8 3.3 7.9 11.2 27.4 12.2 29.4s1.7 4.3.3 6.9c-7.6 15.2-15.7 14.6-11.6 21.6 15.3 26.3 30.6 35.4 53.9 47.1 4 2 6.3 1.7 8.6-1 2.3-2.6 9.9-11.6 12.5-15.5 2.6-4 5.3-3.3 8.9-2 3.6 1.3 23.1 10.9 27.1 12.9s6.6 3 7.6 4.6c.9 1.9.9 9.9-2.4 19.1zM400 32H48C21.5 32 0 53.5 0 80v352c0 26.5 21.5 48 48 48h352c26.5 0 48-21.5 48-48V80c0-26.5-21.5-48-48-48zM223.9 413.2c-26.6 0-52.7-6.7-75.8-19.3L64 416l22.5-82.2c-13.9-24-21.2-51.3-21.2-79.3C65.4 167.1 136.5 96 223.9 96c42.4 0 82.2 16.5 112.2 46.5 29.9 30 47.9 69.8 47.9 112.2 0 87.4-72.7 158.5-160.1 158.5z\"><\/path><\/svg>\t\t\t<\/div>\n\t\t<\/div>\n\t\t\t\t\t\t<\/div>\n\t\t\t\t<\/div>\n\t\t\t\t<div class=\"elementor-element elementor-element-1abbfd8a animated-slow elementor-invisible elementor-widget elementor-widget-heading\" data-id=\"1abbfd8a\" data-element_type=\"widget\" data-e-type=\"widget\" data-settings=\"{&quot;_animation&quot;:&quot;slideInUp&quot;}\" data-widget_type=\"heading.default\">\n\t\t\t\t<div class=\"elementor-widget-container\">\n\t\t\t\t\t<h2 class=\"elementor-heading-title elementor-size-default\">KUFSTEIN LIEST!<\/h2>\t\t\t\t<\/div>\n\t\t\t\t<\/div>\n\t\t\t\t<div class=\"elementor-element elementor-element-32fdae09 animated-slow elementor-invisible elementor-widget elementor-widget-heading\" data-id=\"32fdae09\" data-element_type=\"widget\" data-e-type=\"widget\" data-settings=\"{&quot;_animation&quot;:&quot;slideInUp&quot;}\" data-widget_type=\"heading.default\">\n\t\t\t\t<div class=\"elementor-widget-container\">\n\t\t\t\t\t<h2 class=\"elementor-heading-title elementor-size-default\">whatsappgruppe\n<\/h2>\t\t\t\t<\/div>\n\t\t\t\t<\/div>\n\t\t\t\t<div class=\"elementor-element elementor-element-392a5d83 elementor-widget__width-initial elementor-testimonial--skin-default elementor-testimonial--layout-image_inline elementor-testimonial--align-center elementor-pagination-type-bullets elementor-widget elementor-widget-testimonial-carousel\" data-id=\"392a5d83\" data-element_type=\"widget\" data-e-type=\"widget\" data-settings=\"{&quot;pagination&quot;:&quot;bullets&quot;,&quot;speed&quot;:500,&quot;autoplay&quot;:&quot;yes&quot;,&quot;autoplay_speed&quot;:5000,&quot;loop&quot;:&quot;yes&quot;,&quot;pause_on_hover&quot;:&quot;yes&quot;,&quot;space_between&quot;:{&quot;unit&quot;:&quot;px&quot;,&quot;size&quot;:10,&quot;sizes&quot;:[]},&quot;space_between_tablet_extra&quot;:{&quot;unit&quot;:&quot;px&quot;,&quot;size&quot;:10,&quot;sizes&quot;:[]},&quot;space_between_tablet&quot;:{&quot;unit&quot;:&quot;px&quot;,&quot;size&quot;:10,&quot;sizes&quot;:[]},&quot;space_between_mobile_extra&quot;:{&quot;unit&quot;:&quot;px&quot;,&quot;size&quot;:10,&quot;sizes&quot;:[]},&quot;space_between_mobile&quot;:{&quot;unit&quot;:&quot;px&quot;,&quot;size&quot;:10,&quot;sizes&quot;:[]}}\" data-widget_type=\"testimonial-carousel.default\">\n\t\t\t\t<div class=\"elementor-widget-container\">\n\t\t\t\t\t\t\t\t\t<div class=\"elementor-swiper\">\n\t\t\t\t\t<div class=\"elementor-main-swiper swiper\" role=\"region\" aria-roledescription=\"carousel\" aria-label=\"Slider\">\n\t\t\t\t<div class=\"swiper-wrapper\">\n\t\t\t\t\t\t\t\t\t\t\t<div class=\"swiper-slide\" role=\"group\" aria-roledescription=\"slide\">\n\t\t\t\t\t\t\t\t\t<div class=\"elementor-testimonial\">\n\t\t\t\t\t\t\t<div class=\"elementor-testimonial__content\">\n\t\t\t\t\t<div class=\"elementor-testimonial__text\">\n\t\t\t\t\t\tEintragen, anmelden, immer auf dem Laufenden!\t\t\t\t\t<\/div>\n\t\t\t\t\t\t\t\t\t<\/div>\n\t\t\t\t\t\t<div class=\"elementor-testimonial__footer\">\n\t\t\t\t\t\t\t\t<cite class=\"elementor-testimonial__cite\"><span class=\"elementor-testimonial__name\">(+43) 0664 536 10 88<\/span><\/cite>\t\t\t<\/div>\n\t\t<\/div>\n\t\t\t\t\t\t\t\t<\/div>\n\t\t\t\t\t\t\t\t\t<\/div>\n\t\t\t\t\t\t\t<\/div>\n\t\t\t\t<\/div>\n\t\t\t\t\t\t\t\t<\/div>\n\t\t\t\t<\/div>\n\t\t<div class=\"elementor-element elementor-element-15ba3ec e-grid e-con-full e-con e-child\" data-id=\"15ba3ec\" data-element_type=\"container\" data-e-type=\"container\">\n\t\t\t\t<div class=\"elementor-element elementor-element-2afb1e4 elementor-view-default elementor-widget elementor-widget-icon\" data-id=\"2afb1e4\" data-element_type=\"widget\" data-e-type=\"widget\" data-widget_type=\"icon.default\">\n\t\t\t\t<div class=\"elementor-widget-container\">\n\t\t\t\t\t\t\t<div class=\"elementor-icon-wrapper\">\n\t\t\t<a class=\"elementor-icon\" href=\"https:\/\/www.facebook.com\/WORTAPOTHEKE\">\n\t\t\t<svg aria-hidden=\"true\" class=\"e-font-icon-svg e-fab-facebook-square\" viewBox=\"0 0 448 512\" xmlns=\"http:\/\/www.w3.org\/2000\/svg\"><path d=\"M400 32H48A48 48 0 0 0 0 80v352a48 48 0 0 0 48 48h137.25V327.69h-63V256h63v-54.64c0-62.15 37-96.48 93.67-96.48 27.14 0 55.52 4.84 55.52 4.84v61h-31.27c-30.81 0-40.42 19.12-40.42 38.73V256h68.78l-11 71.69h-57.78V480H400a48 48 0 0 0 48-48V80a48 48 0 0 0-48-48z\"><\/path><\/svg>\t\t\t<\/a>\n\t\t<\/div>\n\t\t\t\t\t\t<\/div>\n\t\t\t\t<\/div>\n\t\t\t\t<div class=\"elementor-element elementor-element-29e12e8 elementor-view-default elementor-widget elementor-widget-icon\" data-id=\"29e12e8\" data-element_type=\"widget\" data-e-type=\"widget\" data-widget_type=\"icon.default\">\n\t\t\t\t<div class=\"elementor-widget-container\">\n\t\t\t\t\t\t\t<div class=\"elementor-icon-wrapper\">\n\t\t\t<a class=\"elementor-icon\" href=\"https:\/\/www.instagram.com\/wort.apotheke\/\">\n\t\t\t<svg aria-hidden=\"true\" class=\"e-font-icon-svg e-fab-instagram\" viewBox=\"0 0 448 512\" xmlns=\"http:\/\/www.w3.org\/2000\/svg\"><path d=\"M224.1 141c-63.6 0-114.9 51.3-114.9 114.9s51.3 114.9 114.9 114.9S339 319.5 339 255.9 287.7 141 224.1 141zm0 189.6c-41.1 0-74.7-33.5-74.7-74.7s33.5-74.7 74.7-74.7 74.7 33.5 74.7 74.7-33.6 74.7-74.7 74.7zm146.4-194.3c0 14.9-12 26.8-26.8 26.8-14.9 0-26.8-12-26.8-26.8s12-26.8 26.8-26.8 26.8 12 26.8 26.8zm76.1 27.2c-1.7-35.9-9.9-67.7-36.2-93.9-26.2-26.2-58-34.4-93.9-36.2-37-2.1-147.9-2.1-184.9 0-35.8 1.7-67.6 9.9-93.9 36.1s-34.4 58-36.2 93.9c-2.1 37-2.1 147.9 0 184.9 1.7 35.9 9.9 67.7 36.2 93.9s58 34.4 93.9 36.2c37 2.1 147.9 2.1 184.9 0 35.9-1.7 67.7-9.9 93.9-36.2 26.2-26.2 34.4-58 36.2-93.9 2.1-37 2.1-147.8 0-184.8zM398.8 388c-7.8 19.6-22.9 34.7-42.6 42.6-29.5 11.7-99.5 9-132.1 9s-102.7 2.6-132.1-9c-19.6-7.8-34.7-22.9-42.6-42.6-11.7-29.5-9-99.5-9-132.1s-2.6-102.7 9-132.1c7.8-19.6 22.9-34.7 42.6-42.6 29.5-11.7 99.5-9 132.1-9s102.7-2.6 132.1 9c19.6 7.8 34.7 22.9 42.6 42.6 11.7 29.5 9 99.5 9 132.1s2.7 102.7-9 132.1z\"><\/path><\/svg>\t\t\t<\/a>\n\t\t<\/div>\n\t\t\t\t\t\t<\/div>\n\t\t\t\t<\/div>\n\t\t\t\t<\/div>\n\t\t\t\t<\/div>\n\t\t\t\t<div class=\"elementor-element elementor-element-799167b2 elementor-widget__width-inherit elementor-widget elementor-widget-toggle\" data-id=\"799167b2\" data-element_type=\"widget\" data-e-type=\"widget\" data-widget_type=\"toggle.default\">\n\t\t\t\t<div class=\"elementor-widget-container\">\n\t\t\t\t\t\t\t<div class=\"elementor-toggle\">\n\t\t\t\t\t\t\t<div class=\"elementor-toggle-item\">\n\t\t\t\t\t<h4 id=\"elementor-tab-title-2031\" class=\"elementor-tab-title\" data-tab=\"1\" role=\"button\" aria-controls=\"elementor-tab-content-2031\" aria-expanded=\"false\">\n\t\t\t\t\t\t\t\t\t\t\t\t<span class=\"elementor-toggle-icon elementor-toggle-icon-right\" aria-hidden=\"true\">\n\t\t\t\t\t\t\t\t\t\t\t\t\t\t\t<span class=\"elementor-toggle-icon-closed\"><svg class=\"e-font-icon-svg e-fas-plus\" viewBox=\"0 0 448 512\" xmlns=\"http:\/\/www.w3.org\/2000\/svg\"><path d=\"M416 208H272V64c0-17.67-14.33-32-32-32h-32c-17.67 0-32 14.33-32 32v144H32c-17.67 0-32 14.33-32 32v32c0 17.67 14.33 32 32 32h144v144c0 17.67 14.33 32 32 32h32c17.67 0 32-14.33 32-32V304h144c17.67 0 32-14.33 32-32v-32c0-17.67-14.33-32-32-32z\"><\/path><\/svg><\/span>\n\t\t\t\t\t\t\t\t<span class=\"elementor-toggle-icon-opened\"><svg class=\"elementor-toggle-icon-opened e-font-icon-svg e-fas-minus\" viewBox=\"0 0 448 512\" xmlns=\"http:\/\/www.w3.org\/2000\/svg\"><path d=\"M416 208H32c-17.67 0-32 14.33-32 32v32c0 17.67 14.33 32 32 32h384c17.67 0 32-14.33 32-32v-32c0-17.67-14.33-32-32-32z\"><\/path><\/svg><\/span>\n\t\t\t\t\t\t\t\t\t\t\t\t\t<\/span>\n\t\t\t\t\t\t\t\t\t\t\t\t<a class=\"elementor-toggle-title\" tabindex=\"0\">LAUFENDE <BR>PROJEKTE<\/a>\n\t\t\t\t\t<\/h4>\n\n\t\t\t\t\t<div id=\"elementor-tab-content-2031\" class=\"elementor-tab-content elementor-clearfix\" data-tab=\"1\" role=\"region\" aria-labelledby=\"elementor-tab-title-2031\"><p><strong>LESE.START<\/strong> Baby- und Kleinkind-Empfang mit Gratis-Bilderb\u00fcchern f\u00fcr 0-2 Jahre <br \/><strong>LESE.ZWERGE<\/strong> Mitspiellesungen jeden Monat an einem Dienstag f\u00fcr 1-3 Jahre <br \/><strong>FAMILIEN.LESUNGEN<\/strong> jeden Monat an einem Montag f\u00fcr 3-103 Jahre<br \/><strong>PAPATOM LIEST VOR<\/strong> Familienlesung mit T.W. Lessmore und Slange Sizz f\u00fcr 3-103 Jahre<br \/><strong>1-2-3 \u2013 ICH LESE!<\/strong> Bibliothek-Empfang mit Gratis-Bilderb\u00fcchern f\u00fcr 3-4 Jahre<br \/><strong>MINTasie\u00ae FORSCHERLESUNGEN<\/strong> mit MINT-Themen und Fantasie f\u00fcr 2-10 Jahre<br \/><strong>ADVENT.MITMACHLESUNGEN<\/strong> f\u00fcr Familien; Lese-Matineen f\u00fcr 3-103 Jahre<br \/><strong>KUFSTEIN LIEST! FLASHMOB<\/strong> f\u00fcr ALLE; mit Lese-Stationen <br \/><strong>DER WILDE SCHREIBCLUB<\/strong> Ferien-Workshop-Tage f\u00fcr Gern-Schreiber*innen <strong>6-16 Jahre <\/strong><br \/><strong>BILDERBUCH.WORKSHOPS<\/strong> f\u00fcr Kindergarten, Vorschulgruppen und Volksschule<br \/><strong>SCHUL.WORKSHOPS<\/strong> mit verschiedenen Themen f\u00fcr Primar- und Sekundarstufe <br \/><strong>PRAXIS.FORTBILDUNGEN<\/strong> f\u00fcr P\u00e4dagogInnen, BibliothekarInnen, Eltern&#8230;<br \/><strong>ERSTE GIPFELBIBLIOTHEK DER WELT<\/strong> am Hans-Berger-Haus im Wilden Kaiser<br \/><strong>XXL ADVENTKALENDER<\/strong> Kurzlesungen in der Innenstadt<br \/><strong>LESEN IST WAU!<\/strong> Aktion \u201eKinder lesen Hunden vor\u201c f\u00fcr leseferne Volkssch\u00fclerInnen <br \/><strong>KUFSTEIN LIEST! 1000+1 BUCH LESE.WETTE<\/strong> mit allen VS der Stadt<br \/><strong>ZUM PFL\u00dcCK GIBT\u2019S GEDICHTE!<\/strong> Kreative Lyrik-Aktion f\u00fcr rd. 1000 Kinder KG + VS<br \/><strong>LITERATUR.PATSCHENKINO<\/strong> nach 12 Jahren wg. unklarer Kino-Lizenz dzt. ruhend<\/p><\/div>\n\t\t\t\t<\/div>\n\t\t\t\t\t\t\t\t<\/div>\n\t\t\t\t\t\t<\/div>\n\t\t\t\t<\/div>\n\t\t\t\t<div class=\"elementor-element elementor-element-598d0dab elementor-widget__width-inherit elementor-widget elementor-widget-toggle\" data-id=\"598d0dab\" data-element_type=\"widget\" data-e-type=\"widget\" data-widget_type=\"toggle.default\">\n\t\t\t\t<div class=\"elementor-widget-container\">\n\t\t\t\t\t\t\t<div class=\"elementor-toggle\">\n\t\t\t\t\t\t\t<div class=\"elementor-toggle-item\">\n\t\t\t\t\t<h4 id=\"elementor-tab-title-1501\" class=\"elementor-tab-title\" data-tab=\"1\" role=\"button\" aria-controls=\"elementor-tab-content-1501\" aria-expanded=\"false\">\n\t\t\t\t\t\t\t\t\t\t\t\t<span class=\"elementor-toggle-icon elementor-toggle-icon-right\" aria-hidden=\"true\">\n\t\t\t\t\t\t\t\t\t\t\t\t\t\t\t<span class=\"elementor-toggle-icon-closed\"><svg class=\"e-font-icon-svg e-fas-plus\" viewBox=\"0 0 448 512\" xmlns=\"http:\/\/www.w3.org\/2000\/svg\"><path d=\"M416 208H272V64c0-17.67-14.33-32-32-32h-32c-17.67 0-32 14.33-32 32v144H32c-17.67 0-32 14.33-32 32v32c0 17.67 14.33 32 32 32h144v144c0 17.67 14.33 32 32 32h32c17.67 0 32-14.33 32-32V304h144c17.67 0 32-14.33 32-32v-32c0-17.67-14.33-32-32-32z\"><\/path><\/svg><\/span>\n\t\t\t\t\t\t\t\t<span class=\"elementor-toggle-icon-opened\"><svg class=\"elementor-toggle-icon-opened e-font-icon-svg e-fas-minus\" viewBox=\"0 0 448 512\" xmlns=\"http:\/\/www.w3.org\/2000\/svg\"><path d=\"M416 208H32c-17.67 0-32 14.33-32 32v32c0 17.67 14.33 32 32 32h384c17.67 0 32-14.33 32-32v-32c0-17.67-14.33-32-32-32z\"><\/path><\/svg><\/span>\n\t\t\t\t\t\t\t\t\t\t\t\t\t<\/span>\n\t\t\t\t\t\t\t\t\t\t\t\t<a class=\"elementor-toggle-title\" tabindex=\"0\">Punktuelle <BR>projekte<\/a>\n\t\t\t\t\t<\/h4>\n\n\t\t\t\t\t<div id=\"elementor-tab-content-1501\" class=\"elementor-tab-content elementor-clearfix\" data-tab=\"1\" role=\"region\" aria-labelledby=\"elementor-tab-title-1501\"><p><strong>FRAUENFILM.TAGE<\/strong> mit Evita Frauen&amp;M\u00e4dchen-Beratungsstelle<br \/><strong>SAGEN.WANDERUNGEN<\/strong> mit Volksschulen, Ferien-Express, Familien-Radtag<br \/><strong>G\u00c4NSEHAUT.GESCHICHTEN<\/strong> von Kindern selbstverfasst + Grusellesung<br \/><strong>SCHREIB.CAF\u00c9<\/strong> f\u00fcr Erwachsene und Senioren zu verschiedensten Themen<br \/><strong>KLARTEXT! SLAMPOETRY<\/strong> f\u00fcr Jugendliche und Erwachsene; Workshop &amp; Pr\u00e4sentation<br \/><strong>DRAUSSEN.LESUNGEN<\/strong> f\u00fcr Kinder und Familien im Schwimmbad, Stadtpark, Spielpl\u00e4tzen<br \/><strong>KUWOS KUNSTAUSSTELLUNG<\/strong> f\u00fcr JUNGE KREATIVE in der Stadtgalerie f\u00fcr 5-16 Jahre<br \/><strong>FAMILIEN.FOTOFEST<\/strong> f\u00fcr Kinder und Erwachsene<br \/><strong>GL\u00dcCK.TAGE<\/strong> Das Festival f\u00fcr Philosophie, Literatur, Natur und Genuss<br \/><strong>GANZ OHR!<\/strong> Lehrg\u00e4nge f\u00fcr freiwillige Vorlesende und LesepatInnen <br \/><strong>KUFSTEIN GEHEIM<\/strong> Unterwegs zu verborgenen Orten der Stadt<br \/><strong>7 TAGE OHNE<\/strong> Sch\u00fclerInnen sperren Spielkonsolen in Tresorraum einer Bank: und lesen!<br \/><strong>B\u00dcRO f\u00fcr GESCHICHTEN<\/strong> mit mobilem Schreibtisch, Zeitzeugen erz\u00e4hlen Stadtgeschichte<br \/><strong>WOHNZIMMER.LESUNGEN<\/strong> Video-Vorlesereihe w\u00e4hrend Corona-Zeit<br \/><strong>SPEED-DATING<\/strong> mit einer Sprache mit Volkssch\u00fclerInnen<br \/><strong>M\u00c4RCHEN.TAG<\/strong> mit 400 Volkssch\u00fclerInnen<br \/><strong>INTERNATIONAL TOWEL-DAY<\/strong> mit \u201eDouglas-Adams-Donnergurgler\u201c am Stadtbrunnen<br \/><strong>LATERNENUMZUG f\u00fcr ALLE<\/strong> mit Familien in der Innenstadt<br \/><strong>BAUM.WELTEN<\/strong> Schamanen-Meeting zwischen Mongolei, Amazonas und Tirol<br \/><strong>BIER.FILM &amp; VERKOSTUNG<\/strong> mit Brauerei Bierol<br \/><strong>IMPULS.VORTR\u00c4GE<\/strong> mit Diskussion mit Themen wie S\u00fcdtirol-Option, Jenische, Schwarze &amp; Wei\u00dfe Rhetorik, Neue Pflege, Wald.Wissen, Begegnung Tod\u2026<\/p><\/div>\n\t\t\t\t<\/div>\n\t\t\t\t\t\t\t\t<\/div>\n\t\t\t\t\t\t<\/div>\n\t\t\t\t<\/div>\n\t\t\t\t<div class=\"elementor-element elementor-element-5e72c035 elementor-widget__width-inherit elementor-widget elementor-widget-toggle\" data-id=\"5e72c035\" data-element_type=\"widget\" data-e-type=\"widget\" data-widget_type=\"toggle.default\">\n\t\t\t\t<div class=\"elementor-widget-container\">\n\t\t\t\t\t\t\t<div class=\"elementor-toggle\">\n\t\t\t\t\t\t\t<div class=\"elementor-toggle-item\">\n\t\t\t\t\t<h4 id=\"elementor-tab-title-1581\" class=\"elementor-tab-title\" data-tab=\"1\" role=\"button\" aria-controls=\"elementor-tab-content-1581\" aria-expanded=\"false\">\n\t\t\t\t\t\t\t\t\t\t\t\t<span class=\"elementor-toggle-icon elementor-toggle-icon-right\" aria-hidden=\"true\">\n\t\t\t\t\t\t\t\t\t\t\t\t\t\t\t<span class=\"elementor-toggle-icon-closed\"><svg class=\"e-font-icon-svg e-fas-plus\" viewBox=\"0 0 448 512\" xmlns=\"http:\/\/www.w3.org\/2000\/svg\"><path d=\"M416 208H272V64c0-17.67-14.33-32-32-32h-32c-17.67 0-32 14.33-32 32v144H32c-17.67 0-32 14.33-32 32v32c0 17.67 14.33 32 32 32h144v144c0 17.67 14.33 32 32 32h32c17.67 0 32-14.33 32-32V304h144c17.67 0 32-14.33 32-32v-32c0-17.67-14.33-32-32-32z\"><\/path><\/svg><\/span>\n\t\t\t\t\t\t\t\t<span class=\"elementor-toggle-icon-opened\"><svg class=\"elementor-toggle-icon-opened e-font-icon-svg e-fas-minus\" viewBox=\"0 0 448 512\" xmlns=\"http:\/\/www.w3.org\/2000\/svg\"><path d=\"M416 208H32c-17.67 0-32 14.33-32 32v32c0 17.67 14.33 32 32 32h384c17.67 0 32-14.33 32-32v-32c0-17.67-14.33-32-32-32z\"><\/path><\/svg><\/span>\n\t\t\t\t\t\t\t\t\t\t\t\t\t<\/span>\n\t\t\t\t\t\t\t\t\t\t\t\t<a class=\"elementor-toggle-title\" tabindex=\"0\">unterst\u00fctzen <BR>und mitmachen?<\/a>\n\t\t\t\t\t<\/h4>\n\n\t\t\t\t\t<div id=\"elementor-tab-content-1581\" class=\"elementor-tab-content elementor-clearfix\" data-tab=\"1\" role=\"region\" aria-labelledby=\"elementor-tab-title-1581\"><p>Die Teilnahme an unseren KUFSTEIN LIEST! Veranstaltungen soll KOSTENLOS bleiben. Daher sind wir auf \u00f6ffentliches und privates Sponsoring angewiesen. Wenn ihr unsere Arbeit gern mit unterst\u00fctzen wollt freuen wir uns sehr \u00fcber einen freiwilligen WERTSCH\u00c4TZUNGSBEITRAG an:<\/p><p><strong>Bankverbindung:<\/strong><br \/>IBAN: AT64 3635 8000 0867 0960<br \/>Empf\u00e4nger: Literacy<\/p><\/div>\n\t\t\t\t<\/div>\n\t\t\t\t\t\t\t\t<\/div>\n\t\t\t\t\t\t<\/div>\n\t\t\t\t<\/div>\n\t\t\t\t<div class=\"elementor-element elementor-element-464609b elementor-widget__width-inherit elementor-widget elementor-widget-toggle\" data-id=\"464609b\" data-element_type=\"widget\" data-e-type=\"widget\" data-widget_type=\"toggle.default\">\n\t\t\t\t<div class=\"elementor-widget-container\">\n\t\t\t\t\t\t\t<div class=\"elementor-toggle\">\n\t\t\t\t\t\t\t<div class=\"elementor-toggle-item\">\n\t\t\t\t\t<h4 id=\"elementor-tab-title-7361\" class=\"elementor-tab-title\" data-tab=\"1\" role=\"button\" aria-controls=\"elementor-tab-content-7361\" aria-expanded=\"false\">\n\t\t\t\t\t\t\t\t\t\t\t\t<span class=\"elementor-toggle-icon elementor-toggle-icon-right\" aria-hidden=\"true\">\n\t\t\t\t\t\t\t\t\t\t\t\t\t\t\t<span class=\"elementor-toggle-icon-closed\"><svg class=\"e-font-icon-svg e-fas-plus\" viewBox=\"0 0 448 512\" xmlns=\"http:\/\/www.w3.org\/2000\/svg\"><path d=\"M416 208H272V64c0-17.67-14.33-32-32-32h-32c-17.67 0-32 14.33-32 32v144H32c-17.67 0-32 14.33-32 32v32c0 17.67 14.33 32 32 32h144v144c0 17.67 14.33 32 32 32h32c17.67 0 32-14.33 32-32V304h144c17.67 0 32-14.33 32-32v-32c0-17.67-14.33-32-32-32z\"><\/path><\/svg><\/span>\n\t\t\t\t\t\t\t\t<span class=\"elementor-toggle-icon-opened\"><svg class=\"elementor-toggle-icon-opened e-font-icon-svg e-fas-minus\" viewBox=\"0 0 448 512\" xmlns=\"http:\/\/www.w3.org\/2000\/svg\"><path d=\"M416 208H32c-17.67 0-32 14.33-32 32v32c0 17.67 14.33 32 32 32h384c17.67 0 32-14.33 32-32v-32c0-17.67-14.33-32-32-32z\"><\/path><\/svg><\/span>\n\t\t\t\t\t\t\t\t\t\t\t\t\t<\/span>\n\t\t\t\t\t\t\t\t\t\t\t\t<a class=\"elementor-toggle-title\" tabindex=\"0\">KONTAKT<br>impressum<\/a>\n\t\t\t\t\t<\/h4>\n\n\t\t\t\t\t<div id=\"elementor-tab-content-7361\" class=\"elementor-tab-content elementor-clearfix\" data-tab=\"1\" role=\"region\" aria-labelledby=\"elementor-tab-title-7361\"><p>Per <span style=\"color: #ff9900;\"><a style=\"color: #ff9900;\" href=\"mailto:kontakt@wortapotheke.at\">Email<\/a><\/span><br \/>Telefonisch\/WhatsApp:<br \/>+43 664 5361088<\/p><p class=\"p1\">Verein LITERACY &#8211; Wortapotheke<br \/>Brigitte Weninger<br \/>Adolf-Pichler-Strasse 13\/10<br \/>A-6330 Kufstein<\/p><\/div>\n\t\t\t\t<\/div>\n\t\t\t\t\t\t\t\t<\/div>\n\t\t\t\t\t\t<\/div>\n\t\t\t\t<\/div>\n\t\t\t\t\t<\/div>\n\t\t\t\t<\/div>\n\t\t\t\t\t<\/div>\n\t\t\t\t<\/div>\n\t\t<div class=\"elementor-element elementor-element-1ce50230 e-flex e-con-boxed e-con e-parent\" data-id=\"1ce50230\" data-element_type=\"container\" data-e-type=\"container\">\n\t\t\t\t\t<div class=\"e-con-inner\">\n\t\t\t\t<div class=\"elementor-element elementor-element-53cc71e9 elementor-widget elementor-widget-shortcode\" data-id=\"53cc71e9\" data-element_type=\"widget\" data-e-type=\"widget\" data-widget_type=\"shortcode.default\">\n\t\t\t\t<div class=\"elementor-widget-container\">\n\t\t\t\t\t\t\t<div class=\"elementor-shortcode\">    <section class=\"wortapo-fotobox\">\n      <div class=\"wortapo-head\">\n        <div>\n          <div class=\"wortapo-kicker\">WORT.APOTHEKE<\/div>\n          <h2>Pressematerial<\/h2>\n          <p>Fotos hochladen\/herunterladen.<\/p>\n        <\/div>\n      <\/div>\n\n      \n      <div class=\"wortapo-upload\">\n        <h3>Foto hochladen<\/h3>\n        <form method=\"post\" enctype=\"multipart\/form-data\" action=\"https:\/\/www.wortapotheke.at\/wp-admin\/admin-post.php\">\n          <input type=\"hidden\" name=\"action\" value=\"wortapo_photo_upload\">\n          <input type=\"hidden\" id=\"wortapo_nonce\" name=\"wortapo_nonce\" value=\"a3ec296e3c\" \/><input type=\"hidden\" name=\"_wp_http_referer\" value=\"\/index.php\/wp-json\/wp\/v2\/pages\/8\" \/>\n          <label for=\"wortapo_password\">Upload-Passwort<\/label>\n          <input id=\"wortapo_password\" type=\"password\" name=\"wortapo_password\" required autocomplete=\"current-password\">\n\n          <label for=\"wortapo_photo\">Foto ausw\u00e4hlen<\/label>\n          <input id=\"wortapo_photo\" type=\"file\" name=\"wortapo_photo\" accept=\"image\/jpg,image\/jpeg,image\/png,image\/webp\" required>\n\n          <button type=\"submit\">Foto hochladen<\/button>\n          <small>JPG, PNG oder WEBP \u00b7 maximal 10 MB<\/small>\n        <\/form>\n      <\/div>\n\n      <div class=\"wortapo-gallery\">\n        <div class=\"wortapo-gallery-head\">\n          <h3>Fotos<\/h3>\n          <span>1 Bild<\/span>\n        <\/div>\n\n                  <div class=\"wortapo-grid\">\n                          <article class=\"wortapo-card\">\n                <a class=\"wortapo-image\" href=\"https:\/\/www.wortapotheke.at\/wp-admin\/admin-post.php?action=wortapo_photo_download&#038;id=2934\" aria-label=\"Foto herunterladen\">\n                  <img decoding=\"async\" src=\"https:\/\/www.wortapotheke.at\/wp-content\/uploads\/2026\/09\/Kulturlogo42.jpg\" alt=\"Kulturlogo[42]\" loading=\"lazy\">\n                <\/a>\n                <div class=\"wortapo-card-bottom\">\n                  <div class=\"wortapo-name\">Kulturlogo[42]<\/div>\n                  <a class=\"wortapo-download\" href=\"https:\/\/www.wortapotheke.at\/wp-admin\/admin-post.php?action=wortapo_photo_download&#038;id=2934\">Herunterladen<\/a>\n                <\/div>\n              <\/article>\n                      <\/div>\n              <\/div>\n    <\/section>\n\n    <style>\n      .wortapo-fotobox{font-family:Arial,Helvetica,sans-serif;color:#171717}\n      .wortapo-head{margin-bottom:24px}\n      .wortapo-kicker{font-size:13px;letter-spacing:.16em;text-transform:uppercase;font-weight:700;color:#6d685f}\n      .wortapo-head h2{font-size:clamp(34px,5vw,58px);line-height:1;margin:8px 0 12px;letter-spacing:-.04em}\n      .wortapo-head p{font-size:18px;margin:0;max-width:760px}\n      .wortapo-upload{background:#171717;color:#fff;border-radius:18px;padding:24px;margin:0 0 30px}\n      .wortapo-upload h3{font-size:25px;margin:0 0 18px}\n      .wortapo-upload form{display:grid;grid-template-columns:1fr 1fr auto;gap:12px;align-items:end}\n      .wortapo-upload label{font-size:13px;font-weight:700;display:block;margin-bottom:-5px}\n      .wortapo-upload input{width:100%;border:1px solid #595959;border-radius:10px;padding:11px 12px;background:#fff;color:#171717}\n      .wortapo-upload button{border:0;border-radius:10px;padding:12px 18px;background:#fff;color:#171717;font-weight:800;cursor:pointer}\n      .wortapo-upload small{grid-column:1\/-1;color:#c9c9c9}\n      .wortapo-msg{border-radius:10px;padding:12px 14px;margin-bottom:18px;font-weight:700}\n      .wortapo-ok{background:#e7f3e9}\n      .wortapo-error{background:#f8e3e3}\n      .wortapo-gallery-head{display:flex;justify-content:space-between;align-items:end;margin-bottom:14px}\n      .wortapo-gallery-head h3{font-size:28px;margin:0}\n      .wortapo-gallery-head span{color:#6d685f}\n      .wortapo-grid{display:grid;grid-template-columns:repeat(4,minmax(0,1fr));gap:16px}\n      .wortapo-card{border:1px solid #ddd6ca;border-radius:14px;overflow:hidden;background:#fff}\n      .wortapo-image{display:block;aspect-ratio:4\/3;background:#eee}\n      .wortapo-image img{display:block;width:100%;height:100%;object-fit:cover}\n      .wortapo-card-bottom{padding:12px}\n      .wortapo-name{font-size:13px;white-space:nowrap;overflow:hidden;text-overflow:ellipsis;margin-bottom:8px}\n      .wortapo-download{display:inline-block;text-decoration:none;font-weight:800;color:#171717}\n      .wortapo-empty{padding:24px;border:1px dashed #cfc6b8;border-radius:14px}\n      @media(max-width:900px){.wortapo-grid{grid-template-columns:repeat(2,minmax(0,1fr))}.wortapo-upload form{grid-template-columns:1fr}}\n      @media(max-width:520px){.wortapo-grid{grid-template-columns:1fr}}\n    <\/style>\n    <\/div>\n\t\t\t\t\t\t<\/div>\n\t\t\t\t<\/div>\n\t\t\t\t\t<\/div>\n\t\t\t\t<\/div>\n\t\t<div class=\"elementor-element elementor-element-479d37e e-con-full e-flex e-con e-parent\" data-id=\"479d37e\" data-element_type=\"container\" data-e-type=\"container\" data-settings=\"{&quot;background_background&quot;:&quot;classic&quot;}\">\n\t\t<div class=\"elementor-element elementor-element-237459e e-flex e-con-boxed e-con e-child\" data-id=\"237459e\" data-element_type=\"container\" data-e-type=\"container\">\n\t\t\t\t\t<div class=\"e-con-inner\">\n\t\t\t\t<div class=\"elementor-element elementor-element-d493ac4 elementor-button-info elementor-align-center elementor-widget elementor-widget-button\" data-id=\"d493ac4\" data-element_type=\"widget\" data-e-type=\"widget\" data-widget_type=\"button.default\">\n\t\t\t\t<div class=\"elementor-widget-container\">\n\t\t\t\t\t\t\t\t\t<div class=\"elementor-button-wrapper\">\n\t\t\t\t\t<a class=\"elementor-button elementor-button-link elementor-size-sm\" href=\"mailto:kontakt@wortapotheke.at\" target=\"_blank\">\n\t\t\t\t\t\t<span class=\"elementor-button-content-wrapper\">\n\t\t\t\t\t\t\t\t\t<span class=\"elementor-button-text\">EMAIL<\/span>\n\t\t\t\t\t<\/span>\n\t\t\t\t\t<\/a>\n\t\t\t\t<\/div>\n\t\t\t\t\t\t\t\t<\/div>\n\t\t\t\t<\/div>\n\t\t\t\t\t<\/div>\n\t\t\t\t<\/div>\n\t\t\t\t<\/div>\n\t\t<div class=\"elementor-element elementor-element-3ee314c e-flex e-con-boxed e-con e-parent\" data-id=\"3ee314c\" data-element_type=\"container\" data-e-type=\"container\" data-settings=\"{&quot;background_background&quot;:&quot;classic&quot;}\">\n\t\t\t\t\t<div class=\"e-con-inner\">\n\t\t\t\t<div class=\"elementor-element elementor-element-2b99e1c elementor-widget elementor-widget-heading\" data-id=\"2b99e1c\" data-element_type=\"widget\" data-e-type=\"widget\" data-widget_type=\"heading.default\">\n\t\t\t\t<div class=\"elementor-widget-container\">\n\t\t\t\t\t<h2 class=\"elementor-heading-title elementor-size-default\">Wir bedanken uns f\u00fcr die Unterst\u00fctzung<\/h2>\t\t\t\t<\/div>\n\t\t\t\t<\/div>\n\t\t\t\t\t<\/div>\n\t\t\t\t<\/div>\n\t\t<div class=\"elementor-element elementor-element-f05f30a e-grid e-con-boxed e-con e-parent\" data-id=\"f05f30a\" data-element_type=\"container\" data-e-type=\"container\" data-settings=\"{&quot;background_background&quot;:&quot;classic&quot;}\">\n\t\t\t\t\t<div class=\"e-con-inner\">\n\t\t\t\t<div class=\"elementor-element elementor-element-ec3ee47 elementor-widget elementor-widget-image\" data-id=\"ec3ee47\" data-element_type=\"widget\" data-e-type=\"widget\" data-widget_type=\"image.default\">\n\t\t\t\t<div class=\"elementor-widget-container\">\n\t\t\t\t\t\t\t\t\t\t\t\t\t\t\t<img loading=\"lazy\" decoding=\"async\" width=\"237\" height=\"44\" src=\"https:\/\/www.wortapotheke.at\/wp-content\/uploads\/2025\/01\/raiffeise.png\" class=\"attachment-large size-large wp-image-914\" alt=\"\" \/>\t\t\t\t\t\t\t\t\t\t\t\t\t\t\t<\/div>\n\t\t\t\t<\/div>\n\t\t\t\t<div class=\"elementor-element elementor-element-8fbccbc elementor-widget elementor-widget-image\" data-id=\"8fbccbc\" data-element_type=\"widget\" data-e-type=\"widget\" data-widget_type=\"image.default\">\n\t\t\t\t<div class=\"elementor-widget-container\">\n\t\t\t\t\t\t\t\t\t\t\t\t\t\t\t<img loading=\"lazy\" decoding=\"async\" width=\"136\" height=\"50\" src=\"https:\/\/www.wortapotheke.at\/wp-content\/uploads\/2025\/01\/rotary.png\" class=\"attachment-large size-large wp-image-913\" alt=\"\" \/>\t\t\t\t\t\t\t\t\t\t\t\t\t\t\t<\/div>\n\t\t\t\t<\/div>\n\t\t\t\t<div class=\"elementor-element elementor-element-01678d4 elementor-widget elementor-widget-image\" data-id=\"01678d4\" data-element_type=\"widget\" data-e-type=\"widget\" data-widget_type=\"image.default\">\n\t\t\t\t<div class=\"elementor-widget-container\">\n\t\t\t\t\t\t\t\t\t\t\t\t\t\t\t<img loading=\"lazy\" decoding=\"async\" width=\"107\" height=\"150\" src=\"https:\/\/www.wortapotheke.at\/wp-content\/uploads\/2025\/01\/kubi-107x150.png\" class=\"attachment-thumbnail size-thumbnail wp-image-970\" alt=\"\" \/>\t\t\t\t\t\t\t\t\t\t\t\t\t\t\t<\/div>\n\t\t\t\t<\/div>\n\t\t\t\t<div class=\"elementor-element elementor-element-6298e16 elementor-widget elementor-widget-image\" data-id=\"6298e16\" data-element_type=\"widget\" data-e-type=\"widget\" data-widget_type=\"image.default\">\n\t\t\t\t<div class=\"elementor-widget-container\">\n\t\t\t\t\t\t\t\t\t\t\t\t\t\t\t<img loading=\"lazy\" decoding=\"async\" width=\"234\" height=\"44\" src=\"https:\/\/www.wortapotheke.at\/wp-content\/uploads\/2025\/01\/stadtwerke.png\" class=\"attachment-large size-large wp-image-912\" alt=\"\" \/>\t\t\t\t\t\t\t\t\t\t\t\t\t\t\t<\/div>\n\t\t\t\t<\/div>\n\t\t\t\t<div class=\"elementor-element elementor-element-9b399d7 elementor-widget elementor-widget-image\" data-id=\"9b399d7\" data-element_type=\"widget\" data-e-type=\"widget\" data-widget_type=\"image.default\">\n\t\t\t\t<div class=\"elementor-widget-container\">\n\t\t\t\t\t\t\t\t\t\t\t\t\t\t\t<img loading=\"lazy\" decoding=\"async\" width=\"139\" height=\"59\" src=\"https:\/\/www.wortapotheke.at\/wp-content\/uploads\/2025\/01\/stadt.png\" class=\"attachment-large size-large wp-image-911\" alt=\"\" \/>\t\t\t\t\t\t\t\t\t\t\t\t\t\t\t<\/div>\n\t\t\t\t<\/div>\n\t\t\t\t\t<\/div>\n\t\t\t\t<\/div>\n\t\t<footer class=\"elementor-element elementor-element-7fe3de0 e-flex e-con-boxed e-con e-parent\" data-id=\"7fe3de0\" data-element_type=\"container\" data-e-type=\"container\" data-settings=\"{&quot;background_background&quot;:&quot;classic&quot;}\">\n\t\t\t\t\t<div class=\"e-con-inner\">\n\t\t<div class=\"elementor-element elementor-element-a007494 e-con-full e-flex e-con e-child\" data-id=\"a007494\" data-element_type=\"container\" data-e-type=\"container\">\n\t\t\t\t<div class=\"elementor-element elementor-element-1ead2b4 elementor-widget elementor-widget-heading\" data-id=\"1ead2b4\" data-element_type=\"widget\" data-e-type=\"widget\" data-widget_type=\"heading.default\">\n\t\t\t\t<div class=\"elementor-widget-container\">\n\t\t\t\t\t<p class=\"elementor-heading-title elementor-size-default\">\u00a9 wort.apotheke 2026<\/p>\t\t\t\t<\/div>\n\t\t\t\t<\/div>\n\t\t\t\t<\/div>\n\t\t\t\t\t<\/div>\n\t\t\t\t<\/footer>\n\t\t\t\t<\/div>\n\t\t","protected":false},"excerpt":{"rendered":"<p>Sprache kann heilen, tr\u00f6sten, sch\u00fctzen, ermutigen, st\u00e4rken \u2026 und vor allem: VERBINDEN! Das wissen die WORT\u2022APOTHEKE-Gr\u00fcnder Tom W. LESSMORE \u2013 Buchh\u00e4ndler, Autor, DJ, Referent, Literacycoach, Speaker, und Brigitte WENINGER \u2013 Autorin, P\u00e4dagogin, Seminarleiterin, Ideenspinnerin, aus eigener Erfahrung, aber auch durch ihre langj\u00e4hrige Arbeit mit Menschen jeden Alters und verschiedenster Herkunft. Der Bedarf an guten, Sinn [&hellip;]<\/p>\n","protected":false},"author":1,"featured_media":0,"parent":0,"menu_order":0,"comment_status":"closed","ping_status":"open","template":"elementor_canvas","meta":{"footnotes":""},"class_list":["post-8","page","type-page","status-publish","hentry"],"_links":{"self":[{"href":"https:\/\/www.wortapotheke.at\/index.php\/wp-json\/wp\/v2\/pages\/8","targetHints":{"allow":["GET"]}}],"collection":[{"href":"https:\/\/www.wortapotheke.at\/index.php\/wp-json\/wp\/v2\/pages"}],"about":[{"href":"https:\/\/www.wortapotheke.at\/index.php\/wp-json\/wp\/v2\/types\/page"}],"author":[{"embeddable":true,"href":"https:\/\/www.wortapotheke.at\/index.php\/wp-json\/wp\/v2\/users\/1"}],"replies":[{"embeddable":true,"href":"https:\/\/www.wortapotheke.at\/index.php\/wp-json\/wp\/v2\/comments?post=8"}],"version-history":[{"count":132,"href":"https:\/\/www.wortapotheke.at\/index.php\/wp-json\/wp\/v2\/pages\/8\/revisions"}],"predecessor-version":[{"id":2948,"href":"https:\/\/www.wortapotheke.at\/index.php\/wp-json\/wp\/v2\/pages\/8\/revisions\/2948"}],"wp:attachment":[{"href":"https:\/\/www.wortapotheke.at\/index.php\/wp-json\/wp\/v2\/media?parent=8"}],"curies":[{"name":"wp","href":"https:\/\/api.w.org\/{rel}","templated":true}]}}